{"id":8977,"date":"2023-02-23T09:54:33","date_gmt":"2023-02-23T08:54:33","guid":{"rendered":"https:\/\/www.renouvelle.be\/?page_id=8977"},"modified":"2024-08-14T15:48:11","modified_gmt":"2024-08-14T13:48:11","slug":"democratie-energetique","status":"publish","type":"page","link":"https:\/\/www.renouvelle.be\/fr\/outils\/democratie-energetique\/","title":{"rendered":"D\u00e9mocratie \u00e9nerg\u00e9tique"},"content":{"rendered":"\n<p><strong>Pour relever le d\u00e9fi climatique, nos soci\u00e9t\u00e9s s\u2019orientent progressivement vers un syst\u00e8me \u00e9nerg\u00e9tique 100% renouvelables. Et tous les citoyens peuvent participer et b\u00e9n\u00e9ficier d\u2019une transition juste et solidaire<\/strong>.<\/p>\n\n\n\n<p>Nos soci\u00e9t\u00e9s sont confront\u00e9es au d\u00e9fi mondial de stabiliser le climat.<\/p>\n\n\n\n<p>Pour y arriver, tous les pays se sont engag\u00e9s \u00e0 r\u00e9duire leurs \u00e9missions de gaz \u00e0 effet de serre et donc \u00e0 r\u00e9duire progressivement l\u2019usage polluant des \u00e9nergies fossiles (gaz, p\u00e9trole, charbon).<\/p>\n\n\n\n<figure class=\"wp-block-image size-full\"><img loading=\"lazy\" decoding=\"async\" width=\"840\" height=\"840\" src=\"https:\/\/www.renouvelle.be\/wp-content\/uploads\/2023\/02\/iStock-1200341268-landscape.jpg\" alt=\"\" class=\"wp-image-8978\" srcset=\"https:\/\/www.renouvelle.be\/wp-content\/uploads\/2023\/02\/iStock-1200341268-landscape.jpg 840w, https:\/\/www.renouvelle.be\/wp-content\/uploads\/2023\/02\/iStock-1200341268-landscape-300x300.jpg 300w, https:\/\/www.renouvelle.be\/wp-content\/uploads\/2023\/02\/iStock-1200341268-landscape-150x150.jpg 150w, https:\/\/www.renouvelle.be\/wp-content\/uploads\/2023\/02\/iStock-1200341268-landscape-768x768.jpg 768w\" sizes=\"auto, (max-width: 840px) 100vw, 840px\" \/><\/figure>\n\n\n\n<p>Cette transition nous oriente vers un syst\u00e8me \u00e9nerg\u00e9tique bas\u00e9 \u00e0 100% sur des sources renouvelables, propres et in\u00e9puisables : l\u2019\u00e9olien, le solaire, hydro\u00e9lectricit\u00e9, la biomasse, la g\u00e9othermie, \u2026<\/p>\n\n\n\n<p>Il s\u2019agit d\u2019une profonde transformation dans notre mani\u00e8re de produire et de consommer de l\u2019\u00e9nergie.<\/p>\n\n\n\n<p>En effet, la plupart de ces sources renouvelables d\u00e9pendent de la m\u00e9t\u00e9o et des saisons : les \u00e9oliennes produisent de l\u2019\u00e9lectricit\u00e9 quand il y a du vent, en particulier en automne et hiver, et les panneaux solaires produisent quand il y a du soleil, et beaucoup plus en \u00e9t\u00e9.<\/p>\n\n\n\n<p>Les citoyens et les entreprises auront donc de plus en plus int\u00e9r\u00eat \u00e0 consommer de l\u2019\u00e9nergie au moment o\u00f9 elle produite. Les m\u00e9nages \u00e9quip\u00e9s d\u2019une installation photovolta\u00efque vont par exemple faire tourner leurs appareils \u00e9lectrom\u00e9nagers vers midi quand la production d\u2019\u00e9lectricit\u00e9 solaire est maximale \u2013 et moins cher qu\u2019un fournisseur d\u2019\u00e9nergie.<\/p>\n\n\n\n<p>En Belgique comme ailleurs dans le monde, les professionnels d\u00e9veloppent des solutions pour pouvoir utiliser les \u00e9nergies renouvelables \u2026partout : des logements super isol\u00e9s chauff\u00e9s par une chaudi\u00e8re aux pellets ou une pompe \u00e0 chaleur, des transports en commun et des voitures aliment\u00e9s par de l\u2019\u00e9lectricit\u00e9 solaire, de nouvelles lignes haute-tension pour transporter l\u2019\u00e9lectricit\u00e9 renouvelable \u00e0 l\u2019int\u00e9rieur du pays et vers nos voisins, des unit\u00e9s de stockage (batteries, hydrog\u00e8ne, \u2026) pour stocker les productions renouvelables quand elles sont abondantes (le photovolta\u00efque en \u00e9t\u00e9, l\u2019\u00e9olien en hiver) et les consommer plus tard quand on en a besoin, \u2026<\/p>\n\n\n\n<h2 class=\"wp-block-heading\">Or tous les citoyens peuvent participer \u00e0 cette transition \u00e9nerg\u00e9tique !<\/h2>\n\n\n\n<p>Vous pouvez r\u00e9duire les gaspillages d\u2019\u00e9nergie dans votre logement, vous \u00e9quiper d\u2019une installation photovolta\u00efque ou une chaudi\u00e8re biomasse, utiliser les transports en commun, un v\u00e9lo et une voiture \u00e9lectrique partag\u00e9e et m\u00eame rejoindre l\u2019une des nombreuses&nbsp;coop\u00e9ratives citoyennes&nbsp;belges qui produisent des \u00e9nergies renouvelables.&nbsp;<\/p>\n\n\n\n<p>Bient\u00f4t, il sera m\u00eame possible de participer \u00e0 une&nbsp;Communaut\u00e9 d\u2019\u00e9nergie :&nbsp;une grande installation photovolta\u00efque \u2013 sur le toit d\u2019une \u00e9cole, d\u2019un commerce, \u2026 \u2013 pourra fournir les m\u00e9nages du quartier en \u00e9lectricit\u00e9 solaire, \u00e0 un tarif avantageux.&nbsp;Des projets-pilotes se d\u00e9veloppent d\u00e9j\u00e0 et permettront notamment de fournir de l\u2019\u00e9lectricit\u00e9 renouvelable \u00e0 des logements sociaux, et de r\u00e9duire ainsi la facture \u00e9nerg\u00e9tique de m\u00e9nages \u00e0 revenus modestes. Ces Communaut\u00e9s deviendront ainsi de formidables vecteurs de&nbsp;solidarit\u00e9.<\/p>\n\n\n\n<h2 class=\"wp-block-heading\">Energie Commune vous accompagne vers la D\u00e9mocratie \u00e9nerg\u00e9tique<\/h2>\n\n\n\n<p>Avec une solide exp\u00e9rience de 30 ann\u00e9es dans le secteur de l\u2019\u00e9nergie renouvelable et d\u00e9mocratique, notre association Energie Commune (anciennement appel\u00e9e APERe) accompagne les citoyens, les prosumers, les \u00e9coles, les communes, les professionnels, bref toutes celles et ceux qui souhaitent s\u2019impliquer et b\u00e9n\u00e9ficier d\u2019une transition juste et solidaire.<\/p>\n\n\n\n<p>En effet, selon Energie Commune, cette transition doit nous amener \u00e0 la D\u00e9mocratie \u00e9nerg\u00e9tique, \u00e0 savoir :<\/p>\n\n\n\n<ul class=\"wp-block-list\">\n<li><strong>Acc\u00e8s universel &amp; justice sociale<\/strong>&nbsp;: Tout le monde a acc\u00e8s \u00e0 une \u00e9nergie suffisante et abordable. La r\u00e9duction de la consommation va de pair avec l\u2019\u00e9limination de la pr\u00e9carit\u00e9 \u00e9nerg\u00e9tique.<\/li>\n\n\n\n<li><strong>Energie renouvelable, durable &amp; locale<\/strong>&nbsp;: Les ressources en combustibles fossiles doivent \u00eatre laiss\u00e9es dans le sol. Nous voulons un mix \u00e9nerg\u00e9tique final \u00e0 100% renouvelable. Un syst\u00e8me d\u2019\u00e9nergie renouvelable local facilite la conversion d\u2019\u00e9nergie et cr\u00e9e des collectivit\u00e9s saines et prosp\u00e8res.<\/li>\n\n\n\n<li><strong>Energie comme bien commun<\/strong>&nbsp;: R\u00e9pondre aux besoins des personnes tout en restant dans les limites plan\u00e9taires n\u00e9cessite l\u2019\u00e9mergence de nouvelles formes de propri\u00e9t\u00e9s \u2013 telles que les communaut\u00e9s, les coop\u00e9ratives \u2013 pour permettre \u00e0 chacun de se r\u00e9approprier l\u2019\u00e9nergie.<\/li>\n\n\n\n<li><strong>Prix juste &amp; emplois vertueux<\/strong>&nbsp;: Un programme de transition juste comprend la cr\u00e9ation d\u2019emplois \u00e9quitablement r\u00e9mun\u00e9r\u00e9s dans le secteur des \u00e9nergies renouvelables.<\/li>\n\n\n\n<li><strong>Contr\u00f4le &amp; participation d\u00e9mocratique<\/strong>&nbsp;: Afin de donner la priorit\u00e9 aux besoins des communaut\u00e9s, les citoyens et les travailleurs devraient participer \u00e0 la politique \u00e9nerg\u00e9tique. Les moyens de production doivent \u00eatre socialis\u00e9s et d\u00e9mocratis\u00e9s.<\/li>\n<\/ul>\n","protected":false},"excerpt":{"rendered":"<p>Pour relever le d\u00e9fi climatique, nos soci\u00e9t\u00e9s s\u2019orientent progressivement vers un syst\u00e8me \u00e9nerg\u00e9tique 100% renouvelables. Et tous les citoyens peuvent participer et b\u00e9n\u00e9ficier d\u2019une transition juste et solidaire. Nos soci\u00e9t\u00e9s sont confront\u00e9es au d\u00e9fi mondial de stabiliser le climat. Pour y arriver, tous les pays se sont engag\u00e9s \u00e0 r\u00e9duire leurs \u00e9missions de gaz \u00e0 effet de serre et donc \u00e0 r\u00e9duire progressivement l\u2019usage polluant des \u00e9nergies fossiles (gaz, p\u00e9trole, charbon). Cette transition nous oriente vers un syst\u00e8me \u00e9nerg\u00e9tique bas\u00e9 \u00e0 100% sur des sources renouvelables, propres et in\u00e9puisables : l\u2019\u00e9olien, le solaire, hydro\u00e9lectricit\u00e9, la biomasse, la g\u00e9othermie, \u2026 Il s\u2019agit d\u2019une profonde transformation dans notre mani\u00e8re de produire et de consommer de l\u2019\u00e9nergie. En effet, la plupart de ces sources renouvelables d\u00e9pendent de la m\u00e9t\u00e9o et des saisons : les \u00e9oliennes produisent de l\u2019\u00e9lectricit\u00e9 quand il y a du vent, en particulier en automne et hiver, et les panneaux solaires produisent quand il y a du soleil, et beaucoup plus en \u00e9t\u00e9. Les citoyens et les entreprises auront donc de plus en plus int\u00e9r\u00eat \u00e0 consommer de l\u2019\u00e9nergie au moment o\u00f9 elle produite. Les m\u00e9nages \u00e9quip\u00e9s d\u2019une installation photovolta\u00efque vont par exemple faire tourner leurs appareils \u00e9lectrom\u00e9nagers vers midi quand la production d\u2019\u00e9lectricit\u00e9 solaire est maximale \u2013 et moins cher qu\u2019un fournisseur d\u2019\u00e9nergie. En Belgique comme ailleurs dans le monde, les professionnels d\u00e9veloppent des solutions pour pouvoir utiliser les \u00e9nergies renouvelables \u2026partout : des logements super isol\u00e9s chauff\u00e9s par une chaudi\u00e8re aux pellets ou une pompe \u00e0 chaleur, des transports en commun et des voitures aliment\u00e9s par de l\u2019\u00e9lectricit\u00e9 solaire, de nouvelles lignes haute-tension pour transporter l\u2019\u00e9lectricit\u00e9 renouvelable \u00e0 l\u2019int\u00e9rieur du pays et vers nos voisins, des unit\u00e9s de stockage (batteries, hydrog\u00e8ne, \u2026) pour stocker les productions renouvelables quand &hellip; <a href=\"https:\/\/www.renouvelle.be\/fr\/outils\/democratie-energetique\/\" class=\"more-link\">Continue reading<span class=\"screen-reader-text\"> \u00ab\u00a0D\u00e9mocratie \u00e9nerg\u00e9tique\u00a0\u00bb<\/span><\/a><\/p>\n","protected":false},"author":2,"featured_media":8978,"parent":8975,"menu_order":11,"comment_status":"closed","ping_status":"closed","template":"","meta":{"_acf_changed":false,"footnotes":""},"class_list":["post-8977","page","type-page","status-publish","has-post-thumbnail","hentry"],"acf":[],"yoast_head":"<!-- This site is optimized with the Yoast SEO plugin v27.5 - https:\/\/yoast.com\/product\/yoast-seo-wordpress\/ -->\n<title>D\u00e9mocratie \u00e9nerg\u00e9tique - Renouvelle<\/title>\n<meta name=\"robots\" content=\"index, follow, max-snippet:-1, max-image-preview:large, max-video-preview:-1\" \/>\n<link rel=\"canonical\" href=\"https:\/\/www.renouvelle.be\/fr\/outils\/democratie-energetique\/\" \/>\n<meta property=\"og:locale\" content=\"fr_FR\" \/>\n<meta property=\"og:type\" content=\"article\" \/>\n<meta property=\"og:title\" content=\"D\u00e9mocratie \u00e9nerg\u00e9tique - Renouvelle\" \/>\n<meta property=\"og:description\" content=\"Pour relever le d\u00e9fi climatique, nos soci\u00e9t\u00e9s s\u2019orientent progressivement vers un syst\u00e8me \u00e9nerg\u00e9tique 100% renouvelables. Et tous les citoyens peuvent participer et b\u00e9n\u00e9ficier d\u2019une transition juste et solidaire. Nos soci\u00e9t\u00e9s sont confront\u00e9es au d\u00e9fi mondial de stabiliser le climat. Pour y arriver, tous les pays se sont engag\u00e9s \u00e0 r\u00e9duire leurs \u00e9missions de gaz \u00e0 effet de serre et donc \u00e0 r\u00e9duire progressivement l\u2019usage polluant des \u00e9nergies fossiles (gaz, p\u00e9trole, charbon). Cette transition nous oriente vers un syst\u00e8me \u00e9nerg\u00e9tique bas\u00e9 \u00e0 100% sur des sources renouvelables, propres et in\u00e9puisables : l\u2019\u00e9olien, le solaire, hydro\u00e9lectricit\u00e9, la biomasse, la g\u00e9othermie, \u2026 Il s\u2019agit d\u2019une profonde transformation dans notre mani\u00e8re de produire et de consommer de l\u2019\u00e9nergie. En effet, la plupart de ces sources renouvelables d\u00e9pendent de la m\u00e9t\u00e9o et des saisons : les \u00e9oliennes produisent de l\u2019\u00e9lectricit\u00e9 quand il y a du vent, en particulier en automne et hiver, et les panneaux solaires produisent quand il y a du soleil, et beaucoup plus en \u00e9t\u00e9. Les citoyens et les entreprises auront donc de plus en plus int\u00e9r\u00eat \u00e0 consommer de l\u2019\u00e9nergie au moment o\u00f9 elle produite. Les m\u00e9nages \u00e9quip\u00e9s d\u2019une installation photovolta\u00efque vont par exemple faire tourner leurs appareils \u00e9lectrom\u00e9nagers vers midi quand la production d\u2019\u00e9lectricit\u00e9 solaire est maximale \u2013 et moins cher qu\u2019un fournisseur d\u2019\u00e9nergie. En Belgique comme ailleurs dans le monde, les professionnels d\u00e9veloppent des solutions pour pouvoir utiliser les \u00e9nergies renouvelables \u2026partout : des logements super isol\u00e9s chauff\u00e9s par une chaudi\u00e8re aux pellets ou une pompe \u00e0 chaleur, des transports en commun et des voitures aliment\u00e9s par de l\u2019\u00e9lectricit\u00e9 solaire, de nouvelles lignes haute-tension pour transporter l\u2019\u00e9lectricit\u00e9 renouvelable \u00e0 l\u2019int\u00e9rieur du pays et vers nos voisins, des unit\u00e9s de stockage (batteries, hydrog\u00e8ne, \u2026) pour stocker les productions renouvelables quand &hellip; Continue reading &quot;D\u00e9mocratie \u00e9nerg\u00e9tique&quot;\" \/>\n<meta property=\"og:url\" content=\"https:\/\/www.renouvelle.be\/fr\/outils\/democratie-energetique\/\" \/>\n<meta property=\"og:site_name\" content=\"Renouvelle\" \/>\n<meta property=\"article:modified_time\" content=\"2024-08-14T13:48:11+00:00\" \/>\n<meta property=\"og:image\" content=\"https:\/\/www.renouvelle.be\/wp-content\/uploads\/2023\/02\/iStock-1200341268-landscape.jpg\" \/>\n\t<meta property=\"og:image:width\" content=\"840\" \/>\n\t<meta property=\"og:image:height\" content=\"840\" \/>\n\t<meta property=\"og:image:type\" content=\"image\/jpeg\" \/>\n<meta name=\"twitter:card\" content=\"summary_large_image\" \/>\n<script type=\"application\/ld+json\" class=\"yoast-schema-graph\">{\"@context\":\"https:\\\/\\\/schema.org\",\"@graph\":[{\"@type\":\"WebPage\",\"@id\":\"https:\\\/\\\/www.renouvelle.be\\\/fr\\\/outils\\\/democratie-energetique\\\/\",\"url\":\"https:\\\/\\\/www.renouvelle.be\\\/fr\\\/outils\\\/democratie-energetique\\\/\",\"name\":\"D\u00e9mocratie \u00e9nerg\u00e9tique - Renouvelle\",\"isPartOf\":{\"@id\":\"https:\\\/\\\/www.renouvelle.be\\\/fr\\\/#website\"},\"primaryImageOfPage\":{\"@id\":\"https:\\\/\\\/www.renouvelle.be\\\/fr\\\/outils\\\/democratie-energetique\\\/#primaryimage\"},\"image\":{\"@id\":\"https:\\\/\\\/www.renouvelle.be\\\/fr\\\/outils\\\/democratie-energetique\\\/#primaryimage\"},\"thumbnailUrl\":\"https:\\\/\\\/www.renouvelle.be\\\/wp-content\\\/uploads\\\/2023\\\/02\\\/iStock-1200341268-landscape.jpg\",\"datePublished\":\"2023-02-23T08:54:33+00:00\",\"dateModified\":\"2024-08-14T13:48:11+00:00\",\"breadcrumb\":{\"@id\":\"https:\\\/\\\/www.renouvelle.be\\\/fr\\\/outils\\\/democratie-energetique\\\/#breadcrumb\"},\"inLanguage\":\"fr-FR\",\"potentialAction\":[{\"@type\":\"ReadAction\",\"target\":[\"https:\\\/\\\/www.renouvelle.be\\\/fr\\\/outils\\\/democratie-energetique\\\/\"]}]},{\"@type\":\"ImageObject\",\"inLanguage\":\"fr-FR\",\"@id\":\"https:\\\/\\\/www.renouvelle.be\\\/fr\\\/outils\\\/democratie-energetique\\\/#primaryimage\",\"url\":\"https:\\\/\\\/www.renouvelle.be\\\/wp-content\\\/uploads\\\/2023\\\/02\\\/iStock-1200341268-landscape.jpg\",\"contentUrl\":\"https:\\\/\\\/www.renouvelle.be\\\/wp-content\\\/uploads\\\/2023\\\/02\\\/iStock-1200341268-landscape.jpg\",\"width\":840,\"height\":840},{\"@type\":\"BreadcrumbList\",\"@id\":\"https:\\\/\\\/www.renouvelle.be\\\/fr\\\/outils\\\/democratie-energetique\\\/#breadcrumb\",\"itemListElement\":[{\"@type\":\"ListItem\",\"position\":1,\"name\":\"Accueil\",\"item\":\"https:\\\/\\\/www.renouvelle.be\\\/fr\\\/\"},{\"@type\":\"ListItem\",\"position\":2,\"name\":\"Outils\",\"item\":\"https:\\\/\\\/www.renouvelle.be\\\/fr\\\/outils\\\/\"},{\"@type\":\"ListItem\",\"position\":3,\"name\":\"D\u00e9mocratie \u00e9nerg\u00e9tique\"}]},{\"@type\":\"WebSite\",\"@id\":\"https:\\\/\\\/www.renouvelle.be\\\/fr\\\/#website\",\"url\":\"https:\\\/\\\/www.renouvelle.be\\\/fr\\\/\",\"name\":\"Renouvelle\",\"description\":\"L&#039;actualit\u00e9 de l&#039;\u00e9nergie durable\",\"potentialAction\":[{\"@type\":\"SearchAction\",\"target\":{\"@type\":\"EntryPoint\",\"urlTemplate\":\"https:\\\/\\\/www.renouvelle.be\\\/fr\\\/?s={search_term_string}\"},\"query-input\":{\"@type\":\"PropertyValueSpecification\",\"valueRequired\":true,\"valueName\":\"search_term_string\"}}],\"inLanguage\":\"fr-FR\"}]}<\/script>\n<!-- \/ Yoast SEO plugin. -->","yoast_head_json":{"title":"D\u00e9mocratie \u00e9nerg\u00e9tique - Renouvelle","robots":{"index":"index","follow":"follow","max-snippet":"max-snippet:-1","max-image-preview":"max-image-preview:large","max-video-preview":"max-video-preview:-1"},"canonical":"https:\/\/www.renouvelle.be\/fr\/outils\/democratie-energetique\/","og_locale":"fr_FR","og_type":"article","og_title":"D\u00e9mocratie \u00e9nerg\u00e9tique - Renouvelle","og_description":"Pour relever le d\u00e9fi climatique, nos soci\u00e9t\u00e9s s\u2019orientent progressivement vers un syst\u00e8me \u00e9nerg\u00e9tique 100% renouvelables. Et tous les citoyens peuvent participer et b\u00e9n\u00e9ficier d\u2019une transition juste et solidaire. Nos soci\u00e9t\u00e9s sont confront\u00e9es au d\u00e9fi mondial de stabiliser le climat. Pour y arriver, tous les pays se sont engag\u00e9s \u00e0 r\u00e9duire leurs \u00e9missions de gaz \u00e0 effet de serre et donc \u00e0 r\u00e9duire progressivement l\u2019usage polluant des \u00e9nergies fossiles (gaz, p\u00e9trole, charbon). Cette transition nous oriente vers un syst\u00e8me \u00e9nerg\u00e9tique bas\u00e9 \u00e0 100% sur des sources renouvelables, propres et in\u00e9puisables : l\u2019\u00e9olien, le solaire, hydro\u00e9lectricit\u00e9, la biomasse, la g\u00e9othermie, \u2026 Il s\u2019agit d\u2019une profonde transformation dans notre mani\u00e8re de produire et de consommer de l\u2019\u00e9nergie. En effet, la plupart de ces sources renouvelables d\u00e9pendent de la m\u00e9t\u00e9o et des saisons : les \u00e9oliennes produisent de l\u2019\u00e9lectricit\u00e9 quand il y a du vent, en particulier en automne et hiver, et les panneaux solaires produisent quand il y a du soleil, et beaucoup plus en \u00e9t\u00e9. Les citoyens et les entreprises auront donc de plus en plus int\u00e9r\u00eat \u00e0 consommer de l\u2019\u00e9nergie au moment o\u00f9 elle produite. Les m\u00e9nages \u00e9quip\u00e9s d\u2019une installation photovolta\u00efque vont par exemple faire tourner leurs appareils \u00e9lectrom\u00e9nagers vers midi quand la production d\u2019\u00e9lectricit\u00e9 solaire est maximale \u2013 et moins cher qu\u2019un fournisseur d\u2019\u00e9nergie. En Belgique comme ailleurs dans le monde, les professionnels d\u00e9veloppent des solutions pour pouvoir utiliser les \u00e9nergies renouvelables \u2026partout : des logements super isol\u00e9s chauff\u00e9s par une chaudi\u00e8re aux pellets ou une pompe \u00e0 chaleur, des transports en commun et des voitures aliment\u00e9s par de l\u2019\u00e9lectricit\u00e9 solaire, de nouvelles lignes haute-tension pour transporter l\u2019\u00e9lectricit\u00e9 renouvelable \u00e0 l\u2019int\u00e9rieur du pays et vers nos voisins, des unit\u00e9s de stockage (batteries, hydrog\u00e8ne, \u2026) pour stocker les productions renouvelables quand &hellip; Continue reading \"D\u00e9mocratie \u00e9nerg\u00e9tique\"","og_url":"https:\/\/www.renouvelle.be\/fr\/outils\/democratie-energetique\/","og_site_name":"Renouvelle","article_modified_time":"2024-08-14T13:48:11+00:00","og_image":[{"width":840,"height":840,"url":"https:\/\/www.renouvelle.be\/wp-content\/uploads\/2023\/02\/iStock-1200341268-landscape.jpg","type":"image\/jpeg"}],"twitter_card":"summary_large_image","schema":{"@context":"https:\/\/schema.org","@graph":[{"@type":"WebPage","@id":"https:\/\/www.renouvelle.be\/fr\/outils\/democratie-energetique\/","url":"https:\/\/www.renouvelle.be\/fr\/outils\/democratie-energetique\/","name":"D\u00e9mocratie \u00e9nerg\u00e9tique - Renouvelle","isPartOf":{"@id":"https:\/\/www.renouvelle.be\/fr\/#website"},"primaryImageOfPage":{"@id":"https:\/\/www.renouvelle.be\/fr\/outils\/democratie-energetique\/#primaryimage"},"image":{"@id":"https:\/\/www.renouvelle.be\/fr\/outils\/democratie-energetique\/#primaryimage"},"thumbnailUrl":"https:\/\/www.renouvelle.be\/wp-content\/uploads\/2023\/02\/iStock-1200341268-landscape.jpg","datePublished":"2023-02-23T08:54:33+00:00","dateModified":"2024-08-14T13:48:11+00:00","breadcrumb":{"@id":"https:\/\/www.renouvelle.be\/fr\/outils\/democratie-energetique\/#breadcrumb"},"inLanguage":"fr-FR","potentialAction":[{"@type":"ReadAction","target":["https:\/\/www.renouvelle.be\/fr\/outils\/democratie-energetique\/"]}]},{"@type":"ImageObject","inLanguage":"fr-FR","@id":"https:\/\/www.renouvelle.be\/fr\/outils\/democratie-energetique\/#primaryimage","url":"https:\/\/www.renouvelle.be\/wp-content\/uploads\/2023\/02\/iStock-1200341268-landscape.jpg","contentUrl":"https:\/\/www.renouvelle.be\/wp-content\/uploads\/2023\/02\/iStock-1200341268-landscape.jpg","width":840,"height":840},{"@type":"BreadcrumbList","@id":"https:\/\/www.renouvelle.be\/fr\/outils\/democratie-energetique\/#breadcrumb","itemListElement":[{"@type":"ListItem","position":1,"name":"Accueil","item":"https:\/\/www.renouvelle.be\/fr\/"},{"@type":"ListItem","position":2,"name":"Outils","item":"https:\/\/www.renouvelle.be\/fr\/outils\/"},{"@type":"ListItem","position":3,"name":"D\u00e9mocratie \u00e9nerg\u00e9tique"}]},{"@type":"WebSite","@id":"https:\/\/www.renouvelle.be\/fr\/#website","url":"https:\/\/www.renouvelle.be\/fr\/","name":"Renouvelle","description":"L&#039;actualit\u00e9 de l&#039;\u00e9nergie durable","potentialAction":[{"@type":"SearchAction","target":{"@type":"EntryPoint","urlTemplate":"https:\/\/www.renouvelle.be\/fr\/?s={search_term_string}"},"query-input":{"@type":"PropertyValueSpecification","valueRequired":true,"valueName":"search_term_string"}}],"inLanguage":"fr-FR"}]}},"_links":{"self":[{"href":"https:\/\/www.renouvelle.be\/fr\/wp-json\/wp\/v2\/pages\/8977","targetHints":{"allow":["GET"]}}],"collection":[{"href":"https:\/\/www.renouvelle.be\/fr\/wp-json\/wp\/v2\/pages"}],"about":[{"href":"https:\/\/www.renouvelle.be\/fr\/wp-json\/wp\/v2\/types\/page"}],"author":[{"embeddable":true,"href":"https:\/\/www.renouvelle.be\/fr\/wp-json\/wp\/v2\/users\/2"}],"replies":[{"embeddable":true,"href":"https:\/\/www.renouvelle.be\/fr\/wp-json\/wp\/v2\/comments?post=8977"}],"version-history":[{"count":6,"href":"https:\/\/www.renouvelle.be\/fr\/wp-json\/wp\/v2\/pages\/8977\/revisions"}],"predecessor-version":[{"id":9000,"href":"https:\/\/www.renouvelle.be\/fr\/wp-json\/wp\/v2\/pages\/8977\/revisions\/9000"}],"up":[{"embeddable":true,"href":"https:\/\/www.renouvelle.be\/fr\/wp-json\/wp\/v2\/pages\/8975"}],"wp:featuredmedia":[{"embeddable":true,"href":"https:\/\/www.renouvelle.be\/fr\/wp-json\/wp\/v2\/media\/8978"}],"wp:attachment":[{"href":"https:\/\/www.renouvelle.be\/fr\/wp-json\/wp\/v2\/media?parent=8977"}],"curies":[{"name":"wp","href":"https:\/\/api.w.org\/{rel}","templated":true}]}}