{"id":8877,"date":"2023-02-16T15:06:38","date_gmt":"2023-02-16T14:06:38","guid":{"rendered":"https:\/\/www.renouvelle.be\/?page_id=8877"},"modified":"2026-02-13T14:18:22","modified_gmt":"2026-02-13T13:18:22","slug":"observatoire-photovoltaique","status":"publish","type":"page","link":"https:\/\/www.renouvelle.be\/fr\/faits-chiffres\/observatoire-photovoltaique\/","title":{"rendered":"Observatoire Photovolta\u00efque"},"content":{"rendered":"\n<p>Voici les principaux chiffres du secteur Photovolta\u00efque en Belgique.<br>Retrouvez aussi toutes les informations de base sur la page d\u00e9di\u00e9e \u00e0 l\u2019\u00e9nergie Photovolta\u00efque.<\/p>\n\n\n\n<h2 class=\"wp-block-heading\">Fin 2025, la puissance photovolta\u00efque approche les 13 GWc<\/h2>\n\n\n\n<p>\u00c0 la fin de l\u2019ann\u00e9e 2025, la Belgique atteignait <strong>12,8 GWc <\/strong>de capacit\u00e9 photovolta\u00efque install\u00e9e, soit une croissance de pr\u00e8s de <strong>900 MWc en un an<\/strong>.<\/p>\n\n\n\n<p>Cela \u00e9quivaut \u00e0 l\u2019installation d\u2019environ <strong>180\u202f000 syst\u00e8mes r\u00e9sidentiels suppl\u00e9mentaires<\/strong> sur l\u2019ann\u00e9e.<\/p>\n\n\n\n<iframe loading=\"lazy\" align=\"middle\" allowfullscreen=\"true\" frameborder=\"0\" width=\"100%\" height=\"500\" scrolling=\"no\" width=\"1200\" src=\"https:\/\/app.powerbi.com\/view?r=eyJrIjoiNmY2YmRmMGEtNjdkMC00OWUyLTg3ZDYtZjNhN2M4ZTAyMTBkIiwidCI6IjYwNTM2MTIzLTkxNDYtNDM2ZC05ZGRkLWJjNmIwYTJiZTE3NiIsImMiOjl9\" class=\" lazyloaded\"><\/iframe>\n\n\n\n<div style=\"height:1rem\" aria-hidden=\"true\" class=\"wp-block-spacer\"><\/div>\n\n\n\n<p><em><strong>Source: Base des donn\u00e9es des r\u00e9gulateurs des march\u00e9s wallon, bruxellois et flamands (CWaPE, Brugel et VREG). Les donn\u00e9es 2023-2024 sont encore provisoires.<\/strong><\/em><br><em>Remarque :&nbsp;Les puissances mentionn\u00e9es sont les puissances cr\u00eates des modules photovolta\u00efques. En l&rsquo;absence des puissances cr\u00eates des modules, un coefficient de 1,1 est appliqu\u00e9 \u00e0 la puissance onduleur pour calculer la puissance cr\u00eate des modules photovolta\u00efques. (Cas des donn\u00e9es de la VREG).<\/em><\/p>\n\n\n\n<div style=\"height:4rem\" aria-hidden=\"true\" class=\"wp-block-spacer\"><\/div>\n\n\n\n<h2 class=\"wp-block-heading\">PRODUCTION<\/h2>\n\n\n\n<p><strong>Plus de 10 TWh photovolta\u00efques produits en 202<\/strong>5<\/p>\n\n\n\n<p>Le parc photovolta\u00efque belge prend aujourd&rsquo;hui une part significative dans le mix \u00e9lectrique. En 2025, il a produit plus de 10 TWh d&rsquo;\u00e9lectricit\u00e9 solaire selon ELIA, soit environ 13 % de la consommation \u00e9lectrique totale.<\/p>\n\n\n\n<iframe loading=\"lazy\" width=\"100%\" height=\"500\" frameborder=\"0\" allowfullscreen=\"true\" src=\"https:\/\/app.powerbi.com\/view?r=eyJrIjoiMTg5Y2I2YmEtMWUxMS00Y2I4LWI0ZjMtZGI5MmQ4MTY4OGI2IiwidCI6IjYwNTM2MTIzLTkxNDYtNDM2ZC05ZGRkLWJjNmIwYTJiZTE3NiIsImMiOjl9&amp;pageName=ReportSection\" class=\" lazyloaded\"><\/iframe>\n\n\n\n<div style=\"height:1rem\" aria-hidden=\"true\" class=\"wp-block-spacer\"><\/div>\n\n\n\n<p><em><strong>Source: Bilans r\u00e9gionaux (SPW DGO4, Bruxelles-Environnement, VITO) sur base des donn\u00e9es de la CWaPE, Brugel et la VREG.<\/strong><\/em><br><em>A partir de 2020, en l&rsquo;absence des donn\u00e9es des bilans r\u00e9gionaux, les donn\u00e9es r\u00e9sultent d&rsquo;hypoth\u00e8ses de Energie Commune, sur base des donn\u00e9es de ELIA .<\/em><\/p>\n\n\n\n<div style=\"height:4rem\" aria-hidden=\"true\" class=\"wp-block-spacer\"><\/div>\n\n\n\n<h2 class=\"wp-block-heading\">PRODUCTIVIT\u00c9<\/h2>\n\n\n\n<p>D\u00e9couvrez comment se r\u00e9partit la production \u00e9lectrique renouvelable selon la m\u00e9t\u00e9o gr\u00e2ce \u00e0 notre observatoire ci-dessous.<\/p>\n\n\n\n<iframe loading=\"lazy\" src=\"https:\/\/remeteo.energiecommune.be\/history\/donut.html\" width=\"700px\" height=\"700px\" frameborder=\"0\"><\/iframe>\n\n\n\n<figure class=\"wp-block-image size-large\"><img loading=\"lazy\" decoding=\"async\" width=\"1024\" height=\"512\" src=\"https:\/\/www.renouvelle.be\/wp-content\/uploads\/2023\/02\/cooperative-energiris-1-panorama-1024x512.jpg\" alt=\"\" class=\"wp-image-8917\" srcset=\"https:\/\/www.renouvelle.be\/wp-content\/uploads\/2023\/02\/cooperative-energiris-1-panorama-1024x512.jpg 1024w, https:\/\/www.renouvelle.be\/wp-content\/uploads\/2023\/02\/cooperative-energiris-1-panorama-300x150.jpg 300w, https:\/\/www.renouvelle.be\/wp-content\/uploads\/2023\/02\/cooperative-energiris-1-panorama-768x384.jpg 768w, https:\/\/www.renouvelle.be\/wp-content\/uploads\/2023\/02\/cooperative-energiris-1-panorama-700x350.jpg 700w, https:\/\/www.renouvelle.be\/wp-content\/uploads\/2023\/02\/cooperative-energiris-1-panorama-1200x600.jpg 1200w, https:\/\/www.renouvelle.be\/wp-content\/uploads\/2023\/02\/cooperative-energiris-1-panorama.jpg 1500w\" sizes=\"auto, (max-width: 1024px) 100vw, 1024px\" \/><\/figure>\n","protected":false},"excerpt":{"rendered":"<p>Voici les principaux chiffres du secteur Photovolta\u00efque en Belgique.Retrouvez aussi toutes les informations de base sur la page d\u00e9di\u00e9e \u00e0 l\u2019\u00e9nergie Photovolta\u00efque. Fin 2025, la puissance photovolta\u00efque approche les 13 GWc \u00c0 la fin de l\u2019ann\u00e9e 2025, la Belgique atteignait 12,8 GWc de capacit\u00e9 photovolta\u00efque install\u00e9e, soit une croissance de pr\u00e8s de 900 MWc en un an. Cela \u00e9quivaut \u00e0 l\u2019installation d\u2019environ 180\u202f000 syst\u00e8mes r\u00e9sidentiels suppl\u00e9mentaires sur l\u2019ann\u00e9e. Source: Base des donn\u00e9es des r\u00e9gulateurs des march\u00e9s wallon, bruxellois et flamands (CWaPE, Brugel et VREG). Les donn\u00e9es 2023-2024 sont encore provisoires.Remarque :&nbsp;Les puissances mentionn\u00e9es sont les puissances cr\u00eates des modules photovolta\u00efques. En l&rsquo;absence des puissances cr\u00eates des modules, un coefficient de 1,1 est appliqu\u00e9 \u00e0 la puissance onduleur pour calculer la puissance cr\u00eate des modules photovolta\u00efques. (Cas des donn\u00e9es de la VREG). PRODUCTION Plus de 10 TWh photovolta\u00efques produits en 2025 Le parc photovolta\u00efque belge prend aujourd&rsquo;hui une part significative dans le mix \u00e9lectrique. En 2025, il a produit plus de 10 TWh d&rsquo;\u00e9lectricit\u00e9 solaire selon ELIA, soit environ 13 % de la consommation \u00e9lectrique totale. Source: Bilans r\u00e9gionaux (SPW DGO4, Bruxelles-Environnement, VITO) sur base des donn\u00e9es de la CWaPE, Brugel et la VREG.A partir de 2020, en l&rsquo;absence des donn\u00e9es des bilans r\u00e9gionaux, les donn\u00e9es r\u00e9sultent d&rsquo;hypoth\u00e8ses de Energie Commune, sur base des donn\u00e9es de ELIA . PRODUCTIVIT\u00c9 D\u00e9couvrez comment se r\u00e9partit la production \u00e9lectrique renouvelable selon la m\u00e9t\u00e9o gr\u00e2ce \u00e0 notre observatoire ci-dessous.<\/p>\n","protected":false},"author":2,"featured_media":8861,"parent":8849,"menu_order":3,"comment_status":"closed","ping_status":"closed","template":"","meta":{"_acf_changed":false,"footnotes":""},"class_list":["post-8877","page","type-page","status-publish","has-post-thumbnail","hentry"],"acf":[],"yoast_head":"<!-- This site is optimized with the Yoast SEO plugin v27.5 - https:\/\/yoast.com\/product\/yoast-seo-wordpress\/ -->\n<title>Observatoire Photovolta\u00efque - Renouvelle<\/title>\n<meta name=\"robots\" content=\"index, follow, max-snippet:-1, max-image-preview:large, max-video-preview:-1\" \/>\n<link rel=\"canonical\" href=\"https:\/\/www.renouvelle.be\/fr\/faits-chiffres\/observatoire-photovoltaique\/\" \/>\n<meta property=\"og:locale\" content=\"fr_FR\" \/>\n<meta property=\"og:type\" content=\"article\" \/>\n<meta property=\"og:title\" content=\"Observatoire Photovolta\u00efque - Renouvelle\" \/>\n<meta property=\"og:description\" content=\"Voici les principaux chiffres du secteur Photovolta\u00efque en Belgique.Retrouvez aussi toutes les informations de base sur la page d\u00e9di\u00e9e \u00e0 l\u2019\u00e9nergie Photovolta\u00efque. Fin 2025, la puissance photovolta\u00efque approche les 13 GWc \u00c0 la fin de l\u2019ann\u00e9e 2025, la Belgique atteignait 12,8 GWc de capacit\u00e9 photovolta\u00efque install\u00e9e, soit une croissance de pr\u00e8s de 900 MWc en un an. Cela \u00e9quivaut \u00e0 l\u2019installation d\u2019environ 180\u202f000 syst\u00e8mes r\u00e9sidentiels suppl\u00e9mentaires sur l\u2019ann\u00e9e. Source: Base des donn\u00e9es des r\u00e9gulateurs des march\u00e9s wallon, bruxellois et flamands (CWaPE, Brugel et VREG). Les donn\u00e9es 2023-2024 sont encore provisoires.Remarque :&nbsp;Les puissances mentionn\u00e9es sont les puissances cr\u00eates des modules photovolta\u00efques. En l&rsquo;absence des puissances cr\u00eates des modules, un coefficient de 1,1 est appliqu\u00e9 \u00e0 la puissance onduleur pour calculer la puissance cr\u00eate des modules photovolta\u00efques. (Cas des donn\u00e9es de la VREG). PRODUCTION Plus de 10 TWh photovolta\u00efques produits en 2025 Le parc photovolta\u00efque belge prend aujourd&rsquo;hui une part significative dans le mix \u00e9lectrique. En 2025, il a produit plus de 10 TWh d&rsquo;\u00e9lectricit\u00e9 solaire selon ELIA, soit environ 13 % de la consommation \u00e9lectrique totale. Source: Bilans r\u00e9gionaux (SPW DGO4, Bruxelles-Environnement, VITO) sur base des donn\u00e9es de la CWaPE, Brugel et la VREG.A partir de 2020, en l&rsquo;absence des donn\u00e9es des bilans r\u00e9gionaux, les donn\u00e9es r\u00e9sultent d&rsquo;hypoth\u00e8ses de Energie Commune, sur base des donn\u00e9es de ELIA . PRODUCTIVIT\u00c9 D\u00e9couvrez comment se r\u00e9partit la production \u00e9lectrique renouvelable selon la m\u00e9t\u00e9o gr\u00e2ce \u00e0 notre observatoire ci-dessous.\" \/>\n<meta property=\"og:url\" content=\"https:\/\/www.renouvelle.be\/fr\/faits-chiffres\/observatoire-photovoltaique\/\" \/>\n<meta property=\"og:site_name\" content=\"Renouvelle\" \/>\n<meta property=\"article:modified_time\" content=\"2026-02-13T13:18:22+00:00\" \/>\n<meta property=\"og:image\" content=\"https:\/\/www.renouvelle.be\/wp-content\/uploads\/2023\/02\/solar-panels.jpg\" \/>\n\t<meta property=\"og:image:width\" content=\"600\" \/>\n\t<meta property=\"og:image:height\" content=\"400\" \/>\n\t<meta property=\"og:image:type\" content=\"image\/jpeg\" \/>\n<meta name=\"twitter:card\" content=\"summary_large_image\" \/>\n<script type=\"application\/ld+json\" class=\"yoast-schema-graph\">{\"@context\":\"https:\\\/\\\/schema.org\",\"@graph\":[{\"@type\":\"WebPage\",\"@id\":\"https:\\\/\\\/www.renouvelle.be\\\/fr\\\/faits-chiffres\\\/observatoire-photovoltaique\\\/\",\"url\":\"https:\\\/\\\/www.renouvelle.be\\\/fr\\\/faits-chiffres\\\/observatoire-photovoltaique\\\/\",\"name\":\"Observatoire Photovolta\u00efque - Renouvelle\",\"isPartOf\":{\"@id\":\"https:\\\/\\\/www.renouvelle.be\\\/fr\\\/#website\"},\"primaryImageOfPage\":{\"@id\":\"https:\\\/\\\/www.renouvelle.be\\\/fr\\\/faits-chiffres\\\/observatoire-photovoltaique\\\/#primaryimage\"},\"image\":{\"@id\":\"https:\\\/\\\/www.renouvelle.be\\\/fr\\\/faits-chiffres\\\/observatoire-photovoltaique\\\/#primaryimage\"},\"thumbnailUrl\":\"https:\\\/\\\/www.renouvelle.be\\\/wp-content\\\/uploads\\\/2023\\\/02\\\/solar-panels.jpg\",\"datePublished\":\"2023-02-16T14:06:38+00:00\",\"dateModified\":\"2026-02-13T13:18:22+00:00\",\"breadcrumb\":{\"@id\":\"https:\\\/\\\/www.renouvelle.be\\\/fr\\\/faits-chiffres\\\/observatoire-photovoltaique\\\/#breadcrumb\"},\"inLanguage\":\"fr-FR\",\"potentialAction\":[{\"@type\":\"ReadAction\",\"target\":[\"https:\\\/\\\/www.renouvelle.be\\\/fr\\\/faits-chiffres\\\/observatoire-photovoltaique\\\/\"]}]},{\"@type\":\"ImageObject\",\"inLanguage\":\"fr-FR\",\"@id\":\"https:\\\/\\\/www.renouvelle.be\\\/fr\\\/faits-chiffres\\\/observatoire-photovoltaique\\\/#primaryimage\",\"url\":\"https:\\\/\\\/www.renouvelle.be\\\/wp-content\\\/uploads\\\/2023\\\/02\\\/solar-panels.jpg\",\"contentUrl\":\"https:\\\/\\\/www.renouvelle.be\\\/wp-content\\\/uploads\\\/2023\\\/02\\\/solar-panels.jpg\",\"width\":600,\"height\":400},{\"@type\":\"BreadcrumbList\",\"@id\":\"https:\\\/\\\/www.renouvelle.be\\\/fr\\\/faits-chiffres\\\/observatoire-photovoltaique\\\/#breadcrumb\",\"itemListElement\":[{\"@type\":\"ListItem\",\"position\":1,\"name\":\"Accueil\",\"item\":\"https:\\\/\\\/www.renouvelle.be\\\/fr\\\/\"},{\"@type\":\"ListItem\",\"position\":2,\"name\":\"Faits &#038; chiffres\",\"item\":\"https:\\\/\\\/www.renouvelle.be\\\/fr\\\/faits-chiffres\\\/\"},{\"@type\":\"ListItem\",\"position\":3,\"name\":\"Observatoire Photovolta\u00efque\"}]},{\"@type\":\"WebSite\",\"@id\":\"https:\\\/\\\/www.renouvelle.be\\\/fr\\\/#website\",\"url\":\"https:\\\/\\\/www.renouvelle.be\\\/fr\\\/\",\"name\":\"Renouvelle\",\"description\":\"L&#039;actualit\u00e9 de l&#039;\u00e9nergie durable\",\"potentialAction\":[{\"@type\":\"SearchAction\",\"target\":{\"@type\":\"EntryPoint\",\"urlTemplate\":\"https:\\\/\\\/www.renouvelle.be\\\/fr\\\/?s={search_term_string}\"},\"query-input\":{\"@type\":\"PropertyValueSpecification\",\"valueRequired\":true,\"valueName\":\"search_term_string\"}}],\"inLanguage\":\"fr-FR\"}]}<\/script>\n<!-- \/ Yoast SEO plugin. -->","yoast_head_json":{"title":"Observatoire Photovolta\u00efque - Renouvelle","robots":{"index":"index","follow":"follow","max-snippet":"max-snippet:-1","max-image-preview":"max-image-preview:large","max-video-preview":"max-video-preview:-1"},"canonical":"https:\/\/www.renouvelle.be\/fr\/faits-chiffres\/observatoire-photovoltaique\/","og_locale":"fr_FR","og_type":"article","og_title":"Observatoire Photovolta\u00efque - Renouvelle","og_description":"Voici les principaux chiffres du secteur Photovolta\u00efque en Belgique.Retrouvez aussi toutes les informations de base sur la page d\u00e9di\u00e9e \u00e0 l\u2019\u00e9nergie Photovolta\u00efque. Fin 2025, la puissance photovolta\u00efque approche les 13 GWc \u00c0 la fin de l\u2019ann\u00e9e 2025, la Belgique atteignait 12,8 GWc de capacit\u00e9 photovolta\u00efque install\u00e9e, soit une croissance de pr\u00e8s de 900 MWc en un an. Cela \u00e9quivaut \u00e0 l\u2019installation d\u2019environ 180\u202f000 syst\u00e8mes r\u00e9sidentiels suppl\u00e9mentaires sur l\u2019ann\u00e9e. Source: Base des donn\u00e9es des r\u00e9gulateurs des march\u00e9s wallon, bruxellois et flamands (CWaPE, Brugel et VREG). Les donn\u00e9es 2023-2024 sont encore provisoires.Remarque :&nbsp;Les puissances mentionn\u00e9es sont les puissances cr\u00eates des modules photovolta\u00efques. En l&rsquo;absence des puissances cr\u00eates des modules, un coefficient de 1,1 est appliqu\u00e9 \u00e0 la puissance onduleur pour calculer la puissance cr\u00eate des modules photovolta\u00efques. (Cas des donn\u00e9es de la VREG). PRODUCTION Plus de 10 TWh photovolta\u00efques produits en 2025 Le parc photovolta\u00efque belge prend aujourd&rsquo;hui une part significative dans le mix \u00e9lectrique. En 2025, il a produit plus de 10 TWh d&rsquo;\u00e9lectricit\u00e9 solaire selon ELIA, soit environ 13 % de la consommation \u00e9lectrique totale. Source: Bilans r\u00e9gionaux (SPW DGO4, Bruxelles-Environnement, VITO) sur base des donn\u00e9es de la CWaPE, Brugel et la VREG.A partir de 2020, en l&rsquo;absence des donn\u00e9es des bilans r\u00e9gionaux, les donn\u00e9es r\u00e9sultent d&rsquo;hypoth\u00e8ses de Energie Commune, sur base des donn\u00e9es de ELIA . PRODUCTIVIT\u00c9 D\u00e9couvrez comment se r\u00e9partit la production \u00e9lectrique renouvelable selon la m\u00e9t\u00e9o gr\u00e2ce \u00e0 notre observatoire ci-dessous.","og_url":"https:\/\/www.renouvelle.be\/fr\/faits-chiffres\/observatoire-photovoltaique\/","og_site_name":"Renouvelle","article_modified_time":"2026-02-13T13:18:22+00:00","og_image":[{"width":600,"height":400,"url":"https:\/\/www.renouvelle.be\/wp-content\/uploads\/2023\/02\/solar-panels.jpg","type":"image\/jpeg"}],"twitter_card":"summary_large_image","schema":{"@context":"https:\/\/schema.org","@graph":[{"@type":"WebPage","@id":"https:\/\/www.renouvelle.be\/fr\/faits-chiffres\/observatoire-photovoltaique\/","url":"https:\/\/www.renouvelle.be\/fr\/faits-chiffres\/observatoire-photovoltaique\/","name":"Observatoire Photovolta\u00efque - Renouvelle","isPartOf":{"@id":"https:\/\/www.renouvelle.be\/fr\/#website"},"primaryImageOfPage":{"@id":"https:\/\/www.renouvelle.be\/fr\/faits-chiffres\/observatoire-photovoltaique\/#primaryimage"},"image":{"@id":"https:\/\/www.renouvelle.be\/fr\/faits-chiffres\/observatoire-photovoltaique\/#primaryimage"},"thumbnailUrl":"https:\/\/www.renouvelle.be\/wp-content\/uploads\/2023\/02\/solar-panels.jpg","datePublished":"2023-02-16T14:06:38+00:00","dateModified":"2026-02-13T13:18:22+00:00","breadcrumb":{"@id":"https:\/\/www.renouvelle.be\/fr\/faits-chiffres\/observatoire-photovoltaique\/#breadcrumb"},"inLanguage":"fr-FR","potentialAction":[{"@type":"ReadAction","target":["https:\/\/www.renouvelle.be\/fr\/faits-chiffres\/observatoire-photovoltaique\/"]}]},{"@type":"ImageObject","inLanguage":"fr-FR","@id":"https:\/\/www.renouvelle.be\/fr\/faits-chiffres\/observatoire-photovoltaique\/#primaryimage","url":"https:\/\/www.renouvelle.be\/wp-content\/uploads\/2023\/02\/solar-panels.jpg","contentUrl":"https:\/\/www.renouvelle.be\/wp-content\/uploads\/2023\/02\/solar-panels.jpg","width":600,"height":400},{"@type":"BreadcrumbList","@id":"https:\/\/www.renouvelle.be\/fr\/faits-chiffres\/observatoire-photovoltaique\/#breadcrumb","itemListElement":[{"@type":"ListItem","position":1,"name":"Accueil","item":"https:\/\/www.renouvelle.be\/fr\/"},{"@type":"ListItem","position":2,"name":"Faits &#038; chiffres","item":"https:\/\/www.renouvelle.be\/fr\/faits-chiffres\/"},{"@type":"ListItem","position":3,"name":"Observatoire Photovolta\u00efque"}]},{"@type":"WebSite","@id":"https:\/\/www.renouvelle.be\/fr\/#website","url":"https:\/\/www.renouvelle.be\/fr\/","name":"Renouvelle","description":"L&#039;actualit\u00e9 de l&#039;\u00e9nergie durable","potentialAction":[{"@type":"SearchAction","target":{"@type":"EntryPoint","urlTemplate":"https:\/\/www.renouvelle.be\/fr\/?s={search_term_string}"},"query-input":{"@type":"PropertyValueSpecification","valueRequired":true,"valueName":"search_term_string"}}],"inLanguage":"fr-FR"}]}},"_links":{"self":[{"href":"https:\/\/www.renouvelle.be\/fr\/wp-json\/wp\/v2\/pages\/8877","targetHints":{"allow":["GET"]}}],"collection":[{"href":"https:\/\/www.renouvelle.be\/fr\/wp-json\/wp\/v2\/pages"}],"about":[{"href":"https:\/\/www.renouvelle.be\/fr\/wp-json\/wp\/v2\/types\/page"}],"author":[{"embeddable":true,"href":"https:\/\/www.renouvelle.be\/fr\/wp-json\/wp\/v2\/users\/2"}],"replies":[{"embeddable":true,"href":"https:\/\/www.renouvelle.be\/fr\/wp-json\/wp\/v2\/comments?post=8877"}],"version-history":[{"count":13,"href":"https:\/\/www.renouvelle.be\/fr\/wp-json\/wp\/v2\/pages\/8877\/revisions"}],"predecessor-version":[{"id":16395,"href":"https:\/\/www.renouvelle.be\/fr\/wp-json\/wp\/v2\/pages\/8877\/revisions\/16395"}],"up":[{"embeddable":true,"href":"https:\/\/www.renouvelle.be\/fr\/wp-json\/wp\/v2\/pages\/8849"}],"wp:featuredmedia":[{"embeddable":true,"href":"https:\/\/www.renouvelle.be\/fr\/wp-json\/wp\/v2\/media\/8861"}],"wp:attachment":[{"href":"https:\/\/www.renouvelle.be\/fr\/wp-json\/wp\/v2\/media?parent=8877"}],"curies":[{"name":"wp","href":"https:\/\/api.w.org\/{rel}","templated":true}]}}