{"id":8871,"date":"2023-02-16T15:06:00","date_gmt":"2023-02-16T14:06:00","guid":{"rendered":"https:\/\/www.renouvelle.be\/?page_id=8871"},"modified":"2026-01-20T14:27:57","modified_gmt":"2026-01-20T13:27:57","slug":"observatoire-eolien","status":"publish","type":"page","link":"https:\/\/www.renouvelle.be\/fr\/faits-chiffres\/observatoire-eolien\/","title":{"rendered":"Observatoire \u00e9olien"},"content":{"rendered":"\n<p><\/p>\n\n\n\n<h2 class=\"wp-block-heading\">Puissance install\u00e9e<\/h2>\n\n\n\n<p>Voici les principaux chiffres du secteur \u00e9olien en Belgique.<\/p>\n\n\n\n<p>Retrouvez aussi toutes les informations de base sur&nbsp;<a href=\"https:\/\/eur04.safelinks.protection.outlook.com\/?url=https%3A%2F%2Fenergiecommune.be%2Fdocumentation%2Feolien%2F&amp;data=05%7C02%7Csdelhaye%40energiecommune.be%7C1c2373b9c8254742025c08dd41cfde45%7C605361239146436d9dddbc6b0a2be176%7C0%7C0%7C638739083207380044%7CUnknown%7CTWFpbGZsb3d8eyJFbXB0eU1hcGkiOnRydWUsIlYiOiIwLjAuMDAwMCIsIlAiOiJXaW4zMiIsIkFOIjoiTWFpbCIsIldUIjoyfQ%3D%3D%7C0%7C%7C%7C&amp;sdata=OIs%2BcDlFOvJSiGukK88Qkie8NB%2F%2Fh5tn%2FbRMUfMTXlI%3D&amp;reserved=0\">la page d\u00e9di\u00e9e \u00e0 l\u2019\u00e9nergie \u00e9olienne.<\/a><\/p>\n\n\n\n<p>1 754 \u00e9oliennes sont install\u00e9es en Belgique, pour 5 862 MW.<\/p>\n\n\n\n<p>En 2025, le parc \u00e9olien sur terre repr\u00e9sente 3 600 MW r\u00e9partis entre la Wallonie (1 661 MW) et la Flandre (1 939 MW).<\/p>\n\n\n\n<p>En mer, le parc offshore sur le territoire maritime belge pr\u00e9sente toujours une puissance install\u00e9e de 2 262 MW.<\/p>\n\n\n\n<p><em>Sources: Bilans r\u00e9gionaux (SPW DGO4, Bruxelles-Environnement, VITO) jusque 2020.<\/em><\/p>\n\n\n\n<p><em>A partir de 2021, en l\u2019absence des donn\u00e9es des bilans r\u00e9gionaux, les donn\u00e9es ont \u00e9t\u00e9 collect\u00e9es par Energie Commune pour la Wallonie et se basent sur la Vlaams Energie &amp; Klimaatgentschap pour la Flandre et le Belgian Offshore Platform pour l\u2019offshore.<\/em><\/p>\n\n\n\n<p><\/p>\n\n\n\n<iframe loading=\"lazy\" width=\"100%\" height=\"500px\" src=\"https:\/\/app.powerbi.com\/view?r=eyJrIjoiYTA3ZjgxZTEtNGNmOC00OTVmLTg1MTYtMjk3ZGRkODFiNWRhIiwidCI6IjYwNTM2MTIzLTkxNDYtNDM2ZC05ZGRkLWJjNmIwYTJiZTE3NiIsImMiOjl9\" class=\" lazyloaded\"><\/iframe>\n\n\n\n<div style=\"height:4rem\" aria-hidden=\"true\" class=\"wp-block-spacer\"><\/div>\n\n\n\n<h2 class=\"wp-block-heading\">Production annuelle<\/h2>\n\n\n\n<p>Environ 12 TWh en 2025.<\/p>\n\n\n\n<iframe loading=\"lazy\" width=\"100%\" height=\"500px\" src=\"https:\/\/app.powerbi.com\/view?r=eyJrIjoiYzdkZmI0MjYtMDczMS00NDQwLWFiMjktYzUzMTY5OTViMzYxIiwidCI6IjYwNTM2MTIzLTkxNDYtNDM2ZC05ZGRkLWJjNmIwYTJiZTE3NiIsImMiOjl9\" class=\" lazyloaded\"><\/iframe>\n\n\n\n<div style=\"height:4rem\" aria-hidden=\"true\" class=\"wp-block-spacer\"><\/div>\n\n\n\n<h2 class=\"wp-block-heading\">Taux de charge<\/h2>\n\n\n\n<p>Le taux de charge \u00e9olien mesure l\u2019efficacit\u00e9 d&rsquo;une \u00e9olienne en comparant l&rsquo;\u00e9nergie qu&rsquo;elle produit sur une p\u00e9riode donn\u00e9e \u00e0 l&rsquo;\u00e9nergie maximale qu&rsquo;elle pourrait produire si elle fonctionnait \u00e0 pleine capacit\u00e9 tout le temps. En d&rsquo;autres termes, il indique \u00e0 quel point une \u00e9olienne produit par rapport \u00e0 son potentiel maximal. <\/p>\n\n\n\n<p>Retrouvez en un coup d&rsquo;oeil la comparaison des taux de charges mensuels depuis 2012 sur l&rsquo;<a href=\"https:\/\/www.renouvelle.be\/fr\/faits-chiffres\/electricite-renouvelable\/\" target=\"_blank\" rel=\"noreferrer noopener\">Observatoire des productions \u00e9lectriques renouvelable<\/a><\/p>\n\n\n\n<figure class=\"wp-block-image size-large\"><img loading=\"lazy\" decoding=\"async\" width=\"1024\" height=\"512\" src=\"https:\/\/www.renouvelle.be\/wp-content\/uploads\/2023\/02\/cooperative-VentDuSud-panorama-1024x512.jpg\" alt=\"\" class=\"wp-image-8890\" srcset=\"https:\/\/www.renouvelle.be\/wp-content\/uploads\/2023\/02\/cooperative-VentDuSud-panorama-1024x512.jpg 1024w, https:\/\/www.renouvelle.be\/wp-content\/uploads\/2023\/02\/cooperative-VentDuSud-panorama-300x150.jpg 300w, https:\/\/www.renouvelle.be\/wp-content\/uploads\/2023\/02\/cooperative-VentDuSud-panorama-768x384.jpg 768w, https:\/\/www.renouvelle.be\/wp-content\/uploads\/2023\/02\/cooperative-VentDuSud-panorama-700x350.jpg 700w, https:\/\/www.renouvelle.be\/wp-content\/uploads\/2023\/02\/cooperative-VentDuSud-panorama-1200x600.jpg 1200w, https:\/\/www.renouvelle.be\/wp-content\/uploads\/2023\/02\/cooperative-VentDuSud-panorama.jpg 1500w\" sizes=\"auto, (max-width: 1024px) 100vw, 1024px\" \/><\/figure>\n","protected":false},"excerpt":{"rendered":"<p>Puissance install\u00e9e Voici les principaux chiffres du secteur \u00e9olien en Belgique. Retrouvez aussi toutes les informations de base sur&nbsp;la page d\u00e9di\u00e9e \u00e0 l\u2019\u00e9nergie \u00e9olienne. 1 754 \u00e9oliennes sont install\u00e9es en Belgique, pour 5 862 MW. En 2025, le parc \u00e9olien sur terre repr\u00e9sente 3 600 MW r\u00e9partis entre la Wallonie (1 661 MW) et la Flandre (1 939 MW). En mer, le parc offshore sur le territoire maritime belge pr\u00e9sente toujours une puissance install\u00e9e de 2 262 MW. Sources: Bilans r\u00e9gionaux (SPW DGO4, Bruxelles-Environnement, VITO) jusque 2020. A partir de 2021, en l\u2019absence des donn\u00e9es des bilans r\u00e9gionaux, les donn\u00e9es ont \u00e9t\u00e9 collect\u00e9es par Energie Commune pour la Wallonie et se basent sur la Vlaams Energie &amp; Klimaatgentschap pour la Flandre et le Belgian Offshore Platform pour l\u2019offshore. Production annuelle Environ 12 TWh en 2025. Taux de charge Le taux de charge \u00e9olien mesure l\u2019efficacit\u00e9 d&rsquo;une \u00e9olienne en comparant l&rsquo;\u00e9nergie qu&rsquo;elle produit sur une p\u00e9riode donn\u00e9e \u00e0 l&rsquo;\u00e9nergie maximale qu&rsquo;elle pourrait produire si elle fonctionnait \u00e0 pleine capacit\u00e9 tout le temps. En d&rsquo;autres termes, il indique \u00e0 quel point une \u00e9olienne produit par rapport \u00e0 son potentiel maximal. Retrouvez en un coup d&rsquo;oeil la comparaison des taux de charges mensuels depuis 2012 sur l&rsquo;Observatoire des productions \u00e9lectriques renouvelable<\/p>\n","protected":false},"author":2,"featured_media":8855,"parent":8849,"menu_order":4,"comment_status":"closed","ping_status":"closed","template":"","meta":{"_acf_changed":false,"footnotes":""},"class_list":["post-8871","page","type-page","status-publish","has-post-thumbnail","hentry"],"acf":[],"yoast_head":"<!-- This site is optimized with the Yoast SEO plugin v27.5 - https:\/\/yoast.com\/product\/yoast-seo-wordpress\/ -->\n<title>Observatoire \u00e9olien - Renouvelle<\/title>\n<meta name=\"robots\" content=\"index, follow, max-snippet:-1, max-image-preview:large, max-video-preview:-1\" \/>\n<link rel=\"canonical\" href=\"https:\/\/www.renouvelle.be\/fr\/faits-chiffres\/observatoire-eolien\/\" \/>\n<meta property=\"og:locale\" content=\"fr_FR\" \/>\n<meta property=\"og:type\" content=\"article\" \/>\n<meta property=\"og:title\" content=\"Observatoire \u00e9olien - Renouvelle\" \/>\n<meta property=\"og:description\" content=\"Puissance install\u00e9e Voici les principaux chiffres du secteur \u00e9olien en Belgique. Retrouvez aussi toutes les informations de base sur&nbsp;la page d\u00e9di\u00e9e \u00e0 l\u2019\u00e9nergie \u00e9olienne. 1 754 \u00e9oliennes sont install\u00e9es en Belgique, pour 5 862 MW. En 2025, le parc \u00e9olien sur terre repr\u00e9sente 3 600 MW r\u00e9partis entre la Wallonie (1 661 MW) et la Flandre (1 939 MW). En mer, le parc offshore sur le territoire maritime belge pr\u00e9sente toujours une puissance install\u00e9e de 2 262 MW. Sources: Bilans r\u00e9gionaux (SPW DGO4, Bruxelles-Environnement, VITO) jusque 2020. A partir de 2021, en l\u2019absence des donn\u00e9es des bilans r\u00e9gionaux, les donn\u00e9es ont \u00e9t\u00e9 collect\u00e9es par Energie Commune pour la Wallonie et se basent sur la Vlaams Energie &amp; Klimaatgentschap pour la Flandre et le Belgian Offshore Platform pour l\u2019offshore. Production annuelle Environ 12 TWh en 2025. Taux de charge Le taux de charge \u00e9olien mesure l\u2019efficacit\u00e9 d&rsquo;une \u00e9olienne en comparant l&rsquo;\u00e9nergie qu&rsquo;elle produit sur une p\u00e9riode donn\u00e9e \u00e0 l&rsquo;\u00e9nergie maximale qu&rsquo;elle pourrait produire si elle fonctionnait \u00e0 pleine capacit\u00e9 tout le temps. En d&rsquo;autres termes, il indique \u00e0 quel point une \u00e9olienne produit par rapport \u00e0 son potentiel maximal. Retrouvez en un coup d&rsquo;oeil la comparaison des taux de charges mensuels depuis 2012 sur l&rsquo;Observatoire des productions \u00e9lectriques renouvelable\" \/>\n<meta property=\"og:url\" content=\"https:\/\/www.renouvelle.be\/fr\/faits-chiffres\/observatoire-eolien\/\" \/>\n<meta property=\"og:site_name\" content=\"Renouvelle\" \/>\n<meta property=\"article:modified_time\" content=\"2026-01-20T13:27:57+00:00\" \/>\n<meta property=\"og:image\" content=\"https:\/\/www.renouvelle.be\/wp-content\/uploads\/2023\/02\/Eolien-Ernage-2.jpg\" \/>\n\t<meta property=\"og:image:width\" content=\"600\" \/>\n\t<meta property=\"og:image:height\" content=\"338\" \/>\n\t<meta property=\"og:image:type\" content=\"image\/jpeg\" \/>\n<meta name=\"twitter:card\" content=\"summary_large_image\" \/>\n<script type=\"application\/ld+json\" class=\"yoast-schema-graph\">{\"@context\":\"https:\\\/\\\/schema.org\",\"@graph\":[{\"@type\":\"WebPage\",\"@id\":\"https:\\\/\\\/www.renouvelle.be\\\/fr\\\/faits-chiffres\\\/observatoire-eolien\\\/\",\"url\":\"https:\\\/\\\/www.renouvelle.be\\\/fr\\\/faits-chiffres\\\/observatoire-eolien\\\/\",\"name\":\"Observatoire \u00e9olien - Renouvelle\",\"isPartOf\":{\"@id\":\"https:\\\/\\\/www.renouvelle.be\\\/fr\\\/#website\"},\"primaryImageOfPage\":{\"@id\":\"https:\\\/\\\/www.renouvelle.be\\\/fr\\\/faits-chiffres\\\/observatoire-eolien\\\/#primaryimage\"},\"image\":{\"@id\":\"https:\\\/\\\/www.renouvelle.be\\\/fr\\\/faits-chiffres\\\/observatoire-eolien\\\/#primaryimage\"},\"thumbnailUrl\":\"https:\\\/\\\/www.renouvelle.be\\\/wp-content\\\/uploads\\\/2023\\\/02\\\/Eolien-Ernage-2.jpg\",\"datePublished\":\"2023-02-16T14:06:00+00:00\",\"dateModified\":\"2026-01-20T13:27:57+00:00\",\"breadcrumb\":{\"@id\":\"https:\\\/\\\/www.renouvelle.be\\\/fr\\\/faits-chiffres\\\/observatoire-eolien\\\/#breadcrumb\"},\"inLanguage\":\"fr-FR\",\"potentialAction\":[{\"@type\":\"ReadAction\",\"target\":[\"https:\\\/\\\/www.renouvelle.be\\\/fr\\\/faits-chiffres\\\/observatoire-eolien\\\/\"]}]},{\"@type\":\"ImageObject\",\"inLanguage\":\"fr-FR\",\"@id\":\"https:\\\/\\\/www.renouvelle.be\\\/fr\\\/faits-chiffres\\\/observatoire-eolien\\\/#primaryimage\",\"url\":\"https:\\\/\\\/www.renouvelle.be\\\/wp-content\\\/uploads\\\/2023\\\/02\\\/Eolien-Ernage-2.jpg\",\"contentUrl\":\"https:\\\/\\\/www.renouvelle.be\\\/wp-content\\\/uploads\\\/2023\\\/02\\\/Eolien-Ernage-2.jpg\",\"width\":600,\"height\":338},{\"@type\":\"BreadcrumbList\",\"@id\":\"https:\\\/\\\/www.renouvelle.be\\\/fr\\\/faits-chiffres\\\/observatoire-eolien\\\/#breadcrumb\",\"itemListElement\":[{\"@type\":\"ListItem\",\"position\":1,\"name\":\"Accueil\",\"item\":\"https:\\\/\\\/www.renouvelle.be\\\/fr\\\/\"},{\"@type\":\"ListItem\",\"position\":2,\"name\":\"Faits &#038; chiffres\",\"item\":\"https:\\\/\\\/www.renouvelle.be\\\/fr\\\/faits-chiffres\\\/\"},{\"@type\":\"ListItem\",\"position\":3,\"name\":\"Observatoire \u00e9olien\"}]},{\"@type\":\"WebSite\",\"@id\":\"https:\\\/\\\/www.renouvelle.be\\\/fr\\\/#website\",\"url\":\"https:\\\/\\\/www.renouvelle.be\\\/fr\\\/\",\"name\":\"Renouvelle\",\"description\":\"L&#039;actualit\u00e9 de l&#039;\u00e9nergie durable\",\"potentialAction\":[{\"@type\":\"SearchAction\",\"target\":{\"@type\":\"EntryPoint\",\"urlTemplate\":\"https:\\\/\\\/www.renouvelle.be\\\/fr\\\/?s={search_term_string}\"},\"query-input\":{\"@type\":\"PropertyValueSpecification\",\"valueRequired\":true,\"valueName\":\"search_term_string\"}}],\"inLanguage\":\"fr-FR\"}]}<\/script>\n<!-- \/ Yoast SEO plugin. -->","yoast_head_json":{"title":"Observatoire \u00e9olien - Renouvelle","robots":{"index":"index","follow":"follow","max-snippet":"max-snippet:-1","max-image-preview":"max-image-preview:large","max-video-preview":"max-video-preview:-1"},"canonical":"https:\/\/www.renouvelle.be\/fr\/faits-chiffres\/observatoire-eolien\/","og_locale":"fr_FR","og_type":"article","og_title":"Observatoire \u00e9olien - Renouvelle","og_description":"Puissance install\u00e9e Voici les principaux chiffres du secteur \u00e9olien en Belgique. Retrouvez aussi toutes les informations de base sur&nbsp;la page d\u00e9di\u00e9e \u00e0 l\u2019\u00e9nergie \u00e9olienne. 1 754 \u00e9oliennes sont install\u00e9es en Belgique, pour 5 862 MW. En 2025, le parc \u00e9olien sur terre repr\u00e9sente 3 600 MW r\u00e9partis entre la Wallonie (1 661 MW) et la Flandre (1 939 MW). En mer, le parc offshore sur le territoire maritime belge pr\u00e9sente toujours une puissance install\u00e9e de 2 262 MW. Sources: Bilans r\u00e9gionaux (SPW DGO4, Bruxelles-Environnement, VITO) jusque 2020. A partir de 2021, en l\u2019absence des donn\u00e9es des bilans r\u00e9gionaux, les donn\u00e9es ont \u00e9t\u00e9 collect\u00e9es par Energie Commune pour la Wallonie et se basent sur la Vlaams Energie &amp; Klimaatgentschap pour la Flandre et le Belgian Offshore Platform pour l\u2019offshore. Production annuelle Environ 12 TWh en 2025. Taux de charge Le taux de charge \u00e9olien mesure l\u2019efficacit\u00e9 d&rsquo;une \u00e9olienne en comparant l&rsquo;\u00e9nergie qu&rsquo;elle produit sur une p\u00e9riode donn\u00e9e \u00e0 l&rsquo;\u00e9nergie maximale qu&rsquo;elle pourrait produire si elle fonctionnait \u00e0 pleine capacit\u00e9 tout le temps. En d&rsquo;autres termes, il indique \u00e0 quel point une \u00e9olienne produit par rapport \u00e0 son potentiel maximal. Retrouvez en un coup d&rsquo;oeil la comparaison des taux de charges mensuels depuis 2012 sur l&rsquo;Observatoire des productions \u00e9lectriques renouvelable","og_url":"https:\/\/www.renouvelle.be\/fr\/faits-chiffres\/observatoire-eolien\/","og_site_name":"Renouvelle","article_modified_time":"2026-01-20T13:27:57+00:00","og_image":[{"width":600,"height":338,"url":"https:\/\/www.renouvelle.be\/wp-content\/uploads\/2023\/02\/Eolien-Ernage-2.jpg","type":"image\/jpeg"}],"twitter_card":"summary_large_image","schema":{"@context":"https:\/\/schema.org","@graph":[{"@type":"WebPage","@id":"https:\/\/www.renouvelle.be\/fr\/faits-chiffres\/observatoire-eolien\/","url":"https:\/\/www.renouvelle.be\/fr\/faits-chiffres\/observatoire-eolien\/","name":"Observatoire \u00e9olien - Renouvelle","isPartOf":{"@id":"https:\/\/www.renouvelle.be\/fr\/#website"},"primaryImageOfPage":{"@id":"https:\/\/www.renouvelle.be\/fr\/faits-chiffres\/observatoire-eolien\/#primaryimage"},"image":{"@id":"https:\/\/www.renouvelle.be\/fr\/faits-chiffres\/observatoire-eolien\/#primaryimage"},"thumbnailUrl":"https:\/\/www.renouvelle.be\/wp-content\/uploads\/2023\/02\/Eolien-Ernage-2.jpg","datePublished":"2023-02-16T14:06:00+00:00","dateModified":"2026-01-20T13:27:57+00:00","breadcrumb":{"@id":"https:\/\/www.renouvelle.be\/fr\/faits-chiffres\/observatoire-eolien\/#breadcrumb"},"inLanguage":"fr-FR","potentialAction":[{"@type":"ReadAction","target":["https:\/\/www.renouvelle.be\/fr\/faits-chiffres\/observatoire-eolien\/"]}]},{"@type":"ImageObject","inLanguage":"fr-FR","@id":"https:\/\/www.renouvelle.be\/fr\/faits-chiffres\/observatoire-eolien\/#primaryimage","url":"https:\/\/www.renouvelle.be\/wp-content\/uploads\/2023\/02\/Eolien-Ernage-2.jpg","contentUrl":"https:\/\/www.renouvelle.be\/wp-content\/uploads\/2023\/02\/Eolien-Ernage-2.jpg","width":600,"height":338},{"@type":"BreadcrumbList","@id":"https:\/\/www.renouvelle.be\/fr\/faits-chiffres\/observatoire-eolien\/#breadcrumb","itemListElement":[{"@type":"ListItem","position":1,"name":"Accueil","item":"https:\/\/www.renouvelle.be\/fr\/"},{"@type":"ListItem","position":2,"name":"Faits &#038; chiffres","item":"https:\/\/www.renouvelle.be\/fr\/faits-chiffres\/"},{"@type":"ListItem","position":3,"name":"Observatoire \u00e9olien"}]},{"@type":"WebSite","@id":"https:\/\/www.renouvelle.be\/fr\/#website","url":"https:\/\/www.renouvelle.be\/fr\/","name":"Renouvelle","description":"L&#039;actualit\u00e9 de l&#039;\u00e9nergie durable","potentialAction":[{"@type":"SearchAction","target":{"@type":"EntryPoint","urlTemplate":"https:\/\/www.renouvelle.be\/fr\/?s={search_term_string}"},"query-input":{"@type":"PropertyValueSpecification","valueRequired":true,"valueName":"search_term_string"}}],"inLanguage":"fr-FR"}]}},"_links":{"self":[{"href":"https:\/\/www.renouvelle.be\/fr\/wp-json\/wp\/v2\/pages\/8871","targetHints":{"allow":["GET"]}}],"collection":[{"href":"https:\/\/www.renouvelle.be\/fr\/wp-json\/wp\/v2\/pages"}],"about":[{"href":"https:\/\/www.renouvelle.be\/fr\/wp-json\/wp\/v2\/types\/page"}],"author":[{"embeddable":true,"href":"https:\/\/www.renouvelle.be\/fr\/wp-json\/wp\/v2\/users\/2"}],"replies":[{"embeddable":true,"href":"https:\/\/www.renouvelle.be\/fr\/wp-json\/wp\/v2\/comments?post=8871"}],"version-history":[{"count":15,"href":"https:\/\/www.renouvelle.be\/fr\/wp-json\/wp\/v2\/pages\/8871\/revisions"}],"predecessor-version":[{"id":16234,"href":"https:\/\/www.renouvelle.be\/fr\/wp-json\/wp\/v2\/pages\/8871\/revisions\/16234"}],"up":[{"embeddable":true,"href":"https:\/\/www.renouvelle.be\/fr\/wp-json\/wp\/v2\/pages\/8849"}],"wp:featuredmedia":[{"embeddable":true,"href":"https:\/\/www.renouvelle.be\/fr\/wp-json\/wp\/v2\/media\/8855"}],"wp:attachment":[{"href":"https:\/\/www.renouvelle.be\/fr\/wp-json\/wp\/v2\/media?parent=8871"}],"curies":[{"name":"wp","href":"https:\/\/api.w.org\/{rel}","templated":true}]}}