{"id":47,"date":"2021-02-07T12:08:33","date_gmt":"2021-02-07T11:08:33","guid":{"rendered":"http:\/\/renouvelle.promisys-lab.be\/?page_id=47"},"modified":"2025-12-10T09:26:42","modified_gmt":"2025-12-10T08:26:42","slug":"qui-sommes-nous","status":"publish","type":"page","link":"https:\/\/www.renouvelle.be\/fr\/qui-sommes-nous\/","title":{"rendered":"Qui sommes-nous"},"content":{"rendered":"\n<p>L&rsquo;\u00e9quipe r\u00e9dactionnelle de Renouvelle.be et les experts de <a href=\"https:\/\/energiecommune.be\/\" target=\"_blank\" rel=\"noreferrer noopener\">Energie Commune<\/a> (anciennement APERe asbl)&nbsp;analysent chaque mois l&rsquo;actualit\u00e9 de l&rsquo;\u00e9nergie durable en Belgique, en Europe et dans le monde.<\/p>\n\n\n\n<p>Gr\u00e2ce \u00e0 leurs expertises \u00e9nerg\u00e9tiques, environnementales, techniques et soci\u00e9tales, ils portent un regard avis\u00e9 sur le chemin de la transition \u00e9nerg\u00e9tique, \u00e0 travers diff\u00e9rentes approches:<\/p>\n\n\n\n<ul class=\"wp-block-list\">\n<li>d\u00e9veloppements concrets<\/li>\n\n\n\n<li>avanc\u00e9es technologiques et applications<\/li>\n\n\n\n<li>outils &amp; \u00e9dition<\/li>\n\n\n\n<li>d\u00e9bats et enjeux<\/li>\n\n\n\n<li>statistiques<\/li>\n\n\n\n<li>agenda<\/li>\n<\/ul>\n\n\n\n<p>Si vous appr\u00e9ciez notre d\u00e9marche \u00e9ditoriale, abonnez-vous \u00e0 notre newsletter mensuelle et partagez nos articles \ud83d\ude09<\/p>\n\n\n\n<p>Renouvelle.be est \u00e9dit\u00e9 par <a href=\"https:\/\/energiecommune.be\/\" target=\"_blank\" rel=\"noreferrer noopener\">Energie Commune<\/a>, avec le soutien de la Wallonie, de la R\u00e9gion bruxelloise.<br><br>Avec une solide exp\u00e9rience de 30 ann\u00e9es, <a href=\"https:\/\/energiecommune.be\/\" target=\"_blank\" rel=\"noreferrer noopener\">Energie Commune<\/a> accompagne les citoyens, les communes, les Communaut\u00e9s et les \u00e9coles vers une transition renouvelable, juste et solidaire.<\/p>\n\n\n\n<p><\/p>\n\n\n\n<h2 class=\"wp-block-heading\" id=\"contact\">Contact:<\/h2>\n\n\n\n<p>renouvelle-at-energiecommune.be<\/p>\n\n\n\n<p><em>Mesure anti-spam: merci de remplacer le \u00ab\u00a0-at-\u00a0\u00bb par \u00ab\u00a0@\u00a0\u00bb dans les adresses mentionn\u00e9es ci-dessus.<\/em><\/p>\n","protected":false},"excerpt":{"rendered":"<p>L&rsquo;\u00e9quipe r\u00e9dactionnelle de Renouvelle.be et les experts de Energie Commune (anciennement APERe asbl)&nbsp;analysent chaque mois l&rsquo;actualit\u00e9 de l&rsquo;\u00e9nergie durable en Belgique, en Europe et dans le monde. Gr\u00e2ce \u00e0 leurs expertises \u00e9nerg\u00e9tiques, environnementales, techniques et soci\u00e9tales, ils portent un regard avis\u00e9 sur le chemin de la transition \u00e9nerg\u00e9tique, \u00e0 travers diff\u00e9rentes approches: Si vous appr\u00e9ciez notre d\u00e9marche \u00e9ditoriale, abonnez-vous \u00e0 notre newsletter mensuelle et partagez nos articles \ud83d\ude09 Renouvelle.be est \u00e9dit\u00e9 par Energie Commune, avec le soutien de la Wallonie, de la R\u00e9gion bruxelloise. Avec une solide exp\u00e9rience de 30 ann\u00e9es, Energie Commune accompagne les citoyens, les communes, les Communaut\u00e9s et les \u00e9coles vers une transition renouvelable, juste et solidaire. Contact: renouvelle-at-energiecommune.be Mesure anti-spam: merci de remplacer le \u00ab\u00a0-at-\u00a0\u00bb par \u00ab\u00a0@\u00a0\u00bb dans les adresses mentionn\u00e9es ci-dessus.<\/p>\n","protected":false},"author":2,"featured_media":0,"parent":0,"menu_order":0,"comment_status":"closed","ping_status":"closed","template":"","meta":{"_acf_changed":false,"footnotes":""},"class_list":["post-47","page","type-page","status-publish","hentry"],"acf":[],"yoast_head":"<!-- This site is optimized with the Yoast SEO plugin v27.5 - https:\/\/yoast.com\/product\/yoast-seo-wordpress\/ -->\n<title>Qui sommes-nous - Renouvelle<\/title>\n<meta name=\"robots\" content=\"index, follow, max-snippet:-1, max-image-preview:large, max-video-preview:-1\" \/>\n<link rel=\"canonical\" href=\"https:\/\/www.renouvelle.be\/fr\/qui-sommes-nous\/\" \/>\n<meta property=\"og:locale\" content=\"fr_FR\" \/>\n<meta property=\"og:type\" content=\"article\" \/>\n<meta property=\"og:title\" content=\"Qui sommes-nous - Renouvelle\" \/>\n<meta property=\"og:description\" content=\"L&rsquo;\u00e9quipe r\u00e9dactionnelle de Renouvelle.be et les experts de Energie Commune (anciennement APERe asbl)&nbsp;analysent chaque mois l&rsquo;actualit\u00e9 de l&rsquo;\u00e9nergie durable en Belgique, en Europe et dans le monde. Gr\u00e2ce \u00e0 leurs expertises \u00e9nerg\u00e9tiques, environnementales, techniques et soci\u00e9tales, ils portent un regard avis\u00e9 sur le chemin de la transition \u00e9nerg\u00e9tique, \u00e0 travers diff\u00e9rentes approches: Si vous appr\u00e9ciez notre d\u00e9marche \u00e9ditoriale, abonnez-vous \u00e0 notre newsletter mensuelle et partagez nos articles \ud83d\ude09 Renouvelle.be est \u00e9dit\u00e9 par Energie Commune, avec le soutien de la Wallonie, de la R\u00e9gion bruxelloise. Avec une solide exp\u00e9rience de 30 ann\u00e9es, Energie Commune accompagne les citoyens, les communes, les Communaut\u00e9s et les \u00e9coles vers une transition renouvelable, juste et solidaire. Contact: renouvelle-at-energiecommune.be Mesure anti-spam: merci de remplacer le \u00ab\u00a0-at-\u00a0\u00bb par \u00ab\u00a0@\u00a0\u00bb dans les adresses mentionn\u00e9es ci-dessus.\" \/>\n<meta property=\"og:url\" content=\"https:\/\/www.renouvelle.be\/fr\/qui-sommes-nous\/\" \/>\n<meta property=\"og:site_name\" content=\"Renouvelle\" \/>\n<meta property=\"article:modified_time\" content=\"2025-12-10T08:26:42+00:00\" \/>\n<meta name=\"twitter:card\" content=\"summary_large_image\" \/>\n<script type=\"application\/ld+json\" class=\"yoast-schema-graph\">{\"@context\":\"https:\\\/\\\/schema.org\",\"@graph\":[{\"@type\":\"WebPage\",\"@id\":\"https:\\\/\\\/www.renouvelle.be\\\/fr\\\/qui-sommes-nous\\\/\",\"url\":\"https:\\\/\\\/www.renouvelle.be\\\/fr\\\/qui-sommes-nous\\\/\",\"name\":\"Qui sommes-nous - Renouvelle\",\"isPartOf\":{\"@id\":\"https:\\\/\\\/www.renouvelle.be\\\/fr\\\/#website\"},\"datePublished\":\"2021-02-07T11:08:33+00:00\",\"dateModified\":\"2025-12-10T08:26:42+00:00\",\"breadcrumb\":{\"@id\":\"https:\\\/\\\/www.renouvelle.be\\\/fr\\\/qui-sommes-nous\\\/#breadcrumb\"},\"inLanguage\":\"fr-FR\",\"potentialAction\":[{\"@type\":\"ReadAction\",\"target\":[\"https:\\\/\\\/www.renouvelle.be\\\/fr\\\/qui-sommes-nous\\\/\"]}]},{\"@type\":\"BreadcrumbList\",\"@id\":\"https:\\\/\\\/www.renouvelle.be\\\/fr\\\/qui-sommes-nous\\\/#breadcrumb\",\"itemListElement\":[{\"@type\":\"ListItem\",\"position\":1,\"name\":\"Accueil\",\"item\":\"https:\\\/\\\/www.renouvelle.be\\\/fr\\\/\"},{\"@type\":\"ListItem\",\"position\":2,\"name\":\"Qui sommes-nous\"}]},{\"@type\":\"WebSite\",\"@id\":\"https:\\\/\\\/www.renouvelle.be\\\/fr\\\/#website\",\"url\":\"https:\\\/\\\/www.renouvelle.be\\\/fr\\\/\",\"name\":\"Renouvelle\",\"description\":\"L&#039;actualit\u00e9 de l&#039;\u00e9nergie durable\",\"potentialAction\":[{\"@type\":\"SearchAction\",\"target\":{\"@type\":\"EntryPoint\",\"urlTemplate\":\"https:\\\/\\\/www.renouvelle.be\\\/fr\\\/?s={search_term_string}\"},\"query-input\":{\"@type\":\"PropertyValueSpecification\",\"valueRequired\":true,\"valueName\":\"search_term_string\"}}],\"inLanguage\":\"fr-FR\"}]}<\/script>\n<!-- \/ Yoast SEO plugin. -->","yoast_head_json":{"title":"Qui sommes-nous - Renouvelle","robots":{"index":"index","follow":"follow","max-snippet":"max-snippet:-1","max-image-preview":"max-image-preview:large","max-video-preview":"max-video-preview:-1"},"canonical":"https:\/\/www.renouvelle.be\/fr\/qui-sommes-nous\/","og_locale":"fr_FR","og_type":"article","og_title":"Qui sommes-nous - Renouvelle","og_description":"L&rsquo;\u00e9quipe r\u00e9dactionnelle de Renouvelle.be et les experts de Energie Commune (anciennement APERe asbl)&nbsp;analysent chaque mois l&rsquo;actualit\u00e9 de l&rsquo;\u00e9nergie durable en Belgique, en Europe et dans le monde. Gr\u00e2ce \u00e0 leurs expertises \u00e9nerg\u00e9tiques, environnementales, techniques et soci\u00e9tales, ils portent un regard avis\u00e9 sur le chemin de la transition \u00e9nerg\u00e9tique, \u00e0 travers diff\u00e9rentes approches: Si vous appr\u00e9ciez notre d\u00e9marche \u00e9ditoriale, abonnez-vous \u00e0 notre newsletter mensuelle et partagez nos articles \ud83d\ude09 Renouvelle.be est \u00e9dit\u00e9 par Energie Commune, avec le soutien de la Wallonie, de la R\u00e9gion bruxelloise. Avec une solide exp\u00e9rience de 30 ann\u00e9es, Energie Commune accompagne les citoyens, les communes, les Communaut\u00e9s et les \u00e9coles vers une transition renouvelable, juste et solidaire. Contact: renouvelle-at-energiecommune.be Mesure anti-spam: merci de remplacer le \u00ab\u00a0-at-\u00a0\u00bb par \u00ab\u00a0@\u00a0\u00bb dans les adresses mentionn\u00e9es ci-dessus.","og_url":"https:\/\/www.renouvelle.be\/fr\/qui-sommes-nous\/","og_site_name":"Renouvelle","article_modified_time":"2025-12-10T08:26:42+00:00","twitter_card":"summary_large_image","schema":{"@context":"https:\/\/schema.org","@graph":[{"@type":"WebPage","@id":"https:\/\/www.renouvelle.be\/fr\/qui-sommes-nous\/","url":"https:\/\/www.renouvelle.be\/fr\/qui-sommes-nous\/","name":"Qui sommes-nous - Renouvelle","isPartOf":{"@id":"https:\/\/www.renouvelle.be\/fr\/#website"},"datePublished":"2021-02-07T11:08:33+00:00","dateModified":"2025-12-10T08:26:42+00:00","breadcrumb":{"@id":"https:\/\/www.renouvelle.be\/fr\/qui-sommes-nous\/#breadcrumb"},"inLanguage":"fr-FR","potentialAction":[{"@type":"ReadAction","target":["https:\/\/www.renouvelle.be\/fr\/qui-sommes-nous\/"]}]},{"@type":"BreadcrumbList","@id":"https:\/\/www.renouvelle.be\/fr\/qui-sommes-nous\/#breadcrumb","itemListElement":[{"@type":"ListItem","position":1,"name":"Accueil","item":"https:\/\/www.renouvelle.be\/fr\/"},{"@type":"ListItem","position":2,"name":"Qui sommes-nous"}]},{"@type":"WebSite","@id":"https:\/\/www.renouvelle.be\/fr\/#website","url":"https:\/\/www.renouvelle.be\/fr\/","name":"Renouvelle","description":"L&#039;actualit\u00e9 de l&#039;\u00e9nergie durable","potentialAction":[{"@type":"SearchAction","target":{"@type":"EntryPoint","urlTemplate":"https:\/\/www.renouvelle.be\/fr\/?s={search_term_string}"},"query-input":{"@type":"PropertyValueSpecification","valueRequired":true,"valueName":"search_term_string"}}],"inLanguage":"fr-FR"}]}},"_links":{"self":[{"href":"https:\/\/www.renouvelle.be\/fr\/wp-json\/wp\/v2\/pages\/47","targetHints":{"allow":["GET"]}}],"collection":[{"href":"https:\/\/www.renouvelle.be\/fr\/wp-json\/wp\/v2\/pages"}],"about":[{"href":"https:\/\/www.renouvelle.be\/fr\/wp-json\/wp\/v2\/types\/page"}],"author":[{"embeddable":true,"href":"https:\/\/www.renouvelle.be\/fr\/wp-json\/wp\/v2\/users\/2"}],"replies":[{"embeddable":true,"href":"https:\/\/www.renouvelle.be\/fr\/wp-json\/wp\/v2\/comments?post=47"}],"version-history":[{"count":17,"href":"https:\/\/www.renouvelle.be\/fr\/wp-json\/wp\/v2\/pages\/47\/revisions"}],"predecessor-version":[{"id":16113,"href":"https:\/\/www.renouvelle.be\/fr\/wp-json\/wp\/v2\/pages\/47\/revisions\/16113"}],"wp:attachment":[{"href":"https:\/\/www.renouvelle.be\/fr\/wp-json\/wp\/v2\/media?parent=47"}],"curies":[{"name":"wp","href":"https:\/\/api.w.org\/{rel}","templated":true}]}}