{"id":9131,"date":"2023-02-28T12:02:35","date_gmt":"2023-02-28T11:02:35","guid":{"rendered":"https:\/\/www.renouvelle.be\/?post_type=agenda&#038;p=9131"},"modified":"2023-02-28T12:02:36","modified_gmt":"2023-02-28T11:02:36","slug":"vers-une-gestion-optimisee-de-leau-et-de-lenergie-dans-lhabitat-durable-de-demain","status":"publish","type":"agenda","link":"https:\/\/www.renouvelle.be\/fr\/agenda\/vers-une-gestion-optimisee-de-leau-et-de-lenergie-dans-lhabitat-durable-de-demain\/","title":{"rendered":"Vers une gestion optimis\u00e9e de l\u2019eau et de l\u2019\u00e9nergie dans l\u2019habitat durable de demain"},"content":{"rendered":"\n<p>De plus en plus de projets ont pour objectif de contribuer \u00e0 une\u00a0<strong>approche raisonn\u00e9e et innovante de la gestion de l\u2019eau et de l\u2019\u00e9nergie<\/strong>\u00a0\u00e0 l\u2019\u00e9chelle d\u2019une habitation. Comment\u00a0<strong>r\u00e9utiliser\u00a0<\/strong>de mani\u00e8re s\u00e9curis\u00e9e des eaux us\u00e9es trait\u00e9es et de l\u2019eau de pluie dans les usages de l\u2019habitat dont celui de la piscine ? Comment offrir une solution au\u00a0<strong>stockage de l\u2019\u00e9lectricit\u00e9<\/strong>\u00a0produite par les panneaux photovolta\u00efques ? Comment r\u00e9duire sa consommation quotidienne d\u2019eau potable au sein de son habitat ?<\/p>\n","protected":false},"featured_media":0,"template":"","meta":{"_acf_changed":false,"footnotes":""},"event":[26],"class_list":["post-9131","agenda","type-agenda","status-publish","hentry","event-seminaires-formations"],"acf":[],"yoast_head":"<!-- This site is optimized with the Yoast SEO plugin v27.5 - https:\/\/yoast.com\/product\/yoast-seo-wordpress\/ -->\n<title>Vers une gestion optimis\u00e9e de l\u2019eau et de l\u2019\u00e9nergie dans l\u2019habitat durable de demain - Renouvelle<\/title>\n<meta name=\"robots\" content=\"index, follow, max-snippet:-1, max-image-preview:large, max-video-preview:-1\" \/>\n<link rel=\"canonical\" href=\"https:\/\/www.renouvelle.be\/fr\/agenda\/vers-une-gestion-optimisee-de-leau-et-de-lenergie-dans-lhabitat-durable-de-demain\/\" \/>\n<meta property=\"og:locale\" content=\"fr_FR\" \/>\n<meta property=\"og:type\" content=\"article\" \/>\n<meta property=\"og:title\" content=\"Vers une gestion optimis\u00e9e de l\u2019eau et de l\u2019\u00e9nergie dans l\u2019habitat durable de demain - Renouvelle\" \/>\n<meta property=\"og:description\" content=\"De plus en plus de projets ont pour objectif de contribuer \u00e0 une\u00a0approche raisonn\u00e9e et innovante de la gestion de l\u2019eau et de l\u2019\u00e9nergie\u00a0\u00e0 l\u2019\u00e9chelle d\u2019une habitation. Comment\u00a0r\u00e9utiliser\u00a0de mani\u00e8re s\u00e9curis\u00e9e des eaux us\u00e9es trait\u00e9es et de l\u2019eau de pluie dans les usages de l\u2019habitat dont celui de la piscine ? Comment offrir une solution au\u00a0stockage de l\u2019\u00e9lectricit\u00e9\u00a0produite par les panneaux photovolta\u00efques ? Comment r\u00e9duire sa consommation quotidienne d\u2019eau potable au sein de son habitat ?\" \/>\n<meta property=\"og:url\" content=\"https:\/\/www.renouvelle.be\/fr\/agenda\/vers-une-gestion-optimisee-de-leau-et-de-lenergie-dans-lhabitat-durable-de-demain\/\" \/>\n<meta property=\"og:site_name\" content=\"Renouvelle\" \/>\n<meta property=\"article:modified_time\" content=\"2023-02-28T11:02:36+00:00\" \/>\n<meta name=\"twitter:card\" content=\"summary_large_image\" \/>\n<script type=\"application\/ld+json\" class=\"yoast-schema-graph\">{\"@context\":\"https:\\\/\\\/schema.org\",\"@graph\":[{\"@type\":\"WebPage\",\"@id\":\"https:\\\/\\\/www.renouvelle.be\\\/fr\\\/agenda\\\/vers-une-gestion-optimisee-de-leau-et-de-lenergie-dans-lhabitat-durable-de-demain\\\/\",\"url\":\"https:\\\/\\\/www.renouvelle.be\\\/fr\\\/agenda\\\/vers-une-gestion-optimisee-de-leau-et-de-lenergie-dans-lhabitat-durable-de-demain\\\/\",\"name\":\"Vers une gestion optimis\u00e9e de l\u2019eau et de l\u2019\u00e9nergie dans l\u2019habitat durable de demain - Renouvelle\",\"isPartOf\":{\"@id\":\"https:\\\/\\\/www.renouvelle.be\\\/fr\\\/#website\"},\"datePublished\":\"2023-02-28T11:02:35+00:00\",\"dateModified\":\"2023-02-28T11:02:36+00:00\",\"breadcrumb\":{\"@id\":\"https:\\\/\\\/www.renouvelle.be\\\/fr\\\/agenda\\\/vers-une-gestion-optimisee-de-leau-et-de-lenergie-dans-lhabitat-durable-de-demain\\\/#breadcrumb\"},\"inLanguage\":\"fr-FR\",\"potentialAction\":[{\"@type\":\"ReadAction\",\"target\":[\"https:\\\/\\\/www.renouvelle.be\\\/fr\\\/agenda\\\/vers-une-gestion-optimisee-de-leau-et-de-lenergie-dans-lhabitat-durable-de-demain\\\/\"]}]},{\"@type\":\"BreadcrumbList\",\"@id\":\"https:\\\/\\\/www.renouvelle.be\\\/fr\\\/agenda\\\/vers-une-gestion-optimisee-de-leau-et-de-lenergie-dans-lhabitat-durable-de-demain\\\/#breadcrumb\",\"itemListElement\":[{\"@type\":\"ListItem\",\"position\":1,\"name\":\"Accueil\",\"item\":\"https:\\\/\\\/www.renouvelle.be\\\/fr\\\/\"},{\"@type\":\"ListItem\",\"position\":2,\"name\":\"Agenda\",\"item\":\"https:\\\/\\\/www.renouvelle.be\\\/fr\\\/agenda\\\/\"},{\"@type\":\"ListItem\",\"position\":3,\"name\":\"Vers une gestion optimis\u00e9e de l\u2019eau et de l\u2019\u00e9nergie dans l\u2019habitat durable de demain\"}]},{\"@type\":\"WebSite\",\"@id\":\"https:\\\/\\\/www.renouvelle.be\\\/fr\\\/#website\",\"url\":\"https:\\\/\\\/www.renouvelle.be\\\/fr\\\/\",\"name\":\"Renouvelle\",\"description\":\"L&#039;actualit\u00e9 de l&#039;\u00e9nergie durable\",\"potentialAction\":[{\"@type\":\"SearchAction\",\"target\":{\"@type\":\"EntryPoint\",\"urlTemplate\":\"https:\\\/\\\/www.renouvelle.be\\\/fr\\\/?s={search_term_string}\"},\"query-input\":{\"@type\":\"PropertyValueSpecification\",\"valueRequired\":true,\"valueName\":\"search_term_string\"}}],\"inLanguage\":\"fr-FR\"}]}<\/script>\n<!-- \/ Yoast SEO plugin. -->","yoast_head_json":{"title":"Vers une gestion optimis\u00e9e de l\u2019eau et de l\u2019\u00e9nergie dans l\u2019habitat durable de demain - Renouvelle","robots":{"index":"index","follow":"follow","max-snippet":"max-snippet:-1","max-image-preview":"max-image-preview:large","max-video-preview":"max-video-preview:-1"},"canonical":"https:\/\/www.renouvelle.be\/fr\/agenda\/vers-une-gestion-optimisee-de-leau-et-de-lenergie-dans-lhabitat-durable-de-demain\/","og_locale":"fr_FR","og_type":"article","og_title":"Vers une gestion optimis\u00e9e de l\u2019eau et de l\u2019\u00e9nergie dans l\u2019habitat durable de demain - Renouvelle","og_description":"De plus en plus de projets ont pour objectif de contribuer \u00e0 une\u00a0approche raisonn\u00e9e et innovante de la gestion de l\u2019eau et de l\u2019\u00e9nergie\u00a0\u00e0 l\u2019\u00e9chelle d\u2019une habitation. Comment\u00a0r\u00e9utiliser\u00a0de mani\u00e8re s\u00e9curis\u00e9e des eaux us\u00e9es trait\u00e9es et de l\u2019eau de pluie dans les usages de l\u2019habitat dont celui de la piscine ? Comment offrir une solution au\u00a0stockage de l\u2019\u00e9lectricit\u00e9\u00a0produite par les panneaux photovolta\u00efques ? Comment r\u00e9duire sa consommation quotidienne d\u2019eau potable au sein de son habitat ?","og_url":"https:\/\/www.renouvelle.be\/fr\/agenda\/vers-une-gestion-optimisee-de-leau-et-de-lenergie-dans-lhabitat-durable-de-demain\/","og_site_name":"Renouvelle","article_modified_time":"2023-02-28T11:02:36+00:00","twitter_card":"summary_large_image","schema":{"@context":"https:\/\/schema.org","@graph":[{"@type":"WebPage","@id":"https:\/\/www.renouvelle.be\/fr\/agenda\/vers-une-gestion-optimisee-de-leau-et-de-lenergie-dans-lhabitat-durable-de-demain\/","url":"https:\/\/www.renouvelle.be\/fr\/agenda\/vers-une-gestion-optimisee-de-leau-et-de-lenergie-dans-lhabitat-durable-de-demain\/","name":"Vers une gestion optimis\u00e9e de l\u2019eau et de l\u2019\u00e9nergie dans l\u2019habitat durable de demain - Renouvelle","isPartOf":{"@id":"https:\/\/www.renouvelle.be\/fr\/#website"},"datePublished":"2023-02-28T11:02:35+00:00","dateModified":"2023-02-28T11:02:36+00:00","breadcrumb":{"@id":"https:\/\/www.renouvelle.be\/fr\/agenda\/vers-une-gestion-optimisee-de-leau-et-de-lenergie-dans-lhabitat-durable-de-demain\/#breadcrumb"},"inLanguage":"fr-FR","potentialAction":[{"@type":"ReadAction","target":["https:\/\/www.renouvelle.be\/fr\/agenda\/vers-une-gestion-optimisee-de-leau-et-de-lenergie-dans-lhabitat-durable-de-demain\/"]}]},{"@type":"BreadcrumbList","@id":"https:\/\/www.renouvelle.be\/fr\/agenda\/vers-une-gestion-optimisee-de-leau-et-de-lenergie-dans-lhabitat-durable-de-demain\/#breadcrumb","itemListElement":[{"@type":"ListItem","position":1,"name":"Accueil","item":"https:\/\/www.renouvelle.be\/fr\/"},{"@type":"ListItem","position":2,"name":"Agenda","item":"https:\/\/www.renouvelle.be\/fr\/agenda\/"},{"@type":"ListItem","position":3,"name":"Vers une gestion optimis\u00e9e de l\u2019eau et de l\u2019\u00e9nergie dans l\u2019habitat durable de demain"}]},{"@type":"WebSite","@id":"https:\/\/www.renouvelle.be\/fr\/#website","url":"https:\/\/www.renouvelle.be\/fr\/","name":"Renouvelle","description":"L&#039;actualit\u00e9 de l&#039;\u00e9nergie durable","potentialAction":[{"@type":"SearchAction","target":{"@type":"EntryPoint","urlTemplate":"https:\/\/www.renouvelle.be\/fr\/?s={search_term_string}"},"query-input":{"@type":"PropertyValueSpecification","valueRequired":true,"valueName":"search_term_string"}}],"inLanguage":"fr-FR"}]}},"_links":{"self":[{"href":"https:\/\/www.renouvelle.be\/fr\/wp-json\/wp\/v2\/agenda\/9131","targetHints":{"allow":["GET"]}}],"collection":[{"href":"https:\/\/www.renouvelle.be\/fr\/wp-json\/wp\/v2\/agenda"}],"about":[{"href":"https:\/\/www.renouvelle.be\/fr\/wp-json\/wp\/v2\/types\/agenda"}],"version-history":[{"count":2,"href":"https:\/\/www.renouvelle.be\/fr\/wp-json\/wp\/v2\/agenda\/9131\/revisions"}],"predecessor-version":[{"id":9133,"href":"https:\/\/www.renouvelle.be\/fr\/wp-json\/wp\/v2\/agenda\/9131\/revisions\/9133"}],"wp:attachment":[{"href":"https:\/\/www.renouvelle.be\/fr\/wp-json\/wp\/v2\/media?parent=9131"}],"wp:term":[{"taxonomy":"event","embeddable":true,"href":"https:\/\/www.renouvelle.be\/fr\/wp-json\/wp\/v2\/event?post=9131"}],"curies":[{"name":"wp","href":"https:\/\/api.w.org\/{rel}","templated":true}]}}