{"id":16618,"date":"2026-04-01T15:48:20","date_gmt":"2026-04-01T13:48:20","guid":{"rendered":"https:\/\/www.renouvelle.be\/?post_type=agenda&#038;p=16618"},"modified":"2026-04-01T15:48:22","modified_gmt":"2026-04-01T13:48:22","slug":"forum-europeen-des-communautes-energetiques","status":"publish","type":"agenda","link":"https:\/\/www.renouvelle.be\/fr\/agenda\/forum-europeen-des-communautes-energetiques\/","title":{"rendered":"Forum europ\u00e9en des communaut\u00e9s \u00e9nerg\u00e9tiques"},"content":{"rendered":"\n<p>Organis\u00e9 par REScoop.eu, le European Energy Communities Forum se tiendra du 5 au 7 mai 2026 \u00e0 J\u016brmala, en Lettonie. Pendant trois jours, citoyens, experts et acteurs locaux se r\u00e9uniront pour \u00e9changer, se former et imaginer ensemble l\u2019avenir de l\u2019\u00e9nergie citoyenne en Europe. Ateliers, sessions strat\u00e9giques et rencontres permettront d\u2019explorer les d\u00e9fis et opportunit\u00e9s du mouvement des communaut\u00e9s \u00e9nerg\u00e9tiques, dans un esprit de collaboration et d\u2019innovation.<\/p>\n\n\n\n<p>Plus d&rsquo;infos et programme complet <a href=\"https:\/\/www.energycommunitiesforum.eu\/\" type=\"link\" id=\"https:\/\/www.energycommunitiesforum.eu\/\" target=\"_blank\" rel=\"noreferrer noopener\">ici<\/a>.<\/p>\n","protected":false},"featured_media":0,"template":"","meta":{"_acf_changed":false,"footnotes":""},"event":[26],"class_list":["post-16618","agenda","type-agenda","status-publish","hentry","event-seminaires-formations"],"acf":[],"yoast_head":"<!-- This site is optimized with the Yoast SEO plugin v27.5 - https:\/\/yoast.com\/product\/yoast-seo-wordpress\/ -->\n<title>Forum europ\u00e9en des communaut\u00e9s \u00e9nerg\u00e9tiques - Renouvelle<\/title>\n<meta name=\"robots\" content=\"index, follow, max-snippet:-1, max-image-preview:large, max-video-preview:-1\" \/>\n<link rel=\"canonical\" href=\"https:\/\/www.renouvelle.be\/fr\/agenda\/forum-europeen-des-communautes-energetiques\/\" \/>\n<meta property=\"og:locale\" content=\"fr_FR\" \/>\n<meta property=\"og:type\" content=\"article\" \/>\n<meta property=\"og:title\" content=\"Forum europ\u00e9en des communaut\u00e9s \u00e9nerg\u00e9tiques - Renouvelle\" \/>\n<meta property=\"og:description\" content=\"Organis\u00e9 par REScoop.eu, le European Energy Communities Forum se tiendra du 5 au 7 mai 2026 \u00e0 J\u016brmala, en Lettonie. Pendant trois jours, citoyens, experts et acteurs locaux se r\u00e9uniront pour \u00e9changer, se former et imaginer ensemble l\u2019avenir de l\u2019\u00e9nergie citoyenne en Europe. Ateliers, sessions strat\u00e9giques et rencontres permettront d\u2019explorer les d\u00e9fis et opportunit\u00e9s du mouvement des communaut\u00e9s \u00e9nerg\u00e9tiques, dans un esprit de collaboration et d\u2019innovation. Plus d&rsquo;infos et programme complet ici.\" \/>\n<meta property=\"og:url\" content=\"https:\/\/www.renouvelle.be\/fr\/agenda\/forum-europeen-des-communautes-energetiques\/\" \/>\n<meta property=\"og:site_name\" content=\"Renouvelle\" \/>\n<meta property=\"article:modified_time\" content=\"2026-04-01T13:48:22+00:00\" \/>\n<meta name=\"twitter:card\" content=\"summary_large_image\" \/>\n<script type=\"application\/ld+json\" class=\"yoast-schema-graph\">{\"@context\":\"https:\\\/\\\/schema.org\",\"@graph\":[{\"@type\":\"WebPage\",\"@id\":\"https:\\\/\\\/www.renouvelle.be\\\/fr\\\/agenda\\\/forum-europeen-des-communautes-energetiques\\\/\",\"url\":\"https:\\\/\\\/www.renouvelle.be\\\/fr\\\/agenda\\\/forum-europeen-des-communautes-energetiques\\\/\",\"name\":\"Forum europ\u00e9en des communaut\u00e9s \u00e9nerg\u00e9tiques - Renouvelle\",\"isPartOf\":{\"@id\":\"https:\\\/\\\/www.renouvelle.be\\\/fr\\\/#website\"},\"datePublished\":\"2026-04-01T13:48:20+00:00\",\"dateModified\":\"2026-04-01T13:48:22+00:00\",\"breadcrumb\":{\"@id\":\"https:\\\/\\\/www.renouvelle.be\\\/fr\\\/agenda\\\/forum-europeen-des-communautes-energetiques\\\/#breadcrumb\"},\"inLanguage\":\"fr-FR\",\"potentialAction\":[{\"@type\":\"ReadAction\",\"target\":[\"https:\\\/\\\/www.renouvelle.be\\\/fr\\\/agenda\\\/forum-europeen-des-communautes-energetiques\\\/\"]}]},{\"@type\":\"BreadcrumbList\",\"@id\":\"https:\\\/\\\/www.renouvelle.be\\\/fr\\\/agenda\\\/forum-europeen-des-communautes-energetiques\\\/#breadcrumb\",\"itemListElement\":[{\"@type\":\"ListItem\",\"position\":1,\"name\":\"Accueil\",\"item\":\"https:\\\/\\\/www.renouvelle.be\\\/fr\\\/\"},{\"@type\":\"ListItem\",\"position\":2,\"name\":\"Agenda\",\"item\":\"https:\\\/\\\/www.renouvelle.be\\\/fr\\\/agenda\\\/\"},{\"@type\":\"ListItem\",\"position\":3,\"name\":\"Forum europ\u00e9en des communaut\u00e9s \u00e9nerg\u00e9tiques\"}]},{\"@type\":\"WebSite\",\"@id\":\"https:\\\/\\\/www.renouvelle.be\\\/fr\\\/#website\",\"url\":\"https:\\\/\\\/www.renouvelle.be\\\/fr\\\/\",\"name\":\"Renouvelle\",\"description\":\"L&#039;actualit\u00e9 de l&#039;\u00e9nergie durable\",\"potentialAction\":[{\"@type\":\"SearchAction\",\"target\":{\"@type\":\"EntryPoint\",\"urlTemplate\":\"https:\\\/\\\/www.renouvelle.be\\\/fr\\\/?s={search_term_string}\"},\"query-input\":{\"@type\":\"PropertyValueSpecification\",\"valueRequired\":true,\"valueName\":\"search_term_string\"}}],\"inLanguage\":\"fr-FR\"}]}<\/script>\n<!-- \/ Yoast SEO plugin. -->","yoast_head_json":{"title":"Forum europ\u00e9en des communaut\u00e9s \u00e9nerg\u00e9tiques - Renouvelle","robots":{"index":"index","follow":"follow","max-snippet":"max-snippet:-1","max-image-preview":"max-image-preview:large","max-video-preview":"max-video-preview:-1"},"canonical":"https:\/\/www.renouvelle.be\/fr\/agenda\/forum-europeen-des-communautes-energetiques\/","og_locale":"fr_FR","og_type":"article","og_title":"Forum europ\u00e9en des communaut\u00e9s \u00e9nerg\u00e9tiques - Renouvelle","og_description":"Organis\u00e9 par REScoop.eu, le European Energy Communities Forum se tiendra du 5 au 7 mai 2026 \u00e0 J\u016brmala, en Lettonie. Pendant trois jours, citoyens, experts et acteurs locaux se r\u00e9uniront pour \u00e9changer, se former et imaginer ensemble l\u2019avenir de l\u2019\u00e9nergie citoyenne en Europe. Ateliers, sessions strat\u00e9giques et rencontres permettront d\u2019explorer les d\u00e9fis et opportunit\u00e9s du mouvement des communaut\u00e9s \u00e9nerg\u00e9tiques, dans un esprit de collaboration et d\u2019innovation. Plus d&rsquo;infos et programme complet ici.","og_url":"https:\/\/www.renouvelle.be\/fr\/agenda\/forum-europeen-des-communautes-energetiques\/","og_site_name":"Renouvelle","article_modified_time":"2026-04-01T13:48:22+00:00","twitter_card":"summary_large_image","schema":{"@context":"https:\/\/schema.org","@graph":[{"@type":"WebPage","@id":"https:\/\/www.renouvelle.be\/fr\/agenda\/forum-europeen-des-communautes-energetiques\/","url":"https:\/\/www.renouvelle.be\/fr\/agenda\/forum-europeen-des-communautes-energetiques\/","name":"Forum europ\u00e9en des communaut\u00e9s \u00e9nerg\u00e9tiques - Renouvelle","isPartOf":{"@id":"https:\/\/www.renouvelle.be\/fr\/#website"},"datePublished":"2026-04-01T13:48:20+00:00","dateModified":"2026-04-01T13:48:22+00:00","breadcrumb":{"@id":"https:\/\/www.renouvelle.be\/fr\/agenda\/forum-europeen-des-communautes-energetiques\/#breadcrumb"},"inLanguage":"fr-FR","potentialAction":[{"@type":"ReadAction","target":["https:\/\/www.renouvelle.be\/fr\/agenda\/forum-europeen-des-communautes-energetiques\/"]}]},{"@type":"BreadcrumbList","@id":"https:\/\/www.renouvelle.be\/fr\/agenda\/forum-europeen-des-communautes-energetiques\/#breadcrumb","itemListElement":[{"@type":"ListItem","position":1,"name":"Accueil","item":"https:\/\/www.renouvelle.be\/fr\/"},{"@type":"ListItem","position":2,"name":"Agenda","item":"https:\/\/www.renouvelle.be\/fr\/agenda\/"},{"@type":"ListItem","position":3,"name":"Forum europ\u00e9en des communaut\u00e9s \u00e9nerg\u00e9tiques"}]},{"@type":"WebSite","@id":"https:\/\/www.renouvelle.be\/fr\/#website","url":"https:\/\/www.renouvelle.be\/fr\/","name":"Renouvelle","description":"L&#039;actualit\u00e9 de l&#039;\u00e9nergie durable","potentialAction":[{"@type":"SearchAction","target":{"@type":"EntryPoint","urlTemplate":"https:\/\/www.renouvelle.be\/fr\/?s={search_term_string}"},"query-input":{"@type":"PropertyValueSpecification","valueRequired":true,"valueName":"search_term_string"}}],"inLanguage":"fr-FR"}]}},"_links":{"self":[{"href":"https:\/\/www.renouvelle.be\/fr\/wp-json\/wp\/v2\/agenda\/16618","targetHints":{"allow":["GET"]}}],"collection":[{"href":"https:\/\/www.renouvelle.be\/fr\/wp-json\/wp\/v2\/agenda"}],"about":[{"href":"https:\/\/www.renouvelle.be\/fr\/wp-json\/wp\/v2\/types\/agenda"}],"version-history":[{"count":1,"href":"https:\/\/www.renouvelle.be\/fr\/wp-json\/wp\/v2\/agenda\/16618\/revisions"}],"predecessor-version":[{"id":16619,"href":"https:\/\/www.renouvelle.be\/fr\/wp-json\/wp\/v2\/agenda\/16618\/revisions\/16619"}],"wp:attachment":[{"href":"https:\/\/www.renouvelle.be\/fr\/wp-json\/wp\/v2\/media?parent=16618"}],"wp:term":[{"taxonomy":"event","embeddable":true,"href":"https:\/\/www.renouvelle.be\/fr\/wp-json\/wp\/v2\/event?post=16618"}],"curies":[{"name":"wp","href":"https:\/\/api.w.org\/{rel}","templated":true}]}}