{"id":16616,"date":"2026-04-01T15:41:27","date_gmt":"2026-04-01T13:41:27","guid":{"rendered":"https:\/\/www.renouvelle.be\/?post_type=agenda&#038;p=16616"},"modified":"2026-04-01T15:41:31","modified_gmt":"2026-04-01T13:41:31","slug":"windeurope-conference-annuelle-sur-leolien","status":"publish","type":"agenda","link":"https:\/\/www.renouvelle.be\/fr\/agenda\/windeurope-conference-annuelle-sur-leolien\/","title":{"rendered":"WindEurope &#8211; Conf\u00e9rence annuelle sur l&rsquo;\u00e9olien"},"content":{"rendered":"\n<p><a href=\"https:\/\/windeurope.org\/annual2026\/\" type=\"link\" id=\"https:\/\/windeurope.org\/annual2026\/\" target=\"_blank\" rel=\"noreferrer noopener\">WindEurope<\/a> organise son grand \u00e9v\u00e8nement annuel \u00e0 Madrid, un \u00e9v\u00e9nement plac\u00e9 sous le signe de l\u2019urgence \u00e9nerg\u00e9tique et de la r\u00e9silience. Au programme : des d\u00e9bats de haut niveau sur l\u2019avenir du syst\u00e8me \u00e9nerg\u00e9tique europ\u00e9en, la s\u00e9curit\u00e9 des infrastructures, l\u2019\u00e9lectrification, les r\u00e9seaux, l\u2019innovation et le r\u00f4le strat\u00e9gique de l\u2019\u00e9olien dans un contexte g\u00e9opolitique instable. Ministres, commissaires europ\u00e9ens, dirigeants d\u2019entreprises et experts se r\u00e9uniront pour d\u00e9finir les actions concr\u00e8tes n\u00e9cessaires afin de renforcer l\u2019autonomie \u00e9nerg\u00e9tique de l\u2019Europe gr\u00e2ce \u00e0 l&rsquo;\u00e9nergie \u00e9olienne.<br><br>Rendez-vous du 21 au 23 avril \u00e0 Madrid !<\/p>\n\n\n\n<p>Programme et inscription sur <a href=\"https:\/\/elinkeu.clickdimensions.com\/m\/1\/71234610\/p1-b26084-bdc1ea181da7422190e80a949c142e34\/2\/800\/94a2e8ab-c3cf-4de5-8ac2-bf35759e79d6\" type=\"link\" id=\"https:\/\/elinkeu.clickdimensions.com\/m\/1\/71234610\/p1-b26084-bdc1ea181da7422190e80a949c142e34\/2\/800\/94a2e8ab-c3cf-4de5-8ac2-bf35759e79d6\" target=\"_blank\" rel=\"noreferrer noopener\">ce lien<\/a>.<\/p>\n","protected":false},"featured_media":0,"template":"","meta":{"_acf_changed":false,"footnotes":""},"event":[54],"class_list":["post-16616","agenda","type-agenda","status-publish","hentry","event-evenement"],"acf":[],"yoast_head":"<!-- This site is optimized with the Yoast SEO plugin v27.5 - https:\/\/yoast.com\/product\/yoast-seo-wordpress\/ -->\n<title>WindEurope - Conf\u00e9rence annuelle sur l&#039;\u00e9olien - Renouvelle<\/title>\n<meta name=\"robots\" content=\"index, follow, max-snippet:-1, max-image-preview:large, max-video-preview:-1\" \/>\n<link rel=\"canonical\" href=\"https:\/\/www.renouvelle.be\/fr\/agenda\/windeurope-conference-annuelle-sur-leolien\/\" \/>\n<meta property=\"og:locale\" content=\"fr_FR\" \/>\n<meta property=\"og:type\" content=\"article\" \/>\n<meta property=\"og:title\" content=\"WindEurope - Conf\u00e9rence annuelle sur l&#039;\u00e9olien - Renouvelle\" \/>\n<meta property=\"og:description\" content=\"WindEurope organise son grand \u00e9v\u00e8nement annuel \u00e0 Madrid, un \u00e9v\u00e9nement plac\u00e9 sous le signe de l\u2019urgence \u00e9nerg\u00e9tique et de la r\u00e9silience. Au programme : des d\u00e9bats de haut niveau sur l\u2019avenir du syst\u00e8me \u00e9nerg\u00e9tique europ\u00e9en, la s\u00e9curit\u00e9 des infrastructures, l\u2019\u00e9lectrification, les r\u00e9seaux, l\u2019innovation et le r\u00f4le strat\u00e9gique de l\u2019\u00e9olien dans un contexte g\u00e9opolitique instable. Ministres, commissaires europ\u00e9ens, dirigeants d\u2019entreprises et experts se r\u00e9uniront pour d\u00e9finir les actions concr\u00e8tes n\u00e9cessaires afin de renforcer l\u2019autonomie \u00e9nerg\u00e9tique de l\u2019Europe gr\u00e2ce \u00e0 l&rsquo;\u00e9nergie \u00e9olienne. Rendez-vous du 21 au 23 avril \u00e0 Madrid ! Programme et inscription sur ce lien.\" \/>\n<meta property=\"og:url\" content=\"https:\/\/www.renouvelle.be\/fr\/agenda\/windeurope-conference-annuelle-sur-leolien\/\" \/>\n<meta property=\"og:site_name\" content=\"Renouvelle\" \/>\n<meta property=\"article:modified_time\" content=\"2026-04-01T13:41:31+00:00\" \/>\n<meta name=\"twitter:card\" content=\"summary_large_image\" \/>\n<script type=\"application\/ld+json\" class=\"yoast-schema-graph\">{\"@context\":\"https:\\\/\\\/schema.org\",\"@graph\":[{\"@type\":\"WebPage\",\"@id\":\"https:\\\/\\\/www.renouvelle.be\\\/fr\\\/agenda\\\/windeurope-conference-annuelle-sur-leolien\\\/\",\"url\":\"https:\\\/\\\/www.renouvelle.be\\\/fr\\\/agenda\\\/windeurope-conference-annuelle-sur-leolien\\\/\",\"name\":\"WindEurope - Conf\u00e9rence annuelle sur l'\u00e9olien - Renouvelle\",\"isPartOf\":{\"@id\":\"https:\\\/\\\/www.renouvelle.be\\\/fr\\\/#website\"},\"datePublished\":\"2026-04-01T13:41:27+00:00\",\"dateModified\":\"2026-04-01T13:41:31+00:00\",\"breadcrumb\":{\"@id\":\"https:\\\/\\\/www.renouvelle.be\\\/fr\\\/agenda\\\/windeurope-conference-annuelle-sur-leolien\\\/#breadcrumb\"},\"inLanguage\":\"fr-FR\",\"potentialAction\":[{\"@type\":\"ReadAction\",\"target\":[\"https:\\\/\\\/www.renouvelle.be\\\/fr\\\/agenda\\\/windeurope-conference-annuelle-sur-leolien\\\/\"]}]},{\"@type\":\"BreadcrumbList\",\"@id\":\"https:\\\/\\\/www.renouvelle.be\\\/fr\\\/agenda\\\/windeurope-conference-annuelle-sur-leolien\\\/#breadcrumb\",\"itemListElement\":[{\"@type\":\"ListItem\",\"position\":1,\"name\":\"Accueil\",\"item\":\"https:\\\/\\\/www.renouvelle.be\\\/fr\\\/\"},{\"@type\":\"ListItem\",\"position\":2,\"name\":\"Agenda\",\"item\":\"https:\\\/\\\/www.renouvelle.be\\\/fr\\\/agenda\\\/\"},{\"@type\":\"ListItem\",\"position\":3,\"name\":\"WindEurope &#8211; Conf\u00e9rence annuelle sur l&rsquo;\u00e9olien\"}]},{\"@type\":\"WebSite\",\"@id\":\"https:\\\/\\\/www.renouvelle.be\\\/fr\\\/#website\",\"url\":\"https:\\\/\\\/www.renouvelle.be\\\/fr\\\/\",\"name\":\"Renouvelle\",\"description\":\"L&#039;actualit\u00e9 de l&#039;\u00e9nergie durable\",\"potentialAction\":[{\"@type\":\"SearchAction\",\"target\":{\"@type\":\"EntryPoint\",\"urlTemplate\":\"https:\\\/\\\/www.renouvelle.be\\\/fr\\\/?s={search_term_string}\"},\"query-input\":{\"@type\":\"PropertyValueSpecification\",\"valueRequired\":true,\"valueName\":\"search_term_string\"}}],\"inLanguage\":\"fr-FR\"}]}<\/script>\n<!-- \/ Yoast SEO plugin. -->","yoast_head_json":{"title":"WindEurope - Conf\u00e9rence annuelle sur l'\u00e9olien - Renouvelle","robots":{"index":"index","follow":"follow","max-snippet":"max-snippet:-1","max-image-preview":"max-image-preview:large","max-video-preview":"max-video-preview:-1"},"canonical":"https:\/\/www.renouvelle.be\/fr\/agenda\/windeurope-conference-annuelle-sur-leolien\/","og_locale":"fr_FR","og_type":"article","og_title":"WindEurope - Conf\u00e9rence annuelle sur l'\u00e9olien - Renouvelle","og_description":"WindEurope organise son grand \u00e9v\u00e8nement annuel \u00e0 Madrid, un \u00e9v\u00e9nement plac\u00e9 sous le signe de l\u2019urgence \u00e9nerg\u00e9tique et de la r\u00e9silience. Au programme : des d\u00e9bats de haut niveau sur l\u2019avenir du syst\u00e8me \u00e9nerg\u00e9tique europ\u00e9en, la s\u00e9curit\u00e9 des infrastructures, l\u2019\u00e9lectrification, les r\u00e9seaux, l\u2019innovation et le r\u00f4le strat\u00e9gique de l\u2019\u00e9olien dans un contexte g\u00e9opolitique instable. Ministres, commissaires europ\u00e9ens, dirigeants d\u2019entreprises et experts se r\u00e9uniront pour d\u00e9finir les actions concr\u00e8tes n\u00e9cessaires afin de renforcer l\u2019autonomie \u00e9nerg\u00e9tique de l\u2019Europe gr\u00e2ce \u00e0 l&rsquo;\u00e9nergie \u00e9olienne. Rendez-vous du 21 au 23 avril \u00e0 Madrid ! Programme et inscription sur ce lien.","og_url":"https:\/\/www.renouvelle.be\/fr\/agenda\/windeurope-conference-annuelle-sur-leolien\/","og_site_name":"Renouvelle","article_modified_time":"2026-04-01T13:41:31+00:00","twitter_card":"summary_large_image","schema":{"@context":"https:\/\/schema.org","@graph":[{"@type":"WebPage","@id":"https:\/\/www.renouvelle.be\/fr\/agenda\/windeurope-conference-annuelle-sur-leolien\/","url":"https:\/\/www.renouvelle.be\/fr\/agenda\/windeurope-conference-annuelle-sur-leolien\/","name":"WindEurope - Conf\u00e9rence annuelle sur l'\u00e9olien - Renouvelle","isPartOf":{"@id":"https:\/\/www.renouvelle.be\/fr\/#website"},"datePublished":"2026-04-01T13:41:27+00:00","dateModified":"2026-04-01T13:41:31+00:00","breadcrumb":{"@id":"https:\/\/www.renouvelle.be\/fr\/agenda\/windeurope-conference-annuelle-sur-leolien\/#breadcrumb"},"inLanguage":"fr-FR","potentialAction":[{"@type":"ReadAction","target":["https:\/\/www.renouvelle.be\/fr\/agenda\/windeurope-conference-annuelle-sur-leolien\/"]}]},{"@type":"BreadcrumbList","@id":"https:\/\/www.renouvelle.be\/fr\/agenda\/windeurope-conference-annuelle-sur-leolien\/#breadcrumb","itemListElement":[{"@type":"ListItem","position":1,"name":"Accueil","item":"https:\/\/www.renouvelle.be\/fr\/"},{"@type":"ListItem","position":2,"name":"Agenda","item":"https:\/\/www.renouvelle.be\/fr\/agenda\/"},{"@type":"ListItem","position":3,"name":"WindEurope &#8211; Conf\u00e9rence annuelle sur l&rsquo;\u00e9olien"}]},{"@type":"WebSite","@id":"https:\/\/www.renouvelle.be\/fr\/#website","url":"https:\/\/www.renouvelle.be\/fr\/","name":"Renouvelle","description":"L&#039;actualit\u00e9 de l&#039;\u00e9nergie durable","potentialAction":[{"@type":"SearchAction","target":{"@type":"EntryPoint","urlTemplate":"https:\/\/www.renouvelle.be\/fr\/?s={search_term_string}"},"query-input":{"@type":"PropertyValueSpecification","valueRequired":true,"valueName":"search_term_string"}}],"inLanguage":"fr-FR"}]}},"_links":{"self":[{"href":"https:\/\/www.renouvelle.be\/fr\/wp-json\/wp\/v2\/agenda\/16616","targetHints":{"allow":["GET"]}}],"collection":[{"href":"https:\/\/www.renouvelle.be\/fr\/wp-json\/wp\/v2\/agenda"}],"about":[{"href":"https:\/\/www.renouvelle.be\/fr\/wp-json\/wp\/v2\/types\/agenda"}],"version-history":[{"count":1,"href":"https:\/\/www.renouvelle.be\/fr\/wp-json\/wp\/v2\/agenda\/16616\/revisions"}],"predecessor-version":[{"id":16617,"href":"https:\/\/www.renouvelle.be\/fr\/wp-json\/wp\/v2\/agenda\/16616\/revisions\/16617"}],"wp:attachment":[{"href":"https:\/\/www.renouvelle.be\/fr\/wp-json\/wp\/v2\/media?parent=16616"}],"wp:term":[{"taxonomy":"event","embeddable":true,"href":"https:\/\/www.renouvelle.be\/fr\/wp-json\/wp\/v2\/event?post=16616"}],"curies":[{"name":"wp","href":"https:\/\/api.w.org\/{rel}","templated":true}]}}