{"id":16130,"date":"2025-12-12T16:15:53","date_gmt":"2025-12-12T15:15:53","guid":{"rendered":"https:\/\/www.renouvelle.be\/?post_type=agenda&#038;p=16130"},"modified":"2025-12-12T16:15:55","modified_gmt":"2025-12-12T15:15:55","slug":"partage-et-communautes-denergie-cadre-reglementaire-partage-dexperience-et-nouvel-outil-de-gestion","status":"publish","type":"agenda","link":"https:\/\/www.renouvelle.be\/fr\/agenda\/partage-et-communautes-denergie-cadre-reglementaire-partage-dexperience-et-nouvel-outil-de-gestion\/","title":{"rendered":"Partage et Communaut\u00e9s d\u2019\u00c9nergie : Cadre r\u00e9glementaire, partage d\u2019exp\u00e9rience et nouvel outil de gestion"},"content":{"rendered":"\n<p>\u00c0 Bruxelles, le partage d\u2019\u00e9nergie se d\u00e9veloppe. Cette \u00e9volution offre \u00e0 chaque citoyen, chaque entreprise ou collectivit\u00e9, la possibilit\u00e9 de s\u2019impliquer concr\u00e8tement dans la transition \u00e9nerg\u00e9tique.<\/p>\n\n\n\n<p>Mais comment se lancer ? Comment l\u2019\u00e9lectricit\u00e9 se partage-t-elle ? Est-ce qu&rsquo;il existe d\u00e9j\u00e0 des initiatives ? Bruxelles Environnement vous propose de venir d\u00e9couvrir et comprendre tout cela lors d&rsquo;un s\u00e9minaire le 20 mars 2023.<\/p>\n\n\n\n<p>Au programme, le Facilitateur \u00ab Partage et Communaut\u00e9s d\u2019\u00c9nergie \u00bb fera le point, en matin\u00e9e, sur le cadre r\u00e9glementaire et partagera plusieurs retours d\u2019exp\u00e9rience inspirants.<\/p>\n\n\n\n<p>L\u2019apr\u00e8s-midi, vous pourrez assister \u00e0 la pr\u00e9sentation exclusive d\u2019une solution num\u00e9rique innovante soutenue par Bruxelles Environnement : BEST \u2013 Brussels Energy Sharing Tool. Un outil d\u00e9velopp\u00e9 pour simplifier la gestion des communaut\u00e9s d\u2019\u00e9nergie et faciliter la facturation des op\u00e9rations de partage.<\/p>\n\n\n\n<p>L&rsquo;\u00e9v\u00e8nement est gratuit ! L&rsquo;inscription est cependant obligatoire et cela se passe <a href=\"https:\/\/environnement.brussels\/citoyen\/agenda\/partage-et-communautes-denergie-cadre-reglementaire-partage-dexperience-et-nouvel-outil-de-gestion\" target=\"_blank\" rel=\"noreferrer noopener\">ici<\/a>.<br><\/p>\n","protected":false},"featured_media":0,"template":"","meta":{"_acf_changed":false,"footnotes":""},"event":[26],"class_list":["post-16130","agenda","type-agenda","status-publish","hentry","event-seminaires-formations"],"acf":[],"yoast_head":"<!-- This site is optimized with the Yoast SEO plugin v27.5 - https:\/\/yoast.com\/product\/yoast-seo-wordpress\/ -->\n<title>Partage et Communaut\u00e9s d\u2019\u00c9nergie : Cadre r\u00e9glementaire, partage d\u2019exp\u00e9rience et nouvel outil de gestion - Renouvelle<\/title>\n<meta name=\"robots\" content=\"index, follow, max-snippet:-1, max-image-preview:large, max-video-preview:-1\" \/>\n<link rel=\"canonical\" href=\"https:\/\/www.renouvelle.be\/fr\/agenda\/partage-et-communautes-denergie-cadre-reglementaire-partage-dexperience-et-nouvel-outil-de-gestion\/\" \/>\n<meta property=\"og:locale\" content=\"fr_FR\" \/>\n<meta property=\"og:type\" content=\"article\" \/>\n<meta property=\"og:title\" content=\"Partage et Communaut\u00e9s d\u2019\u00c9nergie : Cadre r\u00e9glementaire, partage d\u2019exp\u00e9rience et nouvel outil de gestion - Renouvelle\" \/>\n<meta property=\"og:description\" content=\"\u00c0 Bruxelles, le partage d\u2019\u00e9nergie se d\u00e9veloppe. Cette \u00e9volution offre \u00e0 chaque citoyen, chaque entreprise ou collectivit\u00e9, la possibilit\u00e9 de s\u2019impliquer concr\u00e8tement dans la transition \u00e9nerg\u00e9tique. Mais comment se lancer ? Comment l\u2019\u00e9lectricit\u00e9 se partage-t-elle ? Est-ce qu&rsquo;il existe d\u00e9j\u00e0 des initiatives ? Bruxelles Environnement vous propose de venir d\u00e9couvrir et comprendre tout cela lors d&rsquo;un s\u00e9minaire le 20 mars 2023. Au programme, le Facilitateur \u00ab Partage et Communaut\u00e9s d\u2019\u00c9nergie \u00bb fera le point, en matin\u00e9e, sur le cadre r\u00e9glementaire et partagera plusieurs retours d\u2019exp\u00e9rience inspirants. L\u2019apr\u00e8s-midi, vous pourrez assister \u00e0 la pr\u00e9sentation exclusive d\u2019une solution num\u00e9rique innovante soutenue par Bruxelles Environnement : BEST \u2013 Brussels Energy Sharing Tool. Un outil d\u00e9velopp\u00e9 pour simplifier la gestion des communaut\u00e9s d\u2019\u00e9nergie et faciliter la facturation des op\u00e9rations de partage. L&rsquo;\u00e9v\u00e8nement est gratuit ! L&rsquo;inscription est cependant obligatoire et cela se passe ici.\" \/>\n<meta property=\"og:url\" content=\"https:\/\/www.renouvelle.be\/fr\/agenda\/partage-et-communautes-denergie-cadre-reglementaire-partage-dexperience-et-nouvel-outil-de-gestion\/\" \/>\n<meta property=\"og:site_name\" content=\"Renouvelle\" \/>\n<meta property=\"article:modified_time\" content=\"2025-12-12T15:15:55+00:00\" \/>\n<meta name=\"twitter:card\" content=\"summary_large_image\" \/>\n<script type=\"application\/ld+json\" class=\"yoast-schema-graph\">{\"@context\":\"https:\\\/\\\/schema.org\",\"@graph\":[{\"@type\":\"WebPage\",\"@id\":\"https:\\\/\\\/www.renouvelle.be\\\/fr\\\/agenda\\\/partage-et-communautes-denergie-cadre-reglementaire-partage-dexperience-et-nouvel-outil-de-gestion\\\/\",\"url\":\"https:\\\/\\\/www.renouvelle.be\\\/fr\\\/agenda\\\/partage-et-communautes-denergie-cadre-reglementaire-partage-dexperience-et-nouvel-outil-de-gestion\\\/\",\"name\":\"Partage et Communaut\u00e9s d\u2019\u00c9nergie : Cadre r\u00e9glementaire, partage d\u2019exp\u00e9rience et nouvel outil de gestion - Renouvelle\",\"isPartOf\":{\"@id\":\"https:\\\/\\\/www.renouvelle.be\\\/fr\\\/#website\"},\"datePublished\":\"2025-12-12T15:15:53+00:00\",\"dateModified\":\"2025-12-12T15:15:55+00:00\",\"breadcrumb\":{\"@id\":\"https:\\\/\\\/www.renouvelle.be\\\/fr\\\/agenda\\\/partage-et-communautes-denergie-cadre-reglementaire-partage-dexperience-et-nouvel-outil-de-gestion\\\/#breadcrumb\"},\"inLanguage\":\"fr-FR\",\"potentialAction\":[{\"@type\":\"ReadAction\",\"target\":[\"https:\\\/\\\/www.renouvelle.be\\\/fr\\\/agenda\\\/partage-et-communautes-denergie-cadre-reglementaire-partage-dexperience-et-nouvel-outil-de-gestion\\\/\"]}]},{\"@type\":\"BreadcrumbList\",\"@id\":\"https:\\\/\\\/www.renouvelle.be\\\/fr\\\/agenda\\\/partage-et-communautes-denergie-cadre-reglementaire-partage-dexperience-et-nouvel-outil-de-gestion\\\/#breadcrumb\",\"itemListElement\":[{\"@type\":\"ListItem\",\"position\":1,\"name\":\"Accueil\",\"item\":\"https:\\\/\\\/www.renouvelle.be\\\/fr\\\/\"},{\"@type\":\"ListItem\",\"position\":2,\"name\":\"Agenda\",\"item\":\"https:\\\/\\\/www.renouvelle.be\\\/fr\\\/agenda\\\/\"},{\"@type\":\"ListItem\",\"position\":3,\"name\":\"Partage et Communaut\u00e9s d\u2019\u00c9nergie : Cadre r\u00e9glementaire, partage d\u2019exp\u00e9rience et nouvel outil de gestion\"}]},{\"@type\":\"WebSite\",\"@id\":\"https:\\\/\\\/www.renouvelle.be\\\/fr\\\/#website\",\"url\":\"https:\\\/\\\/www.renouvelle.be\\\/fr\\\/\",\"name\":\"Renouvelle\",\"description\":\"L&#039;actualit\u00e9 de l&#039;\u00e9nergie durable\",\"potentialAction\":[{\"@type\":\"SearchAction\",\"target\":{\"@type\":\"EntryPoint\",\"urlTemplate\":\"https:\\\/\\\/www.renouvelle.be\\\/fr\\\/?s={search_term_string}\"},\"query-input\":{\"@type\":\"PropertyValueSpecification\",\"valueRequired\":true,\"valueName\":\"search_term_string\"}}],\"inLanguage\":\"fr-FR\"}]}<\/script>\n<!-- \/ Yoast SEO plugin. -->","yoast_head_json":{"title":"Partage et Communaut\u00e9s d\u2019\u00c9nergie : Cadre r\u00e9glementaire, partage d\u2019exp\u00e9rience et nouvel outil de gestion - Renouvelle","robots":{"index":"index","follow":"follow","max-snippet":"max-snippet:-1","max-image-preview":"max-image-preview:large","max-video-preview":"max-video-preview:-1"},"canonical":"https:\/\/www.renouvelle.be\/fr\/agenda\/partage-et-communautes-denergie-cadre-reglementaire-partage-dexperience-et-nouvel-outil-de-gestion\/","og_locale":"fr_FR","og_type":"article","og_title":"Partage et Communaut\u00e9s d\u2019\u00c9nergie : Cadre r\u00e9glementaire, partage d\u2019exp\u00e9rience et nouvel outil de gestion - Renouvelle","og_description":"\u00c0 Bruxelles, le partage d\u2019\u00e9nergie se d\u00e9veloppe. Cette \u00e9volution offre \u00e0 chaque citoyen, chaque entreprise ou collectivit\u00e9, la possibilit\u00e9 de s\u2019impliquer concr\u00e8tement dans la transition \u00e9nerg\u00e9tique. Mais comment se lancer ? Comment l\u2019\u00e9lectricit\u00e9 se partage-t-elle ? Est-ce qu&rsquo;il existe d\u00e9j\u00e0 des initiatives ? Bruxelles Environnement vous propose de venir d\u00e9couvrir et comprendre tout cela lors d&rsquo;un s\u00e9minaire le 20 mars 2023. Au programme, le Facilitateur \u00ab Partage et Communaut\u00e9s d\u2019\u00c9nergie \u00bb fera le point, en matin\u00e9e, sur le cadre r\u00e9glementaire et partagera plusieurs retours d\u2019exp\u00e9rience inspirants. L\u2019apr\u00e8s-midi, vous pourrez assister \u00e0 la pr\u00e9sentation exclusive d\u2019une solution num\u00e9rique innovante soutenue par Bruxelles Environnement : BEST \u2013 Brussels Energy Sharing Tool. Un outil d\u00e9velopp\u00e9 pour simplifier la gestion des communaut\u00e9s d\u2019\u00e9nergie et faciliter la facturation des op\u00e9rations de partage. L&rsquo;\u00e9v\u00e8nement est gratuit ! L&rsquo;inscription est cependant obligatoire et cela se passe ici.","og_url":"https:\/\/www.renouvelle.be\/fr\/agenda\/partage-et-communautes-denergie-cadre-reglementaire-partage-dexperience-et-nouvel-outil-de-gestion\/","og_site_name":"Renouvelle","article_modified_time":"2025-12-12T15:15:55+00:00","twitter_card":"summary_large_image","schema":{"@context":"https:\/\/schema.org","@graph":[{"@type":"WebPage","@id":"https:\/\/www.renouvelle.be\/fr\/agenda\/partage-et-communautes-denergie-cadre-reglementaire-partage-dexperience-et-nouvel-outil-de-gestion\/","url":"https:\/\/www.renouvelle.be\/fr\/agenda\/partage-et-communautes-denergie-cadre-reglementaire-partage-dexperience-et-nouvel-outil-de-gestion\/","name":"Partage et Communaut\u00e9s d\u2019\u00c9nergie : Cadre r\u00e9glementaire, partage d\u2019exp\u00e9rience et nouvel outil de gestion - Renouvelle","isPartOf":{"@id":"https:\/\/www.renouvelle.be\/fr\/#website"},"datePublished":"2025-12-12T15:15:53+00:00","dateModified":"2025-12-12T15:15:55+00:00","breadcrumb":{"@id":"https:\/\/www.renouvelle.be\/fr\/agenda\/partage-et-communautes-denergie-cadre-reglementaire-partage-dexperience-et-nouvel-outil-de-gestion\/#breadcrumb"},"inLanguage":"fr-FR","potentialAction":[{"@type":"ReadAction","target":["https:\/\/www.renouvelle.be\/fr\/agenda\/partage-et-communautes-denergie-cadre-reglementaire-partage-dexperience-et-nouvel-outil-de-gestion\/"]}]},{"@type":"BreadcrumbList","@id":"https:\/\/www.renouvelle.be\/fr\/agenda\/partage-et-communautes-denergie-cadre-reglementaire-partage-dexperience-et-nouvel-outil-de-gestion\/#breadcrumb","itemListElement":[{"@type":"ListItem","position":1,"name":"Accueil","item":"https:\/\/www.renouvelle.be\/fr\/"},{"@type":"ListItem","position":2,"name":"Agenda","item":"https:\/\/www.renouvelle.be\/fr\/agenda\/"},{"@type":"ListItem","position":3,"name":"Partage et Communaut\u00e9s d\u2019\u00c9nergie : Cadre r\u00e9glementaire, partage d\u2019exp\u00e9rience et nouvel outil de gestion"}]},{"@type":"WebSite","@id":"https:\/\/www.renouvelle.be\/fr\/#website","url":"https:\/\/www.renouvelle.be\/fr\/","name":"Renouvelle","description":"L&#039;actualit\u00e9 de l&#039;\u00e9nergie durable","potentialAction":[{"@type":"SearchAction","target":{"@type":"EntryPoint","urlTemplate":"https:\/\/www.renouvelle.be\/fr\/?s={search_term_string}"},"query-input":{"@type":"PropertyValueSpecification","valueRequired":true,"valueName":"search_term_string"}}],"inLanguage":"fr-FR"}]}},"_links":{"self":[{"href":"https:\/\/www.renouvelle.be\/fr\/wp-json\/wp\/v2\/agenda\/16130","targetHints":{"allow":["GET"]}}],"collection":[{"href":"https:\/\/www.renouvelle.be\/fr\/wp-json\/wp\/v2\/agenda"}],"about":[{"href":"https:\/\/www.renouvelle.be\/fr\/wp-json\/wp\/v2\/types\/agenda"}],"version-history":[{"count":1,"href":"https:\/\/www.renouvelle.be\/fr\/wp-json\/wp\/v2\/agenda\/16130\/revisions"}],"predecessor-version":[{"id":16131,"href":"https:\/\/www.renouvelle.be\/fr\/wp-json\/wp\/v2\/agenda\/16130\/revisions\/16131"}],"wp:attachment":[{"href":"https:\/\/www.renouvelle.be\/fr\/wp-json\/wp\/v2\/media?parent=16130"}],"wp:term":[{"taxonomy":"event","embeddable":true,"href":"https:\/\/www.renouvelle.be\/fr\/wp-json\/wp\/v2\/event?post=16130"}],"curies":[{"name":"wp","href":"https:\/\/api.w.org\/{rel}","templated":true}]}}