{"id":14505,"date":"2025-01-07T10:42:42","date_gmt":"2025-01-07T09:42:42","guid":{"rendered":"https:\/\/www.renouvelle.be\/?post_type=agenda&#038;p=14505"},"modified":"2025-01-07T10:42:45","modified_gmt":"2025-01-07T09:42:45","slug":"formation-energies-renouvelables-bruxelles-environnement","status":"publish","type":"agenda","link":"https:\/\/www.renouvelle.be\/fr\/agenda\/formation-energies-renouvelables-bruxelles-environnement\/","title":{"rendered":"Formation &#8211; \u00c9nergies renouvelables (Bruxelles Environnement)"},"content":{"rendered":"\n<p>Vous \u00eates un professionnel du b\u00e2timent ? Vous vous demandez comment int\u00e9grer les \u00e9nergies renouvelables et leurs technologies dans un contexte urbain ? Bruxelles Environnement vous propose de r\u00e9pondre \u00e0 cet enjeux lors de son cycle de formation sur la th\u00e9matique.<br><br>Vous aurez l&rsquo;occasion d&rsquo;en apprendre plus sur les objectifs en termes d&rsquo;\u00e9nergies renouvelables en R\u00e9gion de Bruxelles-Capitale ainsi que sur les technologies utilisant des sources renouvelables. Un focus se portera sur le photovolta\u00efque, le solaire thermique, la pompe \u00e0 chaleur et la cog\u00e9n\u00e9ration.<br><br>Dates (toute la journ\u00e9e et multilingue) :<br>13\/02\/25<br>20\/02\/25<\/p>\n\n\n\n<p>Plus d&rsquo;informations et inscription (payante) sur ce <a href=\"https:\/\/environnement.brussels\/pro\/agenda\/energies-renouvelables-0\" target=\"_blank\" rel=\"noreferrer noopener\">lien<\/a>.<\/p>\n\n\n\n<p><\/p>\n","protected":false},"featured_media":0,"template":"","meta":{"_acf_changed":false,"footnotes":""},"event":[26],"class_list":["post-14505","agenda","type-agenda","status-publish","hentry","event-seminaires-formations"],"acf":[],"yoast_head":"<!-- This site is optimized with the Yoast SEO plugin v27.5 - https:\/\/yoast.com\/product\/yoast-seo-wordpress\/ -->\n<title>Formation - \u00c9nergies renouvelables (Bruxelles Environnement) - Renouvelle<\/title>\n<meta name=\"robots\" content=\"index, follow, max-snippet:-1, max-image-preview:large, max-video-preview:-1\" \/>\n<link rel=\"canonical\" href=\"https:\/\/www.renouvelle.be\/fr\/agenda\/formation-energies-renouvelables-bruxelles-environnement\/\" \/>\n<meta property=\"og:locale\" content=\"fr_FR\" \/>\n<meta property=\"og:type\" content=\"article\" \/>\n<meta property=\"og:title\" content=\"Formation - \u00c9nergies renouvelables (Bruxelles Environnement) - Renouvelle\" \/>\n<meta property=\"og:description\" content=\"Vous \u00eates un professionnel du b\u00e2timent ? Vous vous demandez comment int\u00e9grer les \u00e9nergies renouvelables et leurs technologies dans un contexte urbain ? Bruxelles Environnement vous propose de r\u00e9pondre \u00e0 cet enjeux lors de son cycle de formation sur la th\u00e9matique. Vous aurez l&rsquo;occasion d&rsquo;en apprendre plus sur les objectifs en termes d&rsquo;\u00e9nergies renouvelables en R\u00e9gion de Bruxelles-Capitale ainsi que sur les technologies utilisant des sources renouvelables. Un focus se portera sur le photovolta\u00efque, le solaire thermique, la pompe \u00e0 chaleur et la cog\u00e9n\u00e9ration. Dates (toute la journ\u00e9e et multilingue) :13\/02\/2520\/02\/25 Plus d&rsquo;informations et inscription (payante) sur ce lien.\" \/>\n<meta property=\"og:url\" content=\"https:\/\/www.renouvelle.be\/fr\/agenda\/formation-energies-renouvelables-bruxelles-environnement\/\" \/>\n<meta property=\"og:site_name\" content=\"Renouvelle\" \/>\n<meta property=\"article:modified_time\" content=\"2025-01-07T09:42:45+00:00\" \/>\n<meta name=\"twitter:card\" content=\"summary_large_image\" \/>\n<script type=\"application\/ld+json\" class=\"yoast-schema-graph\">{\"@context\":\"https:\\\/\\\/schema.org\",\"@graph\":[{\"@type\":\"WebPage\",\"@id\":\"https:\\\/\\\/www.renouvelle.be\\\/fr\\\/agenda\\\/formation-energies-renouvelables-bruxelles-environnement\\\/\",\"url\":\"https:\\\/\\\/www.renouvelle.be\\\/fr\\\/agenda\\\/formation-energies-renouvelables-bruxelles-environnement\\\/\",\"name\":\"Formation - \u00c9nergies renouvelables (Bruxelles Environnement) - Renouvelle\",\"isPartOf\":{\"@id\":\"https:\\\/\\\/www.renouvelle.be\\\/fr\\\/#website\"},\"datePublished\":\"2025-01-07T09:42:42+00:00\",\"dateModified\":\"2025-01-07T09:42:45+00:00\",\"breadcrumb\":{\"@id\":\"https:\\\/\\\/www.renouvelle.be\\\/fr\\\/agenda\\\/formation-energies-renouvelables-bruxelles-environnement\\\/#breadcrumb\"},\"inLanguage\":\"fr-FR\",\"potentialAction\":[{\"@type\":\"ReadAction\",\"target\":[\"https:\\\/\\\/www.renouvelle.be\\\/fr\\\/agenda\\\/formation-energies-renouvelables-bruxelles-environnement\\\/\"]}]},{\"@type\":\"BreadcrumbList\",\"@id\":\"https:\\\/\\\/www.renouvelle.be\\\/fr\\\/agenda\\\/formation-energies-renouvelables-bruxelles-environnement\\\/#breadcrumb\",\"itemListElement\":[{\"@type\":\"ListItem\",\"position\":1,\"name\":\"Accueil\",\"item\":\"https:\\\/\\\/www.renouvelle.be\\\/fr\\\/\"},{\"@type\":\"ListItem\",\"position\":2,\"name\":\"Agenda\",\"item\":\"https:\\\/\\\/www.renouvelle.be\\\/fr\\\/agenda\\\/\"},{\"@type\":\"ListItem\",\"position\":3,\"name\":\"Formation &#8211; \u00c9nergies renouvelables (Bruxelles Environnement)\"}]},{\"@type\":\"WebSite\",\"@id\":\"https:\\\/\\\/www.renouvelle.be\\\/fr\\\/#website\",\"url\":\"https:\\\/\\\/www.renouvelle.be\\\/fr\\\/\",\"name\":\"Renouvelle\",\"description\":\"L&#039;actualit\u00e9 de l&#039;\u00e9nergie durable\",\"potentialAction\":[{\"@type\":\"SearchAction\",\"target\":{\"@type\":\"EntryPoint\",\"urlTemplate\":\"https:\\\/\\\/www.renouvelle.be\\\/fr\\\/?s={search_term_string}\"},\"query-input\":{\"@type\":\"PropertyValueSpecification\",\"valueRequired\":true,\"valueName\":\"search_term_string\"}}],\"inLanguage\":\"fr-FR\"}]}<\/script>\n<!-- \/ Yoast SEO plugin. -->","yoast_head_json":{"title":"Formation - \u00c9nergies renouvelables (Bruxelles Environnement) - Renouvelle","robots":{"index":"index","follow":"follow","max-snippet":"max-snippet:-1","max-image-preview":"max-image-preview:large","max-video-preview":"max-video-preview:-1"},"canonical":"https:\/\/www.renouvelle.be\/fr\/agenda\/formation-energies-renouvelables-bruxelles-environnement\/","og_locale":"fr_FR","og_type":"article","og_title":"Formation - \u00c9nergies renouvelables (Bruxelles Environnement) - Renouvelle","og_description":"Vous \u00eates un professionnel du b\u00e2timent ? Vous vous demandez comment int\u00e9grer les \u00e9nergies renouvelables et leurs technologies dans un contexte urbain ? Bruxelles Environnement vous propose de r\u00e9pondre \u00e0 cet enjeux lors de son cycle de formation sur la th\u00e9matique. Vous aurez l&rsquo;occasion d&rsquo;en apprendre plus sur les objectifs en termes d&rsquo;\u00e9nergies renouvelables en R\u00e9gion de Bruxelles-Capitale ainsi que sur les technologies utilisant des sources renouvelables. Un focus se portera sur le photovolta\u00efque, le solaire thermique, la pompe \u00e0 chaleur et la cog\u00e9n\u00e9ration. Dates (toute la journ\u00e9e et multilingue) :13\/02\/2520\/02\/25 Plus d&rsquo;informations et inscription (payante) sur ce lien.","og_url":"https:\/\/www.renouvelle.be\/fr\/agenda\/formation-energies-renouvelables-bruxelles-environnement\/","og_site_name":"Renouvelle","article_modified_time":"2025-01-07T09:42:45+00:00","twitter_card":"summary_large_image","schema":{"@context":"https:\/\/schema.org","@graph":[{"@type":"WebPage","@id":"https:\/\/www.renouvelle.be\/fr\/agenda\/formation-energies-renouvelables-bruxelles-environnement\/","url":"https:\/\/www.renouvelle.be\/fr\/agenda\/formation-energies-renouvelables-bruxelles-environnement\/","name":"Formation - \u00c9nergies renouvelables (Bruxelles Environnement) - Renouvelle","isPartOf":{"@id":"https:\/\/www.renouvelle.be\/fr\/#website"},"datePublished":"2025-01-07T09:42:42+00:00","dateModified":"2025-01-07T09:42:45+00:00","breadcrumb":{"@id":"https:\/\/www.renouvelle.be\/fr\/agenda\/formation-energies-renouvelables-bruxelles-environnement\/#breadcrumb"},"inLanguage":"fr-FR","potentialAction":[{"@type":"ReadAction","target":["https:\/\/www.renouvelle.be\/fr\/agenda\/formation-energies-renouvelables-bruxelles-environnement\/"]}]},{"@type":"BreadcrumbList","@id":"https:\/\/www.renouvelle.be\/fr\/agenda\/formation-energies-renouvelables-bruxelles-environnement\/#breadcrumb","itemListElement":[{"@type":"ListItem","position":1,"name":"Accueil","item":"https:\/\/www.renouvelle.be\/fr\/"},{"@type":"ListItem","position":2,"name":"Agenda","item":"https:\/\/www.renouvelle.be\/fr\/agenda\/"},{"@type":"ListItem","position":3,"name":"Formation &#8211; \u00c9nergies renouvelables (Bruxelles Environnement)"}]},{"@type":"WebSite","@id":"https:\/\/www.renouvelle.be\/fr\/#website","url":"https:\/\/www.renouvelle.be\/fr\/","name":"Renouvelle","description":"L&#039;actualit\u00e9 de l&#039;\u00e9nergie durable","potentialAction":[{"@type":"SearchAction","target":{"@type":"EntryPoint","urlTemplate":"https:\/\/www.renouvelle.be\/fr\/?s={search_term_string}"},"query-input":{"@type":"PropertyValueSpecification","valueRequired":true,"valueName":"search_term_string"}}],"inLanguage":"fr-FR"}]}},"_links":{"self":[{"href":"https:\/\/www.renouvelle.be\/fr\/wp-json\/wp\/v2\/agenda\/14505","targetHints":{"allow":["GET"]}}],"collection":[{"href":"https:\/\/www.renouvelle.be\/fr\/wp-json\/wp\/v2\/agenda"}],"about":[{"href":"https:\/\/www.renouvelle.be\/fr\/wp-json\/wp\/v2\/types\/agenda"}],"version-history":[{"count":1,"href":"https:\/\/www.renouvelle.be\/fr\/wp-json\/wp\/v2\/agenda\/14505\/revisions"}],"predecessor-version":[{"id":14506,"href":"https:\/\/www.renouvelle.be\/fr\/wp-json\/wp\/v2\/agenda\/14505\/revisions\/14506"}],"wp:attachment":[{"href":"https:\/\/www.renouvelle.be\/fr\/wp-json\/wp\/v2\/media?parent=14505"}],"wp:term":[{"taxonomy":"event","embeddable":true,"href":"https:\/\/www.renouvelle.be\/fr\/wp-json\/wp\/v2\/event?post=14505"}],"curies":[{"name":"wp","href":"https:\/\/api.w.org\/{rel}","templated":true}]}}