{"id":13961,"date":"2024-10-23T15:15:16","date_gmt":"2024-10-23T13:15:16","guid":{"rendered":"https:\/\/www.renouvelle.be\/?post_type=agenda&#038;p=13961"},"modified":"2024-10-23T15:15:20","modified_gmt":"2024-10-23T13:15:20","slug":"conference-deploiement-dune-energie-thermique-verte-en-wallonie","status":"publish","type":"agenda","link":"https:\/\/www.renouvelle.be\/fr\/agenda\/conference-deploiement-dune-energie-thermique-verte-en-wallonie\/","title":{"rendered":"Conf\u00e9rence : D\u00e9ploiement d&rsquo;une \u00e9nergie thermique verte en Wallonie"},"content":{"rendered":"\n<p>Cluster TWEED organise une journ\u00e9e de conf\u00e9rences autour du th\u00e8me de la chaleur renouvelable. En plein essor en Wallonie, cet \u00e9v\u00e8nement sera une occasion de faire un \u00e9tat des lieux et d&rsquo;\u00e9changer sur le futur de la fili\u00e8re au travers de projets futurs ou en d\u00e9veloppement. De la production \u00e0 sa consommation, en passant par sa distribution, l&rsquo;\u00e9nergie thermique renouvelable sera analys\u00e9e sous toutes ses coutures.<br><\/p>\n\n\n\n<p>L&rsquo;\u00e9v\u00e8nement aura lieu \u00e0 Waterloo, le jeudi 14 novembre de 9h \u00e0 17h.<br>Programme complet et inscription (payante) <a href=\"https:\/\/clusters.wallonie.be\/tweed\/fr\/agenda\/heat2net-winter-event-deploiement-dune-energie-thermique-verte-en-wallonie-statut-et\" target=\"_blank\" rel=\"noreferrer noopener\">ici<\/a>.<\/p>\n","protected":false},"featured_media":0,"template":"","meta":{"_acf_changed":false,"footnotes":""},"event":[53],"class_list":["post-13961","agenda","type-agenda","status-publish","hentry","event-conference"],"acf":[],"yoast_head":"<!-- This site is optimized with the Yoast SEO plugin v27.5 - https:\/\/yoast.com\/product\/yoast-seo-wordpress\/ -->\n<title>Conf\u00e9rence : D\u00e9ploiement d&#039;une \u00e9nergie thermique verte en Wallonie - Renouvelle<\/title>\n<meta name=\"robots\" content=\"index, follow, max-snippet:-1, max-image-preview:large, max-video-preview:-1\" \/>\n<link rel=\"canonical\" href=\"https:\/\/www.renouvelle.be\/fr\/agenda\/conference-deploiement-dune-energie-thermique-verte-en-wallonie\/\" \/>\n<meta property=\"og:locale\" content=\"fr_FR\" \/>\n<meta property=\"og:type\" content=\"article\" \/>\n<meta property=\"og:title\" content=\"Conf\u00e9rence : D\u00e9ploiement d&#039;une \u00e9nergie thermique verte en Wallonie - Renouvelle\" \/>\n<meta property=\"og:description\" content=\"Cluster TWEED organise une journ\u00e9e de conf\u00e9rences autour du th\u00e8me de la chaleur renouvelable. En plein essor en Wallonie, cet \u00e9v\u00e8nement sera une occasion de faire un \u00e9tat des lieux et d&rsquo;\u00e9changer sur le futur de la fili\u00e8re au travers de projets futurs ou en d\u00e9veloppement. De la production \u00e0 sa consommation, en passant par sa distribution, l&rsquo;\u00e9nergie thermique renouvelable sera analys\u00e9e sous toutes ses coutures. L&rsquo;\u00e9v\u00e8nement aura lieu \u00e0 Waterloo, le jeudi 14 novembre de 9h \u00e0 17h.Programme complet et inscription (payante) ici.\" \/>\n<meta property=\"og:url\" content=\"https:\/\/www.renouvelle.be\/fr\/agenda\/conference-deploiement-dune-energie-thermique-verte-en-wallonie\/\" \/>\n<meta property=\"og:site_name\" content=\"Renouvelle\" \/>\n<meta property=\"article:modified_time\" content=\"2024-10-23T13:15:20+00:00\" \/>\n<meta name=\"twitter:card\" content=\"summary_large_image\" \/>\n<script type=\"application\/ld+json\" class=\"yoast-schema-graph\">{\"@context\":\"https:\\\/\\\/schema.org\",\"@graph\":[{\"@type\":\"WebPage\",\"@id\":\"https:\\\/\\\/www.renouvelle.be\\\/fr\\\/agenda\\\/conference-deploiement-dune-energie-thermique-verte-en-wallonie\\\/\",\"url\":\"https:\\\/\\\/www.renouvelle.be\\\/fr\\\/agenda\\\/conference-deploiement-dune-energie-thermique-verte-en-wallonie\\\/\",\"name\":\"Conf\u00e9rence : D\u00e9ploiement d'une \u00e9nergie thermique verte en Wallonie - Renouvelle\",\"isPartOf\":{\"@id\":\"https:\\\/\\\/www.renouvelle.be\\\/fr\\\/#website\"},\"datePublished\":\"2024-10-23T13:15:16+00:00\",\"dateModified\":\"2024-10-23T13:15:20+00:00\",\"breadcrumb\":{\"@id\":\"https:\\\/\\\/www.renouvelle.be\\\/fr\\\/agenda\\\/conference-deploiement-dune-energie-thermique-verte-en-wallonie\\\/#breadcrumb\"},\"inLanguage\":\"fr-FR\",\"potentialAction\":[{\"@type\":\"ReadAction\",\"target\":[\"https:\\\/\\\/www.renouvelle.be\\\/fr\\\/agenda\\\/conference-deploiement-dune-energie-thermique-verte-en-wallonie\\\/\"]}]},{\"@type\":\"BreadcrumbList\",\"@id\":\"https:\\\/\\\/www.renouvelle.be\\\/fr\\\/agenda\\\/conference-deploiement-dune-energie-thermique-verte-en-wallonie\\\/#breadcrumb\",\"itemListElement\":[{\"@type\":\"ListItem\",\"position\":1,\"name\":\"Accueil\",\"item\":\"https:\\\/\\\/www.renouvelle.be\\\/fr\\\/\"},{\"@type\":\"ListItem\",\"position\":2,\"name\":\"Agenda\",\"item\":\"https:\\\/\\\/www.renouvelle.be\\\/fr\\\/agenda\\\/\"},{\"@type\":\"ListItem\",\"position\":3,\"name\":\"Conf\u00e9rence : D\u00e9ploiement d&rsquo;une \u00e9nergie thermique verte en Wallonie\"}]},{\"@type\":\"WebSite\",\"@id\":\"https:\\\/\\\/www.renouvelle.be\\\/fr\\\/#website\",\"url\":\"https:\\\/\\\/www.renouvelle.be\\\/fr\\\/\",\"name\":\"Renouvelle\",\"description\":\"L&#039;actualit\u00e9 de l&#039;\u00e9nergie durable\",\"potentialAction\":[{\"@type\":\"SearchAction\",\"target\":{\"@type\":\"EntryPoint\",\"urlTemplate\":\"https:\\\/\\\/www.renouvelle.be\\\/fr\\\/?s={search_term_string}\"},\"query-input\":{\"@type\":\"PropertyValueSpecification\",\"valueRequired\":true,\"valueName\":\"search_term_string\"}}],\"inLanguage\":\"fr-FR\"}]}<\/script>\n<!-- \/ Yoast SEO plugin. -->","yoast_head_json":{"title":"Conf\u00e9rence : D\u00e9ploiement d'une \u00e9nergie thermique verte en Wallonie - Renouvelle","robots":{"index":"index","follow":"follow","max-snippet":"max-snippet:-1","max-image-preview":"max-image-preview:large","max-video-preview":"max-video-preview:-1"},"canonical":"https:\/\/www.renouvelle.be\/fr\/agenda\/conference-deploiement-dune-energie-thermique-verte-en-wallonie\/","og_locale":"fr_FR","og_type":"article","og_title":"Conf\u00e9rence : D\u00e9ploiement d'une \u00e9nergie thermique verte en Wallonie - Renouvelle","og_description":"Cluster TWEED organise une journ\u00e9e de conf\u00e9rences autour du th\u00e8me de la chaleur renouvelable. En plein essor en Wallonie, cet \u00e9v\u00e8nement sera une occasion de faire un \u00e9tat des lieux et d&rsquo;\u00e9changer sur le futur de la fili\u00e8re au travers de projets futurs ou en d\u00e9veloppement. De la production \u00e0 sa consommation, en passant par sa distribution, l&rsquo;\u00e9nergie thermique renouvelable sera analys\u00e9e sous toutes ses coutures. L&rsquo;\u00e9v\u00e8nement aura lieu \u00e0 Waterloo, le jeudi 14 novembre de 9h \u00e0 17h.Programme complet et inscription (payante) ici.","og_url":"https:\/\/www.renouvelle.be\/fr\/agenda\/conference-deploiement-dune-energie-thermique-verte-en-wallonie\/","og_site_name":"Renouvelle","article_modified_time":"2024-10-23T13:15:20+00:00","twitter_card":"summary_large_image","schema":{"@context":"https:\/\/schema.org","@graph":[{"@type":"WebPage","@id":"https:\/\/www.renouvelle.be\/fr\/agenda\/conference-deploiement-dune-energie-thermique-verte-en-wallonie\/","url":"https:\/\/www.renouvelle.be\/fr\/agenda\/conference-deploiement-dune-energie-thermique-verte-en-wallonie\/","name":"Conf\u00e9rence : D\u00e9ploiement d'une \u00e9nergie thermique verte en Wallonie - Renouvelle","isPartOf":{"@id":"https:\/\/www.renouvelle.be\/fr\/#website"},"datePublished":"2024-10-23T13:15:16+00:00","dateModified":"2024-10-23T13:15:20+00:00","breadcrumb":{"@id":"https:\/\/www.renouvelle.be\/fr\/agenda\/conference-deploiement-dune-energie-thermique-verte-en-wallonie\/#breadcrumb"},"inLanguage":"fr-FR","potentialAction":[{"@type":"ReadAction","target":["https:\/\/www.renouvelle.be\/fr\/agenda\/conference-deploiement-dune-energie-thermique-verte-en-wallonie\/"]}]},{"@type":"BreadcrumbList","@id":"https:\/\/www.renouvelle.be\/fr\/agenda\/conference-deploiement-dune-energie-thermique-verte-en-wallonie\/#breadcrumb","itemListElement":[{"@type":"ListItem","position":1,"name":"Accueil","item":"https:\/\/www.renouvelle.be\/fr\/"},{"@type":"ListItem","position":2,"name":"Agenda","item":"https:\/\/www.renouvelle.be\/fr\/agenda\/"},{"@type":"ListItem","position":3,"name":"Conf\u00e9rence : D\u00e9ploiement d&rsquo;une \u00e9nergie thermique verte en Wallonie"}]},{"@type":"WebSite","@id":"https:\/\/www.renouvelle.be\/fr\/#website","url":"https:\/\/www.renouvelle.be\/fr\/","name":"Renouvelle","description":"L&#039;actualit\u00e9 de l&#039;\u00e9nergie durable","potentialAction":[{"@type":"SearchAction","target":{"@type":"EntryPoint","urlTemplate":"https:\/\/www.renouvelle.be\/fr\/?s={search_term_string}"},"query-input":{"@type":"PropertyValueSpecification","valueRequired":true,"valueName":"search_term_string"}}],"inLanguage":"fr-FR"}]}},"_links":{"self":[{"href":"https:\/\/www.renouvelle.be\/fr\/wp-json\/wp\/v2\/agenda\/13961","targetHints":{"allow":["GET"]}}],"collection":[{"href":"https:\/\/www.renouvelle.be\/fr\/wp-json\/wp\/v2\/agenda"}],"about":[{"href":"https:\/\/www.renouvelle.be\/fr\/wp-json\/wp\/v2\/types\/agenda"}],"version-history":[{"count":1,"href":"https:\/\/www.renouvelle.be\/fr\/wp-json\/wp\/v2\/agenda\/13961\/revisions"}],"predecessor-version":[{"id":13962,"href":"https:\/\/www.renouvelle.be\/fr\/wp-json\/wp\/v2\/agenda\/13961\/revisions\/13962"}],"wp:attachment":[{"href":"https:\/\/www.renouvelle.be\/fr\/wp-json\/wp\/v2\/media?parent=13961"}],"wp:term":[{"taxonomy":"event","embeddable":true,"href":"https:\/\/www.renouvelle.be\/fr\/wp-json\/wp\/v2\/event?post=13961"}],"curies":[{"name":"wp","href":"https:\/\/api.w.org\/{rel}","templated":true}]}}