{"id":12464,"date":"2024-02-26T15:28:23","date_gmt":"2024-02-26T14:28:23","guid":{"rendered":"https:\/\/www.renouvelle.be\/?post_type=agenda&#038;p=12464"},"modified":"2024-02-26T15:28:26","modified_gmt":"2024-02-26T14:28:26","slug":"colloque-horizons-partages-sur-la-protection-de-la-biodiversite","status":"publish","type":"agenda","link":"https:\/\/www.renouvelle.be\/fr\/agenda\/colloque-horizons-partages-sur-la-protection-de-la-biodiversite\/","title":{"rendered":"Colloque : Horizons partag\u00e9s sur la protection de la biodiversit\u00e9"},"content":{"rendered":"\n<p><br>Souvent, les informations concernant les atteintes \u00e0 la biodiversit\u00e9 ou sa diminution sont gard\u00e9es confidentielles, ce qui limite leur utilisation pour poursuivre les infractions.<\/p>\n\n\n\n<p>Comment rendre ces donn\u00e9es sensibles plus accessibles et les traiter de mani\u00e8re plus efficace ?<\/p>\n\n\n\n<p>C&rsquo;est \u00e0 cet enjeu essentiel que Canopea essaiera de r\u00e9pondre lors d&rsquo;une journ\u00e9e d&rsquo;expos\u00e9s donn\u00e9s par de nombreux acteurs et actrices dans le domaine sans oublier les \u00e9changes et partages d&rsquo;exp\u00e9rience.<\/p>\n\n\n\n<p>Le colloque aura lieu le 12 mars \u00e0 Louvain-la-Neuve.<br>Plus de d\u00e9tails concernant le programme <a href=\"https:\/\/www.eventbrite.be\/e\/billets-colloque-horizons-partages-sur-la-protection-de-la-biodiversite-818409212987\" target=\"_blank\" rel=\"noreferrer noopener\">ici<\/a>.<\/p>\n\n\n\n<p><br><br><\/p>\n","protected":false},"featured_media":0,"template":"","meta":{"_acf_changed":false,"footnotes":""},"event":[54],"class_list":["post-12464","agenda","type-agenda","status-publish","hentry","event-evenement"],"acf":[],"yoast_head":"<!-- This site is optimized with the Yoast SEO plugin v27.5 - https:\/\/yoast.com\/product\/yoast-seo-wordpress\/ -->\n<title>Colloque : Horizons partag\u00e9s sur la protection de la biodiversit\u00e9 - Renouvelle<\/title>\n<meta name=\"robots\" content=\"index, follow, max-snippet:-1, max-image-preview:large, max-video-preview:-1\" \/>\n<link rel=\"canonical\" href=\"https:\/\/www.renouvelle.be\/fr\/agenda\/colloque-horizons-partages-sur-la-protection-de-la-biodiversite\/\" \/>\n<meta property=\"og:locale\" content=\"fr_FR\" \/>\n<meta property=\"og:type\" content=\"article\" \/>\n<meta property=\"og:title\" content=\"Colloque : Horizons partag\u00e9s sur la protection de la biodiversit\u00e9 - Renouvelle\" \/>\n<meta property=\"og:description\" content=\"Souvent, les informations concernant les atteintes \u00e0 la biodiversit\u00e9 ou sa diminution sont gard\u00e9es confidentielles, ce qui limite leur utilisation pour poursuivre les infractions. Comment rendre ces donn\u00e9es sensibles plus accessibles et les traiter de mani\u00e8re plus efficace ? C&rsquo;est \u00e0 cet enjeu essentiel que Canopea essaiera de r\u00e9pondre lors d&rsquo;une journ\u00e9e d&rsquo;expos\u00e9s donn\u00e9s par de nombreux acteurs et actrices dans le domaine sans oublier les \u00e9changes et partages d&rsquo;exp\u00e9rience. Le colloque aura lieu le 12 mars \u00e0 Louvain-la-Neuve.Plus de d\u00e9tails concernant le programme ici.\" \/>\n<meta property=\"og:url\" content=\"https:\/\/www.renouvelle.be\/fr\/agenda\/colloque-horizons-partages-sur-la-protection-de-la-biodiversite\/\" \/>\n<meta property=\"og:site_name\" content=\"Renouvelle\" \/>\n<meta property=\"article:modified_time\" content=\"2024-02-26T14:28:26+00:00\" \/>\n<meta name=\"twitter:card\" content=\"summary_large_image\" \/>\n<script type=\"application\/ld+json\" class=\"yoast-schema-graph\">{\"@context\":\"https:\\\/\\\/schema.org\",\"@graph\":[{\"@type\":\"WebPage\",\"@id\":\"https:\\\/\\\/www.renouvelle.be\\\/fr\\\/agenda\\\/colloque-horizons-partages-sur-la-protection-de-la-biodiversite\\\/\",\"url\":\"https:\\\/\\\/www.renouvelle.be\\\/fr\\\/agenda\\\/colloque-horizons-partages-sur-la-protection-de-la-biodiversite\\\/\",\"name\":\"Colloque : Horizons partag\u00e9s sur la protection de la biodiversit\u00e9 - Renouvelle\",\"isPartOf\":{\"@id\":\"https:\\\/\\\/www.renouvelle.be\\\/fr\\\/#website\"},\"datePublished\":\"2024-02-26T14:28:23+00:00\",\"dateModified\":\"2024-02-26T14:28:26+00:00\",\"breadcrumb\":{\"@id\":\"https:\\\/\\\/www.renouvelle.be\\\/fr\\\/agenda\\\/colloque-horizons-partages-sur-la-protection-de-la-biodiversite\\\/#breadcrumb\"},\"inLanguage\":\"fr-FR\",\"potentialAction\":[{\"@type\":\"ReadAction\",\"target\":[\"https:\\\/\\\/www.renouvelle.be\\\/fr\\\/agenda\\\/colloque-horizons-partages-sur-la-protection-de-la-biodiversite\\\/\"]}]},{\"@type\":\"BreadcrumbList\",\"@id\":\"https:\\\/\\\/www.renouvelle.be\\\/fr\\\/agenda\\\/colloque-horizons-partages-sur-la-protection-de-la-biodiversite\\\/#breadcrumb\",\"itemListElement\":[{\"@type\":\"ListItem\",\"position\":1,\"name\":\"Accueil\",\"item\":\"https:\\\/\\\/www.renouvelle.be\\\/fr\\\/\"},{\"@type\":\"ListItem\",\"position\":2,\"name\":\"Agenda\",\"item\":\"https:\\\/\\\/www.renouvelle.be\\\/fr\\\/agenda\\\/\"},{\"@type\":\"ListItem\",\"position\":3,\"name\":\"Colloque : Horizons partag\u00e9s sur la protection de la biodiversit\u00e9\"}]},{\"@type\":\"WebSite\",\"@id\":\"https:\\\/\\\/www.renouvelle.be\\\/fr\\\/#website\",\"url\":\"https:\\\/\\\/www.renouvelle.be\\\/fr\\\/\",\"name\":\"Renouvelle\",\"description\":\"L&#039;actualit\u00e9 de l&#039;\u00e9nergie durable\",\"potentialAction\":[{\"@type\":\"SearchAction\",\"target\":{\"@type\":\"EntryPoint\",\"urlTemplate\":\"https:\\\/\\\/www.renouvelle.be\\\/fr\\\/?s={search_term_string}\"},\"query-input\":{\"@type\":\"PropertyValueSpecification\",\"valueRequired\":true,\"valueName\":\"search_term_string\"}}],\"inLanguage\":\"fr-FR\"}]}<\/script>\n<!-- \/ Yoast SEO plugin. -->","yoast_head_json":{"title":"Colloque : Horizons partag\u00e9s sur la protection de la biodiversit\u00e9 - Renouvelle","robots":{"index":"index","follow":"follow","max-snippet":"max-snippet:-1","max-image-preview":"max-image-preview:large","max-video-preview":"max-video-preview:-1"},"canonical":"https:\/\/www.renouvelle.be\/fr\/agenda\/colloque-horizons-partages-sur-la-protection-de-la-biodiversite\/","og_locale":"fr_FR","og_type":"article","og_title":"Colloque : Horizons partag\u00e9s sur la protection de la biodiversit\u00e9 - Renouvelle","og_description":"Souvent, les informations concernant les atteintes \u00e0 la biodiversit\u00e9 ou sa diminution sont gard\u00e9es confidentielles, ce qui limite leur utilisation pour poursuivre les infractions. Comment rendre ces donn\u00e9es sensibles plus accessibles et les traiter de mani\u00e8re plus efficace ? C&rsquo;est \u00e0 cet enjeu essentiel que Canopea essaiera de r\u00e9pondre lors d&rsquo;une journ\u00e9e d&rsquo;expos\u00e9s donn\u00e9s par de nombreux acteurs et actrices dans le domaine sans oublier les \u00e9changes et partages d&rsquo;exp\u00e9rience. Le colloque aura lieu le 12 mars \u00e0 Louvain-la-Neuve.Plus de d\u00e9tails concernant le programme ici.","og_url":"https:\/\/www.renouvelle.be\/fr\/agenda\/colloque-horizons-partages-sur-la-protection-de-la-biodiversite\/","og_site_name":"Renouvelle","article_modified_time":"2024-02-26T14:28:26+00:00","twitter_card":"summary_large_image","schema":{"@context":"https:\/\/schema.org","@graph":[{"@type":"WebPage","@id":"https:\/\/www.renouvelle.be\/fr\/agenda\/colloque-horizons-partages-sur-la-protection-de-la-biodiversite\/","url":"https:\/\/www.renouvelle.be\/fr\/agenda\/colloque-horizons-partages-sur-la-protection-de-la-biodiversite\/","name":"Colloque : Horizons partag\u00e9s sur la protection de la biodiversit\u00e9 - Renouvelle","isPartOf":{"@id":"https:\/\/www.renouvelle.be\/fr\/#website"},"datePublished":"2024-02-26T14:28:23+00:00","dateModified":"2024-02-26T14:28:26+00:00","breadcrumb":{"@id":"https:\/\/www.renouvelle.be\/fr\/agenda\/colloque-horizons-partages-sur-la-protection-de-la-biodiversite\/#breadcrumb"},"inLanguage":"fr-FR","potentialAction":[{"@type":"ReadAction","target":["https:\/\/www.renouvelle.be\/fr\/agenda\/colloque-horizons-partages-sur-la-protection-de-la-biodiversite\/"]}]},{"@type":"BreadcrumbList","@id":"https:\/\/www.renouvelle.be\/fr\/agenda\/colloque-horizons-partages-sur-la-protection-de-la-biodiversite\/#breadcrumb","itemListElement":[{"@type":"ListItem","position":1,"name":"Accueil","item":"https:\/\/www.renouvelle.be\/fr\/"},{"@type":"ListItem","position":2,"name":"Agenda","item":"https:\/\/www.renouvelle.be\/fr\/agenda\/"},{"@type":"ListItem","position":3,"name":"Colloque : Horizons partag\u00e9s sur la protection de la biodiversit\u00e9"}]},{"@type":"WebSite","@id":"https:\/\/www.renouvelle.be\/fr\/#website","url":"https:\/\/www.renouvelle.be\/fr\/","name":"Renouvelle","description":"L&#039;actualit\u00e9 de l&#039;\u00e9nergie durable","potentialAction":[{"@type":"SearchAction","target":{"@type":"EntryPoint","urlTemplate":"https:\/\/www.renouvelle.be\/fr\/?s={search_term_string}"},"query-input":{"@type":"PropertyValueSpecification","valueRequired":true,"valueName":"search_term_string"}}],"inLanguage":"fr-FR"}]}},"_links":{"self":[{"href":"https:\/\/www.renouvelle.be\/fr\/wp-json\/wp\/v2\/agenda\/12464","targetHints":{"allow":["GET"]}}],"collection":[{"href":"https:\/\/www.renouvelle.be\/fr\/wp-json\/wp\/v2\/agenda"}],"about":[{"href":"https:\/\/www.renouvelle.be\/fr\/wp-json\/wp\/v2\/types\/agenda"}],"version-history":[{"count":2,"href":"https:\/\/www.renouvelle.be\/fr\/wp-json\/wp\/v2\/agenda\/12464\/revisions"}],"predecessor-version":[{"id":12466,"href":"https:\/\/www.renouvelle.be\/fr\/wp-json\/wp\/v2\/agenda\/12464\/revisions\/12466"}],"wp:attachment":[{"href":"https:\/\/www.renouvelle.be\/fr\/wp-json\/wp\/v2\/media?parent=12464"}],"wp:term":[{"taxonomy":"event","embeddable":true,"href":"https:\/\/www.renouvelle.be\/fr\/wp-json\/wp\/v2\/event?post=12464"}],"curies":[{"name":"wp","href":"https:\/\/api.w.org\/{rel}","templated":true}]}}