{"id":12455,"date":"2024-02-26T14:32:37","date_gmt":"2024-02-26T13:32:37","guid":{"rendered":"https:\/\/www.renouvelle.be\/?post_type=agenda&#038;p=12455"},"modified":"2024-02-26T14:32:39","modified_gmt":"2024-02-26T13:32:39","slug":"whatsupp-in-france-regarding-energy-communities","status":"publish","type":"agenda","link":"https:\/\/www.renouvelle.be\/fr\/agenda\/whatsupp-in-france-regarding-energy-communities\/","title":{"rendered":"WhatsUpp in&#8230; France, regarding energy communities?"},"content":{"rendered":"\n<p>Les communaut\u00e9s d&rsquo;\u00e9nergie citoyennes (CEC) et les communaut\u00e9s d&rsquo;\u00e9nergie renouvelables (CER) offrent aux r\u00e9sidents et aux entreprises une opportunit\u00e9 de contribuer \u00e0 la transition \u00e9nerg\u00e9tique. Leur introduction via les directives \u00ab\u00a0march\u00e9\u00a0\u00bb 2019\/944 et \u00ab\u00a0renouvelable\u00a0\u00bb 2018\/2001 a entra\u00een\u00e9 des adaptations vari\u00e9es selon les pays et les r\u00e9gions. En France, l&rsquo;ordonnance du 21 mars 2021 a concr\u00e9tis\u00e9 cette transition. Cependant, malgr\u00e9 les incitations gouvernementales en faveur d&rsquo;une gestion locale et citoyenne des \u00e9nergies renouvelables, la mise en \u0153uvre des CEC et des CER peine \u00e0 d\u00e9coller.<\/p>\n\n\n\n<p>Pour explorer le progr\u00e8s des initiatives de partage d&rsquo;\u00e9nergie en France, le Cluster TWEED vous invite \u00e0 un webinaire sur la l\u00e9gislation et la mise en place des communaut\u00e9s \u00e9nerg\u00e9tiques fran\u00e7aises.<\/p>\n\n\n\n<p>Le webinaire aura lieu le 14 mars de 11:00 \u00e0 12:30.<br>Inscription et programme <a href=\"https:\/\/clusters.wallonie.be\/tweed\/fr\/agenda\/whatsupp-france-regarding-energy-communities\" target=\"_blank\" rel=\"noreferrer noopener\">ici<\/a>.<\/p>\n","protected":false},"featured_media":0,"template":"","meta":{"_acf_changed":false,"footnotes":""},"event":[25],"class_list":["post-12455","agenda","type-agenda","status-publish","hentry","event-webinaire"],"acf":[],"yoast_head":"<!-- This site is optimized with the Yoast SEO plugin v27.5 - https:\/\/yoast.com\/product\/yoast-seo-wordpress\/ -->\n<title>WhatsUpp in... France, regarding energy communities? - Renouvelle<\/title>\n<meta name=\"robots\" content=\"index, follow, max-snippet:-1, max-image-preview:large, max-video-preview:-1\" \/>\n<link rel=\"canonical\" href=\"https:\/\/www.renouvelle.be\/fr\/agenda\/whatsupp-in-france-regarding-energy-communities\/\" \/>\n<meta property=\"og:locale\" content=\"fr_FR\" \/>\n<meta property=\"og:type\" content=\"article\" \/>\n<meta property=\"og:title\" content=\"WhatsUpp in... France, regarding energy communities? - Renouvelle\" \/>\n<meta property=\"og:description\" content=\"Les communaut\u00e9s d&rsquo;\u00e9nergie citoyennes (CEC) et les communaut\u00e9s d&rsquo;\u00e9nergie renouvelables (CER) offrent aux r\u00e9sidents et aux entreprises une opportunit\u00e9 de contribuer \u00e0 la transition \u00e9nerg\u00e9tique. Leur introduction via les directives \u00ab\u00a0march\u00e9\u00a0\u00bb 2019\/944 et \u00ab\u00a0renouvelable\u00a0\u00bb 2018\/2001 a entra\u00een\u00e9 des adaptations vari\u00e9es selon les pays et les r\u00e9gions. En France, l&rsquo;ordonnance du 21 mars 2021 a concr\u00e9tis\u00e9 cette transition. Cependant, malgr\u00e9 les incitations gouvernementales en faveur d&rsquo;une gestion locale et citoyenne des \u00e9nergies renouvelables, la mise en \u0153uvre des CEC et des CER peine \u00e0 d\u00e9coller. Pour explorer le progr\u00e8s des initiatives de partage d&rsquo;\u00e9nergie en France, le Cluster TWEED vous invite \u00e0 un webinaire sur la l\u00e9gislation et la mise en place des communaut\u00e9s \u00e9nerg\u00e9tiques fran\u00e7aises. Le webinaire aura lieu le 14 mars de 11:00 \u00e0 12:30.Inscription et programme ici.\" \/>\n<meta property=\"og:url\" content=\"https:\/\/www.renouvelle.be\/fr\/agenda\/whatsupp-in-france-regarding-energy-communities\/\" \/>\n<meta property=\"og:site_name\" content=\"Renouvelle\" \/>\n<meta property=\"article:modified_time\" content=\"2024-02-26T13:32:39+00:00\" \/>\n<meta name=\"twitter:card\" content=\"summary_large_image\" \/>\n<script type=\"application\/ld+json\" class=\"yoast-schema-graph\">{\"@context\":\"https:\\\/\\\/schema.org\",\"@graph\":[{\"@type\":\"WebPage\",\"@id\":\"https:\\\/\\\/www.renouvelle.be\\\/fr\\\/agenda\\\/whatsupp-in-france-regarding-energy-communities\\\/\",\"url\":\"https:\\\/\\\/www.renouvelle.be\\\/fr\\\/agenda\\\/whatsupp-in-france-regarding-energy-communities\\\/\",\"name\":\"WhatsUpp in... France, regarding energy communities? - Renouvelle\",\"isPartOf\":{\"@id\":\"https:\\\/\\\/www.renouvelle.be\\\/fr\\\/#website\"},\"datePublished\":\"2024-02-26T13:32:37+00:00\",\"dateModified\":\"2024-02-26T13:32:39+00:00\",\"breadcrumb\":{\"@id\":\"https:\\\/\\\/www.renouvelle.be\\\/fr\\\/agenda\\\/whatsupp-in-france-regarding-energy-communities\\\/#breadcrumb\"},\"inLanguage\":\"fr-FR\",\"potentialAction\":[{\"@type\":\"ReadAction\",\"target\":[\"https:\\\/\\\/www.renouvelle.be\\\/fr\\\/agenda\\\/whatsupp-in-france-regarding-energy-communities\\\/\"]}]},{\"@type\":\"BreadcrumbList\",\"@id\":\"https:\\\/\\\/www.renouvelle.be\\\/fr\\\/agenda\\\/whatsupp-in-france-regarding-energy-communities\\\/#breadcrumb\",\"itemListElement\":[{\"@type\":\"ListItem\",\"position\":1,\"name\":\"Accueil\",\"item\":\"https:\\\/\\\/www.renouvelle.be\\\/fr\\\/\"},{\"@type\":\"ListItem\",\"position\":2,\"name\":\"Agenda\",\"item\":\"https:\\\/\\\/www.renouvelle.be\\\/fr\\\/agenda\\\/\"},{\"@type\":\"ListItem\",\"position\":3,\"name\":\"WhatsUpp in&#8230; France, regarding energy communities?\"}]},{\"@type\":\"WebSite\",\"@id\":\"https:\\\/\\\/www.renouvelle.be\\\/fr\\\/#website\",\"url\":\"https:\\\/\\\/www.renouvelle.be\\\/fr\\\/\",\"name\":\"Renouvelle\",\"description\":\"L&#039;actualit\u00e9 de l&#039;\u00e9nergie durable\",\"potentialAction\":[{\"@type\":\"SearchAction\",\"target\":{\"@type\":\"EntryPoint\",\"urlTemplate\":\"https:\\\/\\\/www.renouvelle.be\\\/fr\\\/?s={search_term_string}\"},\"query-input\":{\"@type\":\"PropertyValueSpecification\",\"valueRequired\":true,\"valueName\":\"search_term_string\"}}],\"inLanguage\":\"fr-FR\"}]}<\/script>\n<!-- \/ Yoast SEO plugin. -->","yoast_head_json":{"title":"WhatsUpp in... France, regarding energy communities? - Renouvelle","robots":{"index":"index","follow":"follow","max-snippet":"max-snippet:-1","max-image-preview":"max-image-preview:large","max-video-preview":"max-video-preview:-1"},"canonical":"https:\/\/www.renouvelle.be\/fr\/agenda\/whatsupp-in-france-regarding-energy-communities\/","og_locale":"fr_FR","og_type":"article","og_title":"WhatsUpp in... France, regarding energy communities? - Renouvelle","og_description":"Les communaut\u00e9s d&rsquo;\u00e9nergie citoyennes (CEC) et les communaut\u00e9s d&rsquo;\u00e9nergie renouvelables (CER) offrent aux r\u00e9sidents et aux entreprises une opportunit\u00e9 de contribuer \u00e0 la transition \u00e9nerg\u00e9tique. Leur introduction via les directives \u00ab\u00a0march\u00e9\u00a0\u00bb 2019\/944 et \u00ab\u00a0renouvelable\u00a0\u00bb 2018\/2001 a entra\u00een\u00e9 des adaptations vari\u00e9es selon les pays et les r\u00e9gions. En France, l&rsquo;ordonnance du 21 mars 2021 a concr\u00e9tis\u00e9 cette transition. Cependant, malgr\u00e9 les incitations gouvernementales en faveur d&rsquo;une gestion locale et citoyenne des \u00e9nergies renouvelables, la mise en \u0153uvre des CEC et des CER peine \u00e0 d\u00e9coller. Pour explorer le progr\u00e8s des initiatives de partage d&rsquo;\u00e9nergie en France, le Cluster TWEED vous invite \u00e0 un webinaire sur la l\u00e9gislation et la mise en place des communaut\u00e9s \u00e9nerg\u00e9tiques fran\u00e7aises. Le webinaire aura lieu le 14 mars de 11:00 \u00e0 12:30.Inscription et programme ici.","og_url":"https:\/\/www.renouvelle.be\/fr\/agenda\/whatsupp-in-france-regarding-energy-communities\/","og_site_name":"Renouvelle","article_modified_time":"2024-02-26T13:32:39+00:00","twitter_card":"summary_large_image","schema":{"@context":"https:\/\/schema.org","@graph":[{"@type":"WebPage","@id":"https:\/\/www.renouvelle.be\/fr\/agenda\/whatsupp-in-france-regarding-energy-communities\/","url":"https:\/\/www.renouvelle.be\/fr\/agenda\/whatsupp-in-france-regarding-energy-communities\/","name":"WhatsUpp in... France, regarding energy communities? - Renouvelle","isPartOf":{"@id":"https:\/\/www.renouvelle.be\/fr\/#website"},"datePublished":"2024-02-26T13:32:37+00:00","dateModified":"2024-02-26T13:32:39+00:00","breadcrumb":{"@id":"https:\/\/www.renouvelle.be\/fr\/agenda\/whatsupp-in-france-regarding-energy-communities\/#breadcrumb"},"inLanguage":"fr-FR","potentialAction":[{"@type":"ReadAction","target":["https:\/\/www.renouvelle.be\/fr\/agenda\/whatsupp-in-france-regarding-energy-communities\/"]}]},{"@type":"BreadcrumbList","@id":"https:\/\/www.renouvelle.be\/fr\/agenda\/whatsupp-in-france-regarding-energy-communities\/#breadcrumb","itemListElement":[{"@type":"ListItem","position":1,"name":"Accueil","item":"https:\/\/www.renouvelle.be\/fr\/"},{"@type":"ListItem","position":2,"name":"Agenda","item":"https:\/\/www.renouvelle.be\/fr\/agenda\/"},{"@type":"ListItem","position":3,"name":"WhatsUpp in&#8230; France, regarding energy communities?"}]},{"@type":"WebSite","@id":"https:\/\/www.renouvelle.be\/fr\/#website","url":"https:\/\/www.renouvelle.be\/fr\/","name":"Renouvelle","description":"L&#039;actualit\u00e9 de l&#039;\u00e9nergie durable","potentialAction":[{"@type":"SearchAction","target":{"@type":"EntryPoint","urlTemplate":"https:\/\/www.renouvelle.be\/fr\/?s={search_term_string}"},"query-input":{"@type":"PropertyValueSpecification","valueRequired":true,"valueName":"search_term_string"}}],"inLanguage":"fr-FR"}]}},"_links":{"self":[{"href":"https:\/\/www.renouvelle.be\/fr\/wp-json\/wp\/v2\/agenda\/12455","targetHints":{"allow":["GET"]}}],"collection":[{"href":"https:\/\/www.renouvelle.be\/fr\/wp-json\/wp\/v2\/agenda"}],"about":[{"href":"https:\/\/www.renouvelle.be\/fr\/wp-json\/wp\/v2\/types\/agenda"}],"version-history":[{"count":1,"href":"https:\/\/www.renouvelle.be\/fr\/wp-json\/wp\/v2\/agenda\/12455\/revisions"}],"predecessor-version":[{"id":12456,"href":"https:\/\/www.renouvelle.be\/fr\/wp-json\/wp\/v2\/agenda\/12455\/revisions\/12456"}],"wp:attachment":[{"href":"https:\/\/www.renouvelle.be\/fr\/wp-json\/wp\/v2\/media?parent=12455"}],"wp:term":[{"taxonomy":"event","embeddable":true,"href":"https:\/\/www.renouvelle.be\/fr\/wp-json\/wp\/v2\/event?post=12455"}],"curies":[{"name":"wp","href":"https:\/\/api.w.org\/{rel}","templated":true}]}}