{"id":10135,"date":"2023-07-05T14:02:38","date_gmt":"2023-07-05T12:02:38","guid":{"rendered":"https:\/\/www.renouvelle.be\/?post_type=agenda&#038;p=10135"},"modified":"2023-07-05T14:02:41","modified_gmt":"2023-07-05T12:02:41","slug":"lecosysteme-dedie-a-lhydrogene-au-sein-de-tweed","status":"publish","type":"agenda","link":"https:\/\/www.renouvelle.be\/fr\/agenda\/lecosysteme-dedie-a-lhydrogene-au-sein-de-tweed\/","title":{"rendered":"L&rsquo;\u00e9cosyst\u00e8me d\u00e9di\u00e9 \u00e0 l\u2019hydrog\u00e8ne au sein de TWEED"},"content":{"rendered":"\n<p>Le Cluster TWEED via son \u00e9cosyst\u00e8me <strong>H2Hub Wallonia <\/strong>a le plaisir de vous inviter \u00e0 la premi\u00e8re conf\u00e9rence du <a href=\"https:\/\/cdn.flxml.eu\/lt-2186337560-03ab888fd87f445e8e3df9da24847d81\"><strong>Belgian Hydrogen Council <\/strong><\/a>(BHC) afin de vous pr\u00e9senter les forces majeures de la Belgique au niveau local mais \u00e9galement en Europe et sur la sc\u00e8ne internationale en tant que p\u00f4le pionnier d&rsquo;excellence d\u00e9di\u00e9 \u00e0 l&rsquo;hydrog\u00e8ne propre.<\/p>\n","protected":false},"featured_media":0,"template":"","meta":{"_acf_changed":false,"footnotes":""},"event":[53],"class_list":["post-10135","agenda","type-agenda","status-publish","hentry","event-conference"],"acf":[],"yoast_head":"<!-- This site is optimized with the Yoast SEO plugin v27.5 - https:\/\/yoast.com\/product\/yoast-seo-wordpress\/ -->\n<title>L&#039;\u00e9cosyst\u00e8me d\u00e9di\u00e9 \u00e0 l\u2019hydrog\u00e8ne au sein de TWEED - Renouvelle<\/title>\n<meta name=\"robots\" content=\"index, follow, max-snippet:-1, max-image-preview:large, max-video-preview:-1\" \/>\n<link rel=\"canonical\" href=\"https:\/\/www.renouvelle.be\/fr\/agenda\/lecosysteme-dedie-a-lhydrogene-au-sein-de-tweed\/\" \/>\n<meta property=\"og:locale\" content=\"fr_FR\" \/>\n<meta property=\"og:type\" content=\"article\" \/>\n<meta property=\"og:title\" content=\"L&#039;\u00e9cosyst\u00e8me d\u00e9di\u00e9 \u00e0 l\u2019hydrog\u00e8ne au sein de TWEED - Renouvelle\" \/>\n<meta property=\"og:description\" content=\"Le Cluster TWEED via son \u00e9cosyst\u00e8me H2Hub Wallonia a le plaisir de vous inviter \u00e0 la premi\u00e8re conf\u00e9rence du Belgian Hydrogen Council (BHC) afin de vous pr\u00e9senter les forces majeures de la Belgique au niveau local mais \u00e9galement en Europe et sur la sc\u00e8ne internationale en tant que p\u00f4le pionnier d&rsquo;excellence d\u00e9di\u00e9 \u00e0 l&rsquo;hydrog\u00e8ne propre.\" \/>\n<meta property=\"og:url\" content=\"https:\/\/www.renouvelle.be\/fr\/agenda\/lecosysteme-dedie-a-lhydrogene-au-sein-de-tweed\/\" \/>\n<meta property=\"og:site_name\" content=\"Renouvelle\" \/>\n<meta property=\"article:modified_time\" content=\"2023-07-05T12:02:41+00:00\" \/>\n<meta name=\"twitter:card\" content=\"summary_large_image\" \/>\n<script type=\"application\/ld+json\" class=\"yoast-schema-graph\">{\"@context\":\"https:\\\/\\\/schema.org\",\"@graph\":[{\"@type\":\"WebPage\",\"@id\":\"https:\\\/\\\/www.renouvelle.be\\\/fr\\\/agenda\\\/lecosysteme-dedie-a-lhydrogene-au-sein-de-tweed\\\/\",\"url\":\"https:\\\/\\\/www.renouvelle.be\\\/fr\\\/agenda\\\/lecosysteme-dedie-a-lhydrogene-au-sein-de-tweed\\\/\",\"name\":\"L'\u00e9cosyst\u00e8me d\u00e9di\u00e9 \u00e0 l\u2019hydrog\u00e8ne au sein de TWEED - Renouvelle\",\"isPartOf\":{\"@id\":\"https:\\\/\\\/www.renouvelle.be\\\/fr\\\/#website\"},\"datePublished\":\"2023-07-05T12:02:38+00:00\",\"dateModified\":\"2023-07-05T12:02:41+00:00\",\"breadcrumb\":{\"@id\":\"https:\\\/\\\/www.renouvelle.be\\\/fr\\\/agenda\\\/lecosysteme-dedie-a-lhydrogene-au-sein-de-tweed\\\/#breadcrumb\"},\"inLanguage\":\"fr-FR\",\"potentialAction\":[{\"@type\":\"ReadAction\",\"target\":[\"https:\\\/\\\/www.renouvelle.be\\\/fr\\\/agenda\\\/lecosysteme-dedie-a-lhydrogene-au-sein-de-tweed\\\/\"]}]},{\"@type\":\"BreadcrumbList\",\"@id\":\"https:\\\/\\\/www.renouvelle.be\\\/fr\\\/agenda\\\/lecosysteme-dedie-a-lhydrogene-au-sein-de-tweed\\\/#breadcrumb\",\"itemListElement\":[{\"@type\":\"ListItem\",\"position\":1,\"name\":\"Accueil\",\"item\":\"https:\\\/\\\/www.renouvelle.be\\\/fr\\\/\"},{\"@type\":\"ListItem\",\"position\":2,\"name\":\"Agenda\",\"item\":\"https:\\\/\\\/www.renouvelle.be\\\/fr\\\/agenda\\\/\"},{\"@type\":\"ListItem\",\"position\":3,\"name\":\"L&rsquo;\u00e9cosyst\u00e8me d\u00e9di\u00e9 \u00e0 l\u2019hydrog\u00e8ne au sein de TWEED\"}]},{\"@type\":\"WebSite\",\"@id\":\"https:\\\/\\\/www.renouvelle.be\\\/fr\\\/#website\",\"url\":\"https:\\\/\\\/www.renouvelle.be\\\/fr\\\/\",\"name\":\"Renouvelle\",\"description\":\"L&#039;actualit\u00e9 de l&#039;\u00e9nergie durable\",\"potentialAction\":[{\"@type\":\"SearchAction\",\"target\":{\"@type\":\"EntryPoint\",\"urlTemplate\":\"https:\\\/\\\/www.renouvelle.be\\\/fr\\\/?s={search_term_string}\"},\"query-input\":{\"@type\":\"PropertyValueSpecification\",\"valueRequired\":true,\"valueName\":\"search_term_string\"}}],\"inLanguage\":\"fr-FR\"}]}<\/script>\n<!-- \/ Yoast SEO plugin. -->","yoast_head_json":{"title":"L'\u00e9cosyst\u00e8me d\u00e9di\u00e9 \u00e0 l\u2019hydrog\u00e8ne au sein de TWEED - Renouvelle","robots":{"index":"index","follow":"follow","max-snippet":"max-snippet:-1","max-image-preview":"max-image-preview:large","max-video-preview":"max-video-preview:-1"},"canonical":"https:\/\/www.renouvelle.be\/fr\/agenda\/lecosysteme-dedie-a-lhydrogene-au-sein-de-tweed\/","og_locale":"fr_FR","og_type":"article","og_title":"L'\u00e9cosyst\u00e8me d\u00e9di\u00e9 \u00e0 l\u2019hydrog\u00e8ne au sein de TWEED - Renouvelle","og_description":"Le Cluster TWEED via son \u00e9cosyst\u00e8me H2Hub Wallonia a le plaisir de vous inviter \u00e0 la premi\u00e8re conf\u00e9rence du Belgian Hydrogen Council (BHC) afin de vous pr\u00e9senter les forces majeures de la Belgique au niveau local mais \u00e9galement en Europe et sur la sc\u00e8ne internationale en tant que p\u00f4le pionnier d&rsquo;excellence d\u00e9di\u00e9 \u00e0 l&rsquo;hydrog\u00e8ne propre.","og_url":"https:\/\/www.renouvelle.be\/fr\/agenda\/lecosysteme-dedie-a-lhydrogene-au-sein-de-tweed\/","og_site_name":"Renouvelle","article_modified_time":"2023-07-05T12:02:41+00:00","twitter_card":"summary_large_image","schema":{"@context":"https:\/\/schema.org","@graph":[{"@type":"WebPage","@id":"https:\/\/www.renouvelle.be\/fr\/agenda\/lecosysteme-dedie-a-lhydrogene-au-sein-de-tweed\/","url":"https:\/\/www.renouvelle.be\/fr\/agenda\/lecosysteme-dedie-a-lhydrogene-au-sein-de-tweed\/","name":"L'\u00e9cosyst\u00e8me d\u00e9di\u00e9 \u00e0 l\u2019hydrog\u00e8ne au sein de TWEED - Renouvelle","isPartOf":{"@id":"https:\/\/www.renouvelle.be\/fr\/#website"},"datePublished":"2023-07-05T12:02:38+00:00","dateModified":"2023-07-05T12:02:41+00:00","breadcrumb":{"@id":"https:\/\/www.renouvelle.be\/fr\/agenda\/lecosysteme-dedie-a-lhydrogene-au-sein-de-tweed\/#breadcrumb"},"inLanguage":"fr-FR","potentialAction":[{"@type":"ReadAction","target":["https:\/\/www.renouvelle.be\/fr\/agenda\/lecosysteme-dedie-a-lhydrogene-au-sein-de-tweed\/"]}]},{"@type":"BreadcrumbList","@id":"https:\/\/www.renouvelle.be\/fr\/agenda\/lecosysteme-dedie-a-lhydrogene-au-sein-de-tweed\/#breadcrumb","itemListElement":[{"@type":"ListItem","position":1,"name":"Accueil","item":"https:\/\/www.renouvelle.be\/fr\/"},{"@type":"ListItem","position":2,"name":"Agenda","item":"https:\/\/www.renouvelle.be\/fr\/agenda\/"},{"@type":"ListItem","position":3,"name":"L&rsquo;\u00e9cosyst\u00e8me d\u00e9di\u00e9 \u00e0 l\u2019hydrog\u00e8ne au sein de TWEED"}]},{"@type":"WebSite","@id":"https:\/\/www.renouvelle.be\/fr\/#website","url":"https:\/\/www.renouvelle.be\/fr\/","name":"Renouvelle","description":"L&#039;actualit\u00e9 de l&#039;\u00e9nergie durable","potentialAction":[{"@type":"SearchAction","target":{"@type":"EntryPoint","urlTemplate":"https:\/\/www.renouvelle.be\/fr\/?s={search_term_string}"},"query-input":{"@type":"PropertyValueSpecification","valueRequired":true,"valueName":"search_term_string"}}],"inLanguage":"fr-FR"}]}},"_links":{"self":[{"href":"https:\/\/www.renouvelle.be\/fr\/wp-json\/wp\/v2\/agenda\/10135","targetHints":{"allow":["GET"]}}],"collection":[{"href":"https:\/\/www.renouvelle.be\/fr\/wp-json\/wp\/v2\/agenda"}],"about":[{"href":"https:\/\/www.renouvelle.be\/fr\/wp-json\/wp\/v2\/types\/agenda"}],"version-history":[{"count":2,"href":"https:\/\/www.renouvelle.be\/fr\/wp-json\/wp\/v2\/agenda\/10135\/revisions"}],"predecessor-version":[{"id":10137,"href":"https:\/\/www.renouvelle.be\/fr\/wp-json\/wp\/v2\/agenda\/10135\/revisions\/10137"}],"wp:attachment":[{"href":"https:\/\/www.renouvelle.be\/fr\/wp-json\/wp\/v2\/media?parent=10135"}],"wp:term":[{"taxonomy":"event","embeddable":true,"href":"https:\/\/www.renouvelle.be\/fr\/wp-json\/wp\/v2\/event?post=10135"}],"curies":[{"name":"wp","href":"https:\/\/api.w.org\/{rel}","templated":true}]}}