{"version":"1.0","provider_name":"Renouvelle","provider_url":"https:\/\/www.renouvelle.be\/fr\/","author_name":"Energie Commune","author_url":"https:\/\/www.renouvelle.be\/fr\/author\/apere\/","title":"Une prise \u00e9lectrique g\u00e9ante en mer du Nord - Renouvelle","type":"rich","width":600,"height":338,"html":"<blockquote class=\"wp-embedded-content\" data-secret=\"eHZFspDLpn\"><a href=\"https:\/\/www.renouvelle.be\/fr\/une-prise-electrique-geante-en-mer-du-nord\/\">Une prise \u00e9lectrique g\u00e9ante en mer du Nord<\/a><\/blockquote><iframe sandbox=\"allow-scripts\" security=\"restricted\" src=\"https:\/\/www.renouvelle.be\/fr\/une-prise-electrique-geante-en-mer-du-nord\/embed\/#?secret=eHZFspDLpn\" width=\"600\" height=\"338\" title=\"\u00ab\u00a0Une prise \u00e9lectrique g\u00e9ante en mer du Nord\u00a0\u00bb &#8212; Renouvelle\" data-secret=\"eHZFspDLpn\" frameborder=\"0\" marginwidth=\"0\" marginheight=\"0\" scrolling=\"no\" class=\"wp-embedded-content\"><\/iframe><script type=\"text\/javascript\">\n\/* <![CDATA[ *\/\n\/*! This file is auto-generated *\/\n!function(d,l){\"use strict\";l.querySelector&&d.addEventListener&&\"undefined\"!=typeof URL&&(d.wp=d.wp||{},d.wp.receiveEmbedMessage||(d.wp.receiveEmbedMessage=function(e){var t=e.data;if((t||t.secret||t.message||t.value)&&!\/[^a-zA-Z0-9]\/.test(t.secret)){for(var s,r,n,a=l.querySelectorAll('iframe[data-secret=\"'+t.secret+'\"]'),o=l.querySelectorAll('blockquote[data-secret=\"'+t.secret+'\"]'),c=new RegExp(\"^https?:$\",\"i\"),i=0;i<o.length;i++)o[i].style.display=\"none\";for(i=0;i<a.length;i++)s=a[i],e.source===s.contentWindow&&(s.removeAttribute(\"style\"),\"height\"===t.message?(1e3<(r=parseInt(t.value,10))?r=1e3:~~r<200&&(r=200),s.height=r):\"link\"===t.message&&(r=new URL(s.getAttribute(\"src\")),n=new URL(t.value),c.test(n.protocol))&&n.host===r.host&&l.activeElement===s&&(d.top.location.href=t.value))}},d.addEventListener(\"message\",d.wp.receiveEmbedMessage,!1),l.addEventListener(\"DOMContentLoaded\",function(){for(var e,t,s=l.querySelectorAll(\"iframe.wp-embedded-content\"),r=0;r<s.length;r++)(t=(e=s[r]).getAttribute(\"data-secret\"))||(t=Math.random().toString(36).substring(2,12),e.src+=\"#?secret=\"+t,e.setAttribute(\"data-secret\",t)),e.contentWindow.postMessage({message:\"ready\",secret:t},\"*\")},!1)))}(window,document);\n\/\/# sourceURL=https:\/\/www.renouvelle.be\/wp-includes\/js\/wp-embed.min.js\n\/* ]]> *\/\n<\/script>\n","thumbnail_url":"https:\/\/www.renouvelle.be\/wp-content\/uploads\/2021\/02\/mog1.jpg","thumbnail_width":580,"thumbnail_height":392,"description":"Un chantier spectaculaire s\u2019ach\u00e8ve en mer du Nord avec l\u2019installation, en avril dernier, d\u2019une prise \u00e9lectrique g\u00e9ante au large de Zeebruges (photos ci-dessus et ci-dessous). Transport de la prise \u00e9lectrique vers le grand large. Photos&nbsp;: Elia. Situ\u00e9e \u00e0 40 km des c\u00f4tes belges, cette prise fait partie d\u2019un important r\u00e9seau modulaire offshore (Modular Offshore Grid &#8211; MOG) qui permettra de regrouper l&rsquo;\u00e9lectricit\u00e9 produite par 4 parcs \u00e9oliens (Rentel, Seastar, Mermaid et Northwester 2) et de l&rsquo;acheminer jusqu\u2019\u00e0 la terre ferme par 3 c\u00e2bles sous-marins conjoints jusqu&rsquo;au poste \u00e0 haute tension de Stevin \u00e0 Zeebruges. Un v\u00e9ritable tour de force technique (voir sch\u00e9ma et photo ci-dessous). Voici le premier des 3 c\u00e2bles sous-marins qui relieront le MOG au r\u00e9seau \u00e9lectrique terrestre. &nbsp; Meilleure disponibilit\u00e9 des parcs \u00e9oliens Jusqu\u2019\u00e0 pr\u00e9sent, chaque parc \u00e9olien en mer du Nord \u00e9tait raccord\u00e9 au r\u00e9seau terrestre par un c\u00e2ble unique. Une panne peut donc entra\u00eener l\u2019arr\u00eat et la perte totale de la production \u00e9olienne, tant que le raccordement est d\u00e9fectueux. Par contre, les 4 parcs \u00e9oliens en mer raccord\u00e9s via le MOG offriront une disponibilit\u00e9 totale sup\u00e9rieure car la plateforme sera reli\u00e9e au r\u00e9seau terrestre par 3 c\u00e2bles. En cas de panne de l\u2019un des c\u00e2bles, la production \u00e9olienne continuera \u00e0 \u00eatre livr\u00e9e par les 2 autres c\u00e2bles. Les pertes possibles de production seront limit\u00e9es aux seuls moments o\u00f9 les 4 parcs tourneraient \u00e0 plein r\u00e9gime en m\u00eame temps, ce qui n\u2019arrive qu\u2019un tiers du temps. En outre, ce projet permet d&rsquo;\u00e9conomiser 40 km de c\u00e2bles et de r\u00e9duire les co\u00fbts de raccordement. Le MOG sera op\u00e9rationnel d\u00e8s septembre 2019 et jouera un r\u00f4le essentiel pour int\u00e9grer une plus grande part d\u2019\u00e9lectricit\u00e9 \u00e9olienne offshore dans le r\u00e9seau belge. Elia pr\u00e9voie en effet d\u2019ores et d\u00e9j\u00e0 la &hellip; Continue reading \"\""}