{"version":"1.0","provider_name":"Renouvelle","provider_url":"https:\/\/www.renouvelle.be\/fr\/","author_name":"Energie Commune","author_url":"https:\/\/www.renouvelle.be\/fr\/author\/apere\/","title":"Premiers projets pilotes d\u2019autoconsommation collective \u00e0 Bruxelles - Renouvelle","type":"rich","width":600,"height":338,"html":"<blockquote class=\"wp-embedded-content\" data-secret=\"oDob2sa6RE\"><a href=\"https:\/\/www.renouvelle.be\/fr\/premiers-projets-pilotes-dautoconsommation-collective-a-bruxelles\/\">Premiers projets pilotes d\u2019autoconsommation collective \u00e0 Bruxelles<\/a><\/blockquote><iframe sandbox=\"allow-scripts\" security=\"restricted\" src=\"https:\/\/www.renouvelle.be\/fr\/premiers-projets-pilotes-dautoconsommation-collective-a-bruxelles\/embed\/#?secret=oDob2sa6RE\" width=\"600\" height=\"338\" title=\"\u00ab\u00a0Premiers projets pilotes d\u2019autoconsommation collective \u00e0 Bruxelles\u00a0\u00bb &#8212; Renouvelle\" data-secret=\"oDob2sa6RE\" frameborder=\"0\" marginwidth=\"0\" marginheight=\"0\" scrolling=\"no\" class=\"wp-embedded-content\"><\/iframe><script type=\"text\/javascript\">\n\/* <![CDATA[ *\/\n\/*! This file is auto-generated *\/\n!function(d,l){\"use strict\";l.querySelector&&d.addEventListener&&\"undefined\"!=typeof URL&&(d.wp=d.wp||{},d.wp.receiveEmbedMessage||(d.wp.receiveEmbedMessage=function(e){var t=e.data;if((t||t.secret||t.message||t.value)&&!\/[^a-zA-Z0-9]\/.test(t.secret)){for(var s,r,n,a=l.querySelectorAll('iframe[data-secret=\"'+t.secret+'\"]'),o=l.querySelectorAll('blockquote[data-secret=\"'+t.secret+'\"]'),c=new RegExp(\"^https?:$\",\"i\"),i=0;i<o.length;i++)o[i].style.display=\"none\";for(i=0;i<a.length;i++)s=a[i],e.source===s.contentWindow&&(s.removeAttribute(\"style\"),\"height\"===t.message?(1e3<(r=parseInt(t.value,10))?r=1e3:~~r<200&&(r=200),s.height=r):\"link\"===t.message&&(r=new URL(s.getAttribute(\"src\")),n=new URL(t.value),c.test(n.protocol))&&n.host===r.host&&l.activeElement===s&&(d.top.location.href=t.value))}},d.addEventListener(\"message\",d.wp.receiveEmbedMessage,!1),l.addEventListener(\"DOMContentLoaded\",function(){for(var e,t,s=l.querySelectorAll(\"iframe.wp-embedded-content\"),r=0;r<s.length;r++)(t=(e=s[r]).getAttribute(\"data-secret\"))||(t=Math.random().toString(36).substring(2,12),e.src+=\"#?secret=\"+t,e.setAttribute(\"data-secret\",t)),e.contentWindow.postMessage({message:\"ready\",secret:t},\"*\")},!1)))}(window,document);\n\/\/# sourceURL=https:\/\/www.renouvelle.be\/wp-includes\/js\/wp-embed.min.js\n\/* ]]> *\/\n<\/script>\n","thumbnail_url":"https:\/\/www.renouvelle.be\/wp-content\/uploads\/2021\/02\/bambins.jpg","thumbnail_width":580,"thumbnail_height":316,"description":"&nbsp; Il se pr\u00e9pare actuellement deux projets pilotes d\u2019autoconsommation collective en R\u00e9gion Bruxelloise, sur deux \u00e9coles : Saint-Augustin \u00e0 Forest et Nos bambins \u00e0 Ganshoren (photo ci-dessus). Le premier projet est d\u00e9velopp\u00e9 par Sun for School, le second par l\u2019APERe, en collaboration avec Sibelga. Ces deux \u00e9coles, d\u00e9j\u00e0 \u00e9quip\u00e9es en panneaux photovolta\u00efques, pourront, \u00e0 terme, vendre leur surplus d\u2019\u00e9lectricit\u00e9 \u00e0 des m\u00e9nages qui habitent le quartier (raccord\u00e9s au m\u00eame poste basse-tension) et qui participeront aux deux communaut\u00e9s d\u2019\u00e9nergies renouvelables locales. De mani\u00e8re g\u00e9n\u00e9rale, les \u00e9coles sont des b\u00e2timents particuli\u00e8rement int\u00e9ressants pour d\u00e9velopper une autoconsommation collective. En effet, lorsque l\u2019\u00e9cole est ferm\u00e9e et ne peut donc pas consommer son \u00e9lectricit\u00e9 solaire, la production photovolta\u00efque peut \u00eatre partag\u00e9e \u00e0 des voisins : les mercredi apr\u00e8s-midi, les week-ends, durant les vacances scolaires (en juillet-ao\u00fbt notamment, lorsque la production solaire est \u00e9lev\u00e9e), \u2026 &nbsp; Ces p\u00e9riodes repr\u00e9sentent 64% de la production photovolta\u00efque \u00e0 Forest et 83% \u00e0 Ganshoren. La production, au lieu d\u2019\u00eatre aveugl\u00e9ment inject\u00e9e dans le r\u00e9seau, pourra donc \u00eatre vendue, \u00e0 un tarif avantageux, aux voisins participants, favorisant ainsi une consommation locale d\u2019\u00e9lectricit\u00e9 solaire. &nbsp; Sibelga, dans un r\u00f4le de facilitateur &nbsp; Sibelga, qui joue ici son r\u00f4le de gestionnaire de distribution, a organis\u00e9, en partenariat avec les porteurs des projets, des s\u00e9ances d\u2019information pour les voisins des \u00e9coles, \u00e0 l\u2019issue desquelles 25 consommateurs ont marqu\u00e9 leur int\u00e9r\u00eat. Equip\u00e9s de compteurs intelligents, les m\u00e9nages participants b\u00e9n\u00e9ficieront du surplus d\u2019\u00e9lectricit\u00e9 solaire en fonction de cl\u00e9s de r\u00e9partition qui devront \u00eatre d\u00e9finies. \u00ab Nous aurons les informations des index pour chaque quart d&rsquo;heure afin de calculer la part du surplus que chacun consomme. Ceci, afin d\u2019impl\u00e9menter la cl\u00e9 de r\u00e9partition entre les diff\u00e9rents membres de la communaut\u00e9 \u00bb, explique Daphn\u00e9 Benzennou, Experte de la &hellip; Continue reading \"\""}