{"version":"1.0","provider_name":"Renouvelle","provider_url":"https:\/\/www.renouvelle.be\/fr\/","author_name":"Energie Commune","author_url":"https:\/\/www.renouvelle.be\/fr\/author\/apere\/","title":"Photovolta\u00efque pour tous : des outils de r\u00e9f\u00e9rence - Renouvelle","type":"rich","width":600,"height":338,"html":"<blockquote class=\"wp-embedded-content\" data-secret=\"FJ3ERC1mbm\"><a href=\"https:\/\/www.renouvelle.be\/fr\/photovoltaique-pour-tous-des-outils-de-reference\/\">Photovolta\u00efque pour tous : des outils de r\u00e9f\u00e9rence<\/a><\/blockquote><iframe sandbox=\"allow-scripts\" security=\"restricted\" src=\"https:\/\/www.renouvelle.be\/fr\/photovoltaique-pour-tous-des-outils-de-reference\/embed\/#?secret=FJ3ERC1mbm\" width=\"600\" height=\"338\" title=\"\u00ab\u00a0Photovolta\u00efque pour tous : des outils de r\u00e9f\u00e9rence\u00a0\u00bb &#8212; Renouvelle\" data-secret=\"FJ3ERC1mbm\" frameborder=\"0\" marginwidth=\"0\" marginheight=\"0\" scrolling=\"no\" class=\"wp-embedded-content\"><\/iframe><script type=\"text\/javascript\">\n\/* <![CDATA[ *\/\n\/*! This file is auto-generated *\/\n!function(d,l){\"use strict\";l.querySelector&&d.addEventListener&&\"undefined\"!=typeof URL&&(d.wp=d.wp||{},d.wp.receiveEmbedMessage||(d.wp.receiveEmbedMessage=function(e){var t=e.data;if((t||t.secret||t.message||t.value)&&!\/[^a-zA-Z0-9]\/.test(t.secret)){for(var s,r,n,a=l.querySelectorAll('iframe[data-secret=\"'+t.secret+'\"]'),o=l.querySelectorAll('blockquote[data-secret=\"'+t.secret+'\"]'),c=new RegExp(\"^https?:$\",\"i\"),i=0;i<o.length;i++)o[i].style.display=\"none\";for(i=0;i<a.length;i++)s=a[i],e.source===s.contentWindow&&(s.removeAttribute(\"style\"),\"height\"===t.message?(1e3<(r=parseInt(t.value,10))?r=1e3:~~r<200&&(r=200),s.height=r):\"link\"===t.message&&(r=new URL(s.getAttribute(\"src\")),n=new URL(t.value),c.test(n.protocol))&&n.host===r.host&&l.activeElement===s&&(d.top.location.href=t.value))}},d.addEventListener(\"message\",d.wp.receiveEmbedMessage,!1),l.addEventListener(\"DOMContentLoaded\",function(){for(var e,t,s=l.querySelectorAll(\"iframe.wp-embedded-content\"),r=0;r<s.length;r++)(t=(e=s[r]).getAttribute(\"data-secret\"))||(t=Math.random().toString(36).substring(2,12),e.src+=\"#?secret=\"+t,e.setAttribute(\"data-secret\",t)),e.contentWindow.postMessage({message:\"ready\",secret:t},\"*\")},!1)))}(window,document);\n\/\/# sourceURL=https:\/\/www.renouvelle.be\/wp-includes\/js\/wp-embed.min.js\n\/* ]]> *\/\n<\/script>\n","thumbnail_url":"https:\/\/www.renouvelle.be\/wp-content\/uploads\/2021\/06\/pv-pour-tous.jpg","thumbnail_width":680,"thumbnail_height":476,"description":"La coop\u00e9rative Courant d\u2019air lance une grande campagne :&nbsp;Photovolta\u00efque pour tous !&nbsp; Il s\u2019agit de motiver et accompagner les citoyens des cantons de l\u2019Est&nbsp;qui souhaitent s\u2019\u00e9quiper en photovolta\u00efque&nbsp;et devenir acteurs de leur avenir \u00e9nerg\u00e9tique.&nbsp; Concr\u00e8tement, Courant d\u2019Air a lanc\u00e9 un appel aupr\u00e8s des installateurs locaux. Les professionnels participant au projet se sont engag\u00e9s \u00e0 respecter un cahier des charges avec des crit\u00e8res pr\u00e9cis sur la qualit\u00e9 et le prix.&nbsp; Les installateurs sont par exemple certifi\u00e9s et doivent respecter les normes techniques et environnementales en vigueur sur l\u2019installation ainsi que garantir un seuil minimal de production d\u2019\u00e9lectricit\u00e9 solaire.&nbsp; Les citoyens qui rejoignent&nbsp;l\u2019achat accompagn\u00e9 sont donc s\u00fbrs d\u2019obtenir une installation de qualit\u00e9 \u00e0 prix raisonnable.&nbsp; Des s\u00e9ances d\u2019information permettent aux citoyens locaux d\u2019en savoir plus.&nbsp; Courant d\u2019air a \u00e9galement d\u00e9velopp\u00e9 un simulateur financier&nbsp;tr\u00e8s convivial,&nbsp;adapt\u00e9 aux&nbsp;caract\u00e9ristiques \u00e9conomiques des cantons de l\u2019Est&nbsp;(ensoleillement, co\u00fbt du r\u00e9seau, &#8230;)&nbsp;mais qui permet \u00e0 tous les Wallons de se faire une id\u00e9e de la rentabilit\u00e9 du photovolta\u00efque.&nbsp; Enfin, la coop\u00e9rative a publi\u00e9 une&nbsp;brochure de r\u00e9f\u00e9rence, en collaboration avec l\u2019APERe, qui r\u00e9pond&nbsp;\u00e0 de nombreuses questions :&nbsp;Quelle est la rentabilit\u00e9 du photovolta\u00efque en Wallonie avec le tarif&nbsp;prosumer&nbsp;? Quelle est l\u2019\u00e9volution de l\u2019efficacit\u00e9 des panneaux ? Quelle est leur dette \u00e9nerg\u00e9tique ? Comment sont-ils recycl\u00e9s ? \u2026&nbsp; N\u2019h\u00e9sitez pas \u00e0 la consulter et \u00e0 la diffuser !&nbsp; Cette campagne de qualit\u00e9 inspirera peut-\u00eatre d\u2019autres coop\u00e9ratives ou communes \u00e0 lancer leurs propres achats accompagn\u00e9s.&nbsp;"}