{"version":"1.0","provider_name":"Renouvelle","provider_url":"https:\/\/www.renouvelle.be\/fr\/","author_name":"Benjamin WILKIN","author_url":"https:\/\/www.renouvelle.be\/fr\/author\/benjaminwilkin\/","title":"Les communaut\u00e9s d\u2019\u00e9nergie, une forme d\u2019\u00e9conomie sociale - Renouvelle","type":"rich","width":600,"height":338,"html":"<blockquote class=\"wp-embedded-content\" data-secret=\"Hi7CjvvrhK\"><a href=\"https:\/\/www.renouvelle.be\/fr\/les-communautes-denergie-une-forme-deconomie-sociale\/\">Les communaut\u00e9s d\u2019\u00e9nergie, une forme d\u2019\u00e9conomie sociale<\/a><\/blockquote><iframe sandbox=\"allow-scripts\" security=\"restricted\" src=\"https:\/\/www.renouvelle.be\/fr\/les-communautes-denergie-une-forme-deconomie-sociale\/embed\/#?secret=Hi7CjvvrhK\" width=\"600\" height=\"338\" title=\"\u00ab\u00a0Les communaut\u00e9s d\u2019\u00e9nergie, une forme d\u2019\u00e9conomie sociale\u00a0\u00bb &#8212; Renouvelle\" data-secret=\"Hi7CjvvrhK\" frameborder=\"0\" marginwidth=\"0\" marginheight=\"0\" scrolling=\"no\" class=\"wp-embedded-content\"><\/iframe><script type=\"text\/javascript\">\n\/* <![CDATA[ *\/\n\/*! This file is auto-generated *\/\n!function(d,l){\"use strict\";l.querySelector&&d.addEventListener&&\"undefined\"!=typeof URL&&(d.wp=d.wp||{},d.wp.receiveEmbedMessage||(d.wp.receiveEmbedMessage=function(e){var t=e.data;if((t||t.secret||t.message||t.value)&&!\/[^a-zA-Z0-9]\/.test(t.secret)){for(var s,r,n,a=l.querySelectorAll('iframe[data-secret=\"'+t.secret+'\"]'),o=l.querySelectorAll('blockquote[data-secret=\"'+t.secret+'\"]'),c=new RegExp(\"^https?:$\",\"i\"),i=0;i<o.length;i++)o[i].style.display=\"none\";for(i=0;i<a.length;i++)s=a[i],e.source===s.contentWindow&&(s.removeAttribute(\"style\"),\"height\"===t.message?(1e3<(r=parseInt(t.value,10))?r=1e3:~~r<200&&(r=200),s.height=r):\"link\"===t.message&&(r=new URL(s.getAttribute(\"src\")),n=new URL(t.value),c.test(n.protocol))&&n.host===r.host&&l.activeElement===s&&(d.top.location.href=t.value))}},d.addEventListener(\"message\",d.wp.receiveEmbedMessage,!1),l.addEventListener(\"DOMContentLoaded\",function(){for(var e,t,s=l.querySelectorAll(\"iframe.wp-embedded-content\"),r=0;r<s.length;r++)(t=(e=s[r]).getAttribute(\"data-secret\"))||(t=Math.random().toString(36).substring(2,12),e.src+=\"#?secret=\"+t,e.setAttribute(\"data-secret\",t)),e.contentWindow.postMessage({message:\"ready\",secret:t},\"*\")},!1)))}(window,document);\n\/\/# sourceURL=https:\/\/www.renouvelle.be\/wp-includes\/js\/wp-embed.min.js\n\/* ]]> *\/\n<\/script>\n","thumbnail_url":"https:\/\/www.renouvelle.be\/wp-content\/uploads\/2020\/09\/communaute-er.jpg","thumbnail_width":700,"thumbnail_height":747,"description":"L\u2019Europe a instaur\u00e9 un nouveau droit pour les citoyens, les PME et les municipalit\u00e9s : celui de produire, vendre (partager), stocker et consommer une \u00e9nergie renouvelable locale dans l\u2019objectif de produire des b\u00e9n\u00e9fices sociaux, \u00e9conomiques et environnementaux aux participants ou \u00e0 la collectivit\u00e9. A titre d\u2019exemple, il sera bient\u00f4t possible, partout en Belgique et en Europe, d\u2019\u00e9quiper un b\u00e2timent &#8211; \u00e9cole, entreprise, \u2026 &#8211; en panneaux photovolta\u00efques et de vendre cette production d\u2019\u00e9lectricit\u00e9 \u00e0 un tarif int\u00e9ressant, dans le sens o\u00f9 le tarif reconnait les b\u00e9n\u00e9fices apport\u00e9s, aux voisins &#8211; m\u00e9nages, logements sociaux, commerces, \u2026&nbsp; Sur base de deux directives europ\u00e9ennes, ce droit peut s\u2019exercer, entre autres mais pas uniquement, sous forme de communaut\u00e9 (nouvelle entit\u00e9 juridique). Cette communaut\u00e9 d\u2019\u00e9nergie est soit \u201ccitoyenne\u201d, soit \u201crenouvelables\u201d.&nbsp; Ces textes l\u00e9gislatifs visent \u00e0 renforcer le r\u00f4le des citoyens, des pouvoirs locaux et des PME comme acteurs du march\u00e9 de l\u2019\u00e9nergie, en pla\u00e7ant en dernier lieux l\u2019objectif de profits financiers et en mettant en avant la g\u00e9n\u00e9ration de plus-value sociales, environnementales ou \u00e9conomiques au b\u00e9n\u00e9fice des membres ou du territoire sur lequel les activit\u00e9s sont exerc\u00e9es.&nbsp; C\u2019est, en soi, une v\u00e9ritable r\u00e9volution culturelle dans un monde \u00e9nerg\u00e9tique totalement domin\u00e9 par des entreprises (ou des groupes) dont l\u2019objectif premier (la recherche du profit financier) induit jusqu\u2019\u00e0 pr\u00e9sent le mode de fonctionnement, oriente les innovations et fa\u00e7onne le lobbying.&nbsp;&nbsp; Les Etats membres travaillent d\u00e9sormais \u00e0 la transposition de ces directives europ\u00e9ennes, \u00e0 finaliser d\u2019ici le 30 juin 2021. Pour mieux conna\u00eetre ce processus et ses enjeux, lire notre article Vers des citoyens acteurs du march\u00e9 de l\u2019\u00e9nergie durable.&nbsp; &nbsp; Un cadre d\u00e9j\u00e0 d\u00e9fini par l\u2019\u00e9conomie sociale&nbsp; &nbsp; Si le concept des communaut\u00e9s d\u2019\u00e9nergie, et les objectifs sp\u00e9cifiques qui leurs sont attach\u00e9s par d\u00e9finition, est in\u00e9dit dans &hellip; Continue reading \"\""}