{"version":"1.0","provider_name":"Renouvelle","provider_url":"https:\/\/www.renouvelle.be\/fr\/","author_name":"Energie Commune","author_url":"https:\/\/www.renouvelle.be\/fr\/author\/apere\/","title":"Le d\u00e9veloppement \u00e9olien consommera peu de mati\u00e8res premi\u00e8res - Renouvelle","type":"rich","width":600,"height":338,"html":"<blockquote class=\"wp-embedded-content\" data-secret=\"WHtmzH5rT3\"><a href=\"https:\/\/www.renouvelle.be\/fr\/le-developpement-eolien-consommera-peu-de-matieres-premieres\/\">Le d\u00e9veloppement \u00e9olien consommera peu de mati\u00e8res premi\u00e8res<\/a><\/blockquote><iframe sandbox=\"allow-scripts\" security=\"restricted\" src=\"https:\/\/www.renouvelle.be\/fr\/le-developpement-eolien-consommera-peu-de-matieres-premieres\/embed\/#?secret=WHtmzH5rT3\" width=\"600\" height=\"338\" title=\"\u00ab\u00a0Le d\u00e9veloppement \u00e9olien consommera peu de mati\u00e8res premi\u00e8res\u00a0\u00bb &#8212; Renouvelle\" data-secret=\"WHtmzH5rT3\" frameborder=\"0\" marginwidth=\"0\" marginheight=\"0\" scrolling=\"no\" class=\"wp-embedded-content\"><\/iframe><script type=\"text\/javascript\">\n\/* <![CDATA[ *\/\n\/*! This file is auto-generated *\/\n!function(d,l){\"use strict\";l.querySelector&&d.addEventListener&&\"undefined\"!=typeof URL&&(d.wp=d.wp||{},d.wp.receiveEmbedMessage||(d.wp.receiveEmbedMessage=function(e){var t=e.data;if((t||t.secret||t.message||t.value)&&!\/[^a-zA-Z0-9]\/.test(t.secret)){for(var s,r,n,a=l.querySelectorAll('iframe[data-secret=\"'+t.secret+'\"]'),o=l.querySelectorAll('blockquote[data-secret=\"'+t.secret+'\"]'),c=new RegExp(\"^https?:$\",\"i\"),i=0;i<o.length;i++)o[i].style.display=\"none\";for(i=0;i<a.length;i++)s=a[i],e.source===s.contentWindow&&(s.removeAttribute(\"style\"),\"height\"===t.message?(1e3<(r=parseInt(t.value,10))?r=1e3:~~r<200&&(r=200),s.height=r):\"link\"===t.message&&(r=new URL(s.getAttribute(\"src\")),n=new URL(t.value),c.test(n.protocol))&&n.host===r.host&&l.activeElement===s&&(d.top.location.href=t.value))}},d.addEventListener(\"message\",d.wp.receiveEmbedMessage,!1),l.addEventListener(\"DOMContentLoaded\",function(){for(var e,t,s=l.querySelectorAll(\"iframe.wp-embedded-content\"),r=0;r<s.length;r++)(t=(e=s[r]).getAttribute(\"data-secret\"))||(t=Math.random().toString(36).substring(2,12),e.src+=\"#?secret=\"+t,e.setAttribute(\"data-secret\",t)),e.contentWindow.postMessage({message:\"ready\",secret:t},\"*\")},!1)))}(window,document);\n\/\/# sourceURL=https:\/\/www.renouvelle.be\/wp-includes\/js\/wp-embed.min.js\n\/* ]]> *\/\n<\/script>\n","thumbnail_url":"https:\/\/www.renouvelle.be\/wp-content\/uploads\/2021\/02\/istock-911501294.jpg","thumbnail_width":580,"thumbnail_height":320,"description":"Comme toute industrie en expansion, l\u2019\u00e9olien pose la question des besoins en mati\u00e8res premi\u00e8res&nbsp;: y aura-t-il assez de mat\u00e9riaux sur Terre pour fabriquer des milliers d\u2019\u00e9oliennes dans le cadre d\u2019une transition \u00e9nerg\u00e9tique 100% renouvelables&nbsp;? Bernard Multon, chercheur au laboratoire SATIE-CNRS, a r\u00e9cemment analys\u00e9 cette question dans cet article&nbsp;: D\u00e9veloppement mondial de l\u2019\u00e9olien et criticit\u00e9 des mati\u00e8res premi\u00e8res. Il s\u2019appuie, d\u2019une part, sur le sc\u00e9nario le plus ambitieux de l\u2019IRENA (200 GW de capacit\u00e9s \u00e9oliennes suppl\u00e9mentaires chaque ann\u00e9e jusqu\u2019en 2050) et, d\u2019autre part, sur l\u2019inventaire de cycle de vie d\u2019un parc \u00e9olien de 50 MW (25 machines Vestas de 2 MW) qui permet de conna\u00eetre les quantit\u00e9s de mat\u00e9riaux n\u00e9cessaires pour la construction d\u2019un parc \u00e9olien de r\u00e9f\u00e9rence (figure ci-dessous). &nbsp; Fig. : Bilan des mat\u00e9riaux d\u2019un parc \u00e9olien de 50 MW constitu\u00e9 de 25 machines Vestas V110\/2MW &#8211; Source : \u00e9tude IRENA. Selon ce chercheur, \u00ab les besoins annuels de mat\u00e9riaux (hors consid\u00e9rations de leur indispensable recyclage) peuvent ainsi \u00eatre estim\u00e9s pour un rythme annuel de 50 GW (l\u2019actuel) et de 200 GW (possible futur) et \u00eatre mis en parall\u00e8le avec la consommation annuelle mondiale (2018) tous usages confondus, face aux r\u00e9serves et ressources mondiales&nbsp;(voir tableau ci-dessous).&nbsp;Les r\u00e9serves et ressources concernant le b\u00e9ton et la fibre de verre sont absentes car elles ne sont pas quantifi\u00e9es dans la litt\u00e9rature. \u00bb Selon Bernard Multon, \u00ab&nbsp;cette analyse met en lumi\u00e8re que les besoins en mat\u00e9riaux restent, relativement aux autres usages, tr\u00e8s faibles, de l\u2019ordre du pourcent, y compris dans le cadre d\u2019une transition \u00e9nerg\u00e9tique intensive, et moins encore en ce qui concerne le b\u00e9ton. A titre de comparaison, la production automobile absorbe 12% de l\u2019acier mondial&nbsp;! Seuls les mat\u00e9riaux composites (fibre de verre, notamment) repr\u00e9senteraient une part plus significative, mais l&rsquo;\u00e9valuation de &hellip; Continue reading \"\""}