{"version":"1.0","provider_name":"Renouvelle","provider_url":"https:\/\/www.renouvelle.be\/fr\/","author_name":"Energie Commune","author_url":"https:\/\/www.renouvelle.be\/fr\/author\/apere\/","title":"La France s\u2019ouvre \u00e0 l\u2019autoconsommation collective - Renouvelle","type":"rich","width":600,"height":338,"html":"<blockquote class=\"wp-embedded-content\" data-secret=\"XBpquIdpTu\"><a href=\"https:\/\/www.renouvelle.be\/fr\/la-france-souvre-a-lautoconsommation-collective\/\">La France s\u2019ouvre \u00e0 l\u2019autoconsommation collective<\/a><\/blockquote><iframe sandbox=\"allow-scripts\" security=\"restricted\" src=\"https:\/\/www.renouvelle.be\/fr\/la-france-souvre-a-lautoconsommation-collective\/embed\/#?secret=XBpquIdpTu\" width=\"600\" height=\"338\" title=\"\u00ab\u00a0La France s\u2019ouvre \u00e0 l\u2019autoconsommation collective\u00a0\u00bb &#8212; Renouvelle\" data-secret=\"XBpquIdpTu\" frameborder=\"0\" marginwidth=\"0\" marginheight=\"0\" scrolling=\"no\" class=\"wp-embedded-content\"><\/iframe><script type=\"text\/javascript\">\n\/* <![CDATA[ *\/\n\/*! This file is auto-generated *\/\n!function(d,l){\"use strict\";l.querySelector&&d.addEventListener&&\"undefined\"!=typeof URL&&(d.wp=d.wp||{},d.wp.receiveEmbedMessage||(d.wp.receiveEmbedMessage=function(e){var t=e.data;if((t||t.secret||t.message||t.value)&&!\/[^a-zA-Z0-9]\/.test(t.secret)){for(var s,r,n,a=l.querySelectorAll('iframe[data-secret=\"'+t.secret+'\"]'),o=l.querySelectorAll('blockquote[data-secret=\"'+t.secret+'\"]'),c=new RegExp(\"^https?:$\",\"i\"),i=0;i<o.length;i++)o[i].style.display=\"none\";for(i=0;i<a.length;i++)s=a[i],e.source===s.contentWindow&&(s.removeAttribute(\"style\"),\"height\"===t.message?(1e3<(r=parseInt(t.value,10))?r=1e3:~~r<200&&(r=200),s.height=r):\"link\"===t.message&&(r=new URL(s.getAttribute(\"src\")),n=new URL(t.value),c.test(n.protocol))&&n.host===r.host&&l.activeElement===s&&(d.top.location.href=t.value))}},d.addEventListener(\"message\",d.wp.receiveEmbedMessage,!1),l.addEventListener(\"DOMContentLoaded\",function(){for(var e,t,s=l.querySelectorAll(\"iframe.wp-embedded-content\"),r=0;r<s.length;r++)(t=(e=s[r]).getAttribute(\"data-secret\"))||(t=Math.random().toString(36).substring(2,12),e.src+=\"#?secret=\"+t,e.setAttribute(\"data-secret\",t)),e.contentWindow.postMessage({message:\"ready\",secret:t},\"*\")},!1)))}(window,document);\n\/\/# sourceURL=https:\/\/www.renouvelle.be\/wp-includes\/js\/wp-embed.min.js\n\/* ]]> *\/\n<\/script>\n","thumbnail_url":"https:\/\/www.renouvelle.be\/wp-content\/uploads\/2021\/02\/image001.jpg","thumbnail_width":580,"thumbnail_height":217,"description":"La France conna\u00eet actuellement un d\u00e9bat riche et inspirant sur la mise \u0153uvre de l\u2019ordonnance du 27 juillet 2016 relative \u00e0 l\u2019autoconsommation d\u2019\u00e9lectricit\u00e9. Ce nouveau cadre r\u00e9glementaire \u2013 ratifi\u00e9 en f\u00e9vrier 2017 \u2013 ouvre la possibilit\u00e9 aux installations renouvelables de moins de 100 kW de disposer d\u2019une autoconsommation collective au sein d\u2019un immeuble, un lotissement ou un quartier en aval d\u2019un m\u00eame poste de distribution. Telle que pr\u00e9vue en France, l\u2019autoconsommation collective permet de b\u00e9n\u00e9ficier de l\u2019effet de foisonnement d\u2019usages \u00e9lectriques d\u2019acteurs diff\u00e9rents (r\u00e9sidentiel, bureaux, \u00e9cole, commerce, \u2026) qui se trouvent en aval d\u2019un m\u00eame poste de distribution \u00e9lectrique. Cela &nbsp;permet une autoconsommation \u00abnaturelle\u00bb beaucoup plus importante que dans le cadre d\u2019une vision sur un b\u00e2timent unique, \u00e0 co\u00fbt faible. En effet, ce haut taux d\u2019autoconsommation permet de r\u00e9duire fortement les besoins d\u2019outils de pilotage ou de batteries. Cependant, le r\u00e9cent arsenal r\u00e9glementaire encadrant la mise en \u0153uvre comporte des dispositions complexes et tr\u00e8s restrictives, qui risquent de freiner les projets. Explications de M\u00e9lodie de l\u2019Epine, coordinatrice du p\u00f4le photovolta\u00efque de l&rsquo;association HESPUL (photo ci-dessous). Michel Huart (Renouvelle)&nbsp;: Le cadre r\u00e9glementaire donne \u00e9galement un statut \u00e0 l\u2019autoconsommation collective. Quelle en est sa d\u00e9finition&nbsp;? M\u00e9lodie de l\u2019Epine (HESPUL)&nbsp;: C\u2019est le fait de r\u00e9unir, au sein d\u2019une m\u00eame personne morale, un ou plusieurs producteurs et un ou plusieurs consommateurs, en aval d\u2019un m\u00eame poste de distribution. La production sera d\u00e9falqu\u00e9e sur la facture des consommateurs, selon une cl\u00e9 de r\u00e9partition d\u00e9cid\u00e9e entre eux. Le probl\u00e8me, c\u2019est que la cl\u00e9 est bas\u00e9e sur un pas de temps d\u2019une demi-heure. Or l\u2019id\u00e9e de la consommation collective, c\u2019est de b\u00e9n\u00e9ficier d\u2019un foisonnement des usages au sein d\u2019un quartier \u2013 r\u00e9sidentiel, bureaux, commerces, \u2026 &#8211; et de consommer l\u2019\u00e9quivalent de la production. Mais pas sur l\u2019instantan\u00e9. &hellip; Continue reading \"\""}