{"version":"1.0","provider_name":"Renouvelle","provider_url":"https:\/\/www.renouvelle.be\/fr\/","author_name":"Energie Commune","author_url":"https:\/\/www.renouvelle.be\/fr\/author\/apere\/","title":"La Belgique bient\u00f4t interconnect\u00e9e avec le Danemark ? - Renouvelle","type":"rich","width":600,"height":338,"html":"<blockquote class=\"wp-embedded-content\" data-secret=\"omYXzsTJDF\"><a href=\"https:\/\/www.renouvelle.be\/fr\/la-belgique-bientot-interconnectee-avec-le-danemark\/\">La Belgique bient\u00f4t interconnect\u00e9e avec le Danemark ?<\/a><\/blockquote><iframe sandbox=\"allow-scripts\" security=\"restricted\" src=\"https:\/\/www.renouvelle.be\/fr\/la-belgique-bientot-interconnectee-avec-le-danemark\/embed\/#?secret=omYXzsTJDF\" width=\"600\" height=\"338\" title=\"\u00ab\u00a0La Belgique bient\u00f4t interconnect\u00e9e avec le Danemark ?\u00a0\u00bb &#8212; Renouvelle\" data-secret=\"omYXzsTJDF\" frameborder=\"0\" marginwidth=\"0\" marginheight=\"0\" scrolling=\"no\" class=\"wp-embedded-content\"><\/iframe><script type=\"text\/javascript\">\n\/* <![CDATA[ *\/\n\/*! This file is auto-generated *\/\n!function(d,l){\"use strict\";l.querySelector&&d.addEventListener&&\"undefined\"!=typeof URL&&(d.wp=d.wp||{},d.wp.receiveEmbedMessage||(d.wp.receiveEmbedMessage=function(e){var t=e.data;if((t||t.secret||t.message||t.value)&&!\/[^a-zA-Z0-9]\/.test(t.secret)){for(var s,r,n,a=l.querySelectorAll('iframe[data-secret=\"'+t.secret+'\"]'),o=l.querySelectorAll('blockquote[data-secret=\"'+t.secret+'\"]'),c=new RegExp(\"^https?:$\",\"i\"),i=0;i<o.length;i++)o[i].style.display=\"none\";for(i=0;i<a.length;i++)s=a[i],e.source===s.contentWindow&&(s.removeAttribute(\"style\"),\"height\"===t.message?(1e3<(r=parseInt(t.value,10))?r=1e3:~~r<200&&(r=200),s.height=r):\"link\"===t.message&&(r=new URL(s.getAttribute(\"src\")),n=new URL(t.value),c.test(n.protocol))&&n.host===r.host&&l.activeElement===s&&(d.top.location.href=t.value))}},d.addEventListener(\"message\",d.wp.receiveEmbedMessage,!1),l.addEventListener(\"DOMContentLoaded\",function(){for(var e,t,s=l.querySelectorAll(\"iframe.wp-embedded-content\"),r=0;r<s.length;r++)(t=(e=s[r]).getAttribute(\"data-secret\"))||(t=Math.random().toString(36).substring(2,12),e.src+=\"#?secret=\"+t,e.setAttribute(\"data-secret\",t)),e.contentWindow.postMessage({message:\"ready\",secret:t},\"*\")},!1)))}(window,document);\n\/\/# sourceURL=https:\/\/www.renouvelle.be\/wp-includes\/js\/wp-embed.min.js\n\/* ]]> *\/\n<\/script>\n","thumbnail_url":"https:\/\/www.renouvelle.be\/wp-content\/uploads\/2021\/03\/elia-dk2-1-1.jpg","thumbnail_width":482,"thumbnail_height":312,"description":"Les r\u00e9seaux \u00e9lectriques belge et danois seront-ils bient\u00f4t reli\u00e9s en mer du Nord ? L\u2019id\u00e9e peut surprendre vu l\u2019\u00e9loignement g\u00e9ographique entre les deux pays. Et pourtant, ce type d&rsquo;interconnexions sont amen\u00e9es \u00e0 se d\u00e9velopper dans les mers europ\u00e9ennes. En effet, avec la multiplication de parcs \u00e9oliens offshore, les 7 pays riverains de la mer du Nord envisagent d\u2019utiliser ces sites pour cr\u00e9er des interconnexions hybrides : on combine \u00e0 la fois un raccordement du parc \u00e9olien maritime et une interconnexion avec un pays proche, ce qui permet de mieux int\u00e9grer et \u00e9changer les productions \u00e9oliennes. &nbsp; Le premier interconnecteur hybride au monde a ainsi \u00e9t\u00e9 inaugur\u00e9 en octobre 2020 en mer Baltique. Un c\u00e2ble \u00e9lectrique de 25 km relie d\u00e9sormais deux parcs \u00e9oliens offshore, l\u2019un danois l\u2019autre allemand, assurant d\u00e8s lors une interconnexion entre ces deux pays. Or cette premi\u00e8re mondiale a \u00e9t\u00e9 d\u00e9velopp\u00e9e en partenariat avec 50 Hertz, filiale allemande d\u2019Elia, le gestionnaire belge du r\u00e9seau haute tension. Elia dispose donc d\u2019une expertise innovante dans ce type de projets. Un c\u00e2ble sous-marin de 600 km &nbsp; C\u2019est ainsi que les gestionnaires de r\u00e9seaux belge (Elia) et danois (Energynet) \u00e9tudient la faisabilit\u00e9 d\u2019un c\u00e2ble sous-marin entre la Belgique et le Danemark, sur une distance de 600 km, via un parc \u00e9olien qui formerait une v\u00e9ritable \u00eele \u00e9nerg\u00e9tique&nbsp;(illustration ci-dessous). Source : Elia Pr\u00e9vu pour \u00eatre construit \u00e0 80 kilom\u00e8tres des c\u00f4tes du Jutland \u00e0 l\u2019ouest du Danemark pour capter des vents puissants, ce \u00ab hub \u00e9nerg\u00e9tique \u00bb relierait 200 puis, \u00e0 terme, 600 grandes \u00e9oliennes en mer. Avec une capacit\u00e9 de 3 puis 10 gigawatts, les responsables du projet avancent une production \u00e9lectrique permettant de fournir 3 \u00e0 10 millions de foyers, selon l\u2019agence France Presse. Vaste de 12 \u00e0 46 &hellip; Continue reading \"\""}