{"version":"1.0","provider_name":"Renouvelle","provider_url":"https:\/\/www.renouvelle.be\/fr\/","author_name":"Energie Commune","author_url":"https:\/\/www.renouvelle.be\/fr\/author\/apere\/","title":"Fin de la compensation ? Maximisons l\u2019autonomie solaire ! - Renouvelle","type":"rich","width":600,"height":338,"html":"<blockquote class=\"wp-embedded-content\" data-secret=\"7qLhvxX7Gt\"><a href=\"https:\/\/www.renouvelle.be\/fr\/fin-de-la-compensation-maximisons-lautonomie-solaire\/\">Fin de la compensation ? Maximisons l\u2019autonomie solaire !<\/a><\/blockquote><iframe sandbox=\"allow-scripts\" security=\"restricted\" src=\"https:\/\/www.renouvelle.be\/fr\/fin-de-la-compensation-maximisons-lautonomie-solaire\/embed\/#?secret=7qLhvxX7Gt\" width=\"600\" height=\"338\" title=\"\u00ab\u00a0Fin de la compensation ? Maximisons l\u2019autonomie solaire !\u00a0\u00bb &#8212; Renouvelle\" data-secret=\"7qLhvxX7Gt\" frameborder=\"0\" marginwidth=\"0\" marginheight=\"0\" scrolling=\"no\" class=\"wp-embedded-content\"><\/iframe><script type=\"text\/javascript\">\n\/* <![CDATA[ *\/\n\/*! This file is auto-generated *\/\n!function(d,l){\"use strict\";l.querySelector&&d.addEventListener&&\"undefined\"!=typeof URL&&(d.wp=d.wp||{},d.wp.receiveEmbedMessage||(d.wp.receiveEmbedMessage=function(e){var t=e.data;if((t||t.secret||t.message||t.value)&&!\/[^a-zA-Z0-9]\/.test(t.secret)){for(var s,r,n,a=l.querySelectorAll('iframe[data-secret=\"'+t.secret+'\"]'),o=l.querySelectorAll('blockquote[data-secret=\"'+t.secret+'\"]'),c=new RegExp(\"^https?:$\",\"i\"),i=0;i<o.length;i++)o[i].style.display=\"none\";for(i=0;i<a.length;i++)s=a[i],e.source===s.contentWindow&&(s.removeAttribute(\"style\"),\"height\"===t.message?(1e3<(r=parseInt(t.value,10))?r=1e3:~~r<200&&(r=200),s.height=r):\"link\"===t.message&&(r=new URL(s.getAttribute(\"src\")),n=new URL(t.value),c.test(n.protocol))&&n.host===r.host&&l.activeElement===s&&(d.top.location.href=t.value))}},d.addEventListener(\"message\",d.wp.receiveEmbedMessage,!1),l.addEventListener(\"DOMContentLoaded\",function(){for(var e,t,s=l.querySelectorAll(\"iframe.wp-embedded-content\"),r=0;r<s.length;r++)(t=(e=s[r]).getAttribute(\"data-secret\"))||(t=Math.random().toString(36).substring(2,12),e.src+=\"#?secret=\"+t,e.setAttribute(\"data-secret\",t)),e.contentWindow.postMessage({message:\"ready\",secret:t},\"*\")},!1)))}(window,document);\n\/\/# sourceURL=https:\/\/www.renouvelle.be\/wp-includes\/js\/wp-embed.min.js\n\/* ]]> *\/\n<\/script>\n","thumbnail_url":"https:\/\/www.renouvelle.be\/wp-content\/uploads\/2021\/02\/brugel.jpg","thumbnail_width":580,"thumbnail_height":348,"description":"La compensation est l\u2019un des incitants historiques mis en place dans les 3 R\u00e9gions de Belgique \u2013 et dans d\u2019autres Etats europ\u00e9ens &#8211; pour encourager les m\u00e9nages \u00e0 s\u2019\u00e9quiper en photovolta\u00efque. On l\u2019appelle plus simplement \u00ab&nbsp;le compteur qui tourne \u00e0 l\u2019envers&nbsp;\u00bb, car il peut effectivement tourner \u00e0 l\u2019envers quand les panneaux photovolta\u00efques injectent de l\u2019\u00e9lectricit\u00e9 dans le r\u00e9seau. Chaque ann\u00e9e, on applique un bilan comptable&nbsp;: sur la facture de consommation d\u2019\u00e9lectricit\u00e9, on d\u00e9duit l\u2019\u00e9lectricit\u00e9 solaire qui a \u00e9t\u00e9 inject\u00e9e sur le r\u00e9seau, ce qui all\u00e8ge la facture du prosumer \u2013 tant pour \u00ab&nbsp;l\u2019achat de l\u2019\u00e9nergie&nbsp;\u00bb que pour \u00ab&nbsp;les co\u00fbts d\u2019utilisation du r\u00e9seau&nbsp;\u00bb. Apr\u00e8s plus de 10 ann\u00e9es d\u2019exp\u00e9rience, le contexte belge et europ\u00e9en a \u00e9volu\u00e9 et les 3 R\u00e9gions ont d\u00e9cid\u00e9 ou annonc\u00e9 la suppression de ce principe. &nbsp; Pourquoi supprimer ce m\u00e9canisme ? &nbsp; Annonc\u00e9e depuis plusieurs ann\u00e9es, la suppression du m\u00e9canisme de compensation est aujourd\u2019hui rendue obligatoire par la directive europ\u00e9enne \u00ab Electricity market design \u00bb, adopt\u00e9e en juin 2019, et qui incite les Etats membres \u00e0 adopter d\u2019ici fin 2023 des modalit\u00e9s de sortie progressive (\u00ab&nbsp;phasing out&nbsp;\u00bb). Par ailleurs, le m\u00e9canisme de compensation a \u00e9t\u00e9 jug\u00e9 discriminatoire vis-\u00e0-vis des consommateurs \u00ab classiques \u00bb (non \u00e9quip\u00e9s en panneaux photovolta\u00efques). En effet, avec ce principe, les prosumers ne contribuent aux frais du r\u00e9seau qu\u2019en raison de la quantit\u00e9 nette d\u2019\u00e9nergie pr\u00e9lev\u00e9e &#8211; le solde apr\u00e8s le bilan annuel de la compensation \u2013 alors que, dans la r\u00e9alit\u00e9, ils ont pr\u00e9lev\u00e9 des quantit\u00e9s brutes plus \u00e9lev\u00e9es tout au long de l\u2019ann\u00e9e. Il s\u2019agit donc de faire contribuer de mani\u00e8re \u00e9quitable tous les consommateurs, avec ou sans panneaux solaires, aux couts du r\u00e9seau, selon leurs pr\u00e9l\u00e8vements r\u00e9els. En juste retour des choses, les prosumers ont le droit de contribuer aux frais &hellip; Continue reading \"\""}