{"version":"1.0","provider_name":"Renouvelle","provider_url":"https:\/\/www.renouvelle.be\/fr\/","author_name":"administrator","author_url":"https:\/\/www.renouvelle.be\/fr\/author\/administrator\/","title":"Observatoire Photovolta\u00efque - Renouvelle","type":"rich","width":600,"height":338,"html":"<blockquote class=\"wp-embedded-content\" data-secret=\"vIE2Wg18Zs\"><a href=\"https:\/\/www.renouvelle.be\/fr\/faits-chiffres\/observatoire-photovoltaique\/\">Observatoire Photovolta\u00efque<\/a><\/blockquote><iframe sandbox=\"allow-scripts\" security=\"restricted\" src=\"https:\/\/www.renouvelle.be\/fr\/faits-chiffres\/observatoire-photovoltaique\/embed\/#?secret=vIE2Wg18Zs\" width=\"600\" height=\"338\" title=\"\u00ab\u00a0Observatoire Photovolta\u00efque\u00a0\u00bb &#8212; Renouvelle\" data-secret=\"vIE2Wg18Zs\" frameborder=\"0\" marginwidth=\"0\" marginheight=\"0\" scrolling=\"no\" class=\"wp-embedded-content\"><\/iframe><script type=\"text\/javascript\">\n\/* <![CDATA[ *\/\n\/*! This file is auto-generated *\/\n!function(d,l){\"use strict\";l.querySelector&&d.addEventListener&&\"undefined\"!=typeof URL&&(d.wp=d.wp||{},d.wp.receiveEmbedMessage||(d.wp.receiveEmbedMessage=function(e){var t=e.data;if((t||t.secret||t.message||t.value)&&!\/[^a-zA-Z0-9]\/.test(t.secret)){for(var s,r,n,a=l.querySelectorAll('iframe[data-secret=\"'+t.secret+'\"]'),o=l.querySelectorAll('blockquote[data-secret=\"'+t.secret+'\"]'),c=new RegExp(\"^https?:$\",\"i\"),i=0;i<o.length;i++)o[i].style.display=\"none\";for(i=0;i<a.length;i++)s=a[i],e.source===s.contentWindow&&(s.removeAttribute(\"style\"),\"height\"===t.message?(1e3<(r=parseInt(t.value,10))?r=1e3:~~r<200&&(r=200),s.height=r):\"link\"===t.message&&(r=new URL(s.getAttribute(\"src\")),n=new URL(t.value),c.test(n.protocol))&&n.host===r.host&&l.activeElement===s&&(d.top.location.href=t.value))}},d.addEventListener(\"message\",d.wp.receiveEmbedMessage,!1),l.addEventListener(\"DOMContentLoaded\",function(){for(var e,t,s=l.querySelectorAll(\"iframe.wp-embedded-content\"),r=0;r<s.length;r++)(t=(e=s[r]).getAttribute(\"data-secret\"))||(t=Math.random().toString(36).substring(2,12),e.src+=\"#?secret=\"+t,e.setAttribute(\"data-secret\",t)),e.contentWindow.postMessage({message:\"ready\",secret:t},\"*\")},!1)))}(window,document);\n\/\/# sourceURL=https:\/\/www.renouvelle.be\/wp-includes\/js\/wp-embed.min.js\n\/* ]]> *\/\n<\/script>\n","thumbnail_url":"https:\/\/www.renouvelle.be\/wp-content\/uploads\/2023\/02\/solar-panels.jpg","thumbnail_width":600,"thumbnail_height":400,"description":"Voici les principaux chiffres du secteur Photovolta\u00efque en Belgique.Retrouvez aussi toutes les informations de base sur la page d\u00e9di\u00e9e \u00e0 l\u2019\u00e9nergie Photovolta\u00efque. Fin 2025, la puissance photovolta\u00efque approche les 13 GWc \u00c0 la fin de l\u2019ann\u00e9e 2025, la Belgique atteignait 12,8 GWc de capacit\u00e9 photovolta\u00efque install\u00e9e, soit une croissance de pr\u00e8s de 900 MWc en un an. Cela \u00e9quivaut \u00e0 l\u2019installation d\u2019environ 180\u202f000 syst\u00e8mes r\u00e9sidentiels suppl\u00e9mentaires sur l\u2019ann\u00e9e. Source: Base des donn\u00e9es des r\u00e9gulateurs des march\u00e9s wallon, bruxellois et flamands (CWaPE, Brugel et VREG). Les donn\u00e9es 2023-2024 sont encore provisoires.Remarque :&nbsp;Les puissances mentionn\u00e9es sont les puissances cr\u00eates des modules photovolta\u00efques. En l&rsquo;absence des puissances cr\u00eates des modules, un coefficient de 1,1 est appliqu\u00e9 \u00e0 la puissance onduleur pour calculer la puissance cr\u00eate des modules photovolta\u00efques. (Cas des donn\u00e9es de la VREG). PRODUCTION Plus de 10 TWh photovolta\u00efques produits en 2025 Le parc photovolta\u00efque belge prend aujourd&rsquo;hui une part significative dans le mix \u00e9lectrique. En 2025, il a produit plus de 10 TWh d&rsquo;\u00e9lectricit\u00e9 solaire selon ELIA, soit environ 13 % de la consommation \u00e9lectrique totale. Source: Bilans r\u00e9gionaux (SPW DGO4, Bruxelles-Environnement, VITO) sur base des donn\u00e9es de la CWaPE, Brugel et la VREG.A partir de 2020, en l&rsquo;absence des donn\u00e9es des bilans r\u00e9gionaux, les donn\u00e9es r\u00e9sultent d&rsquo;hypoth\u00e8ses de Energie Commune, sur base des donn\u00e9es de ELIA . PRODUCTIVIT\u00c9 D\u00e9couvrez comment se r\u00e9partit la production \u00e9lectrique renouvelable selon la m\u00e9t\u00e9o gr\u00e2ce \u00e0 notre observatoire ci-dessous."}