{"version":"1.0","provider_name":"Renouvelle","provider_url":"https:\/\/www.renouvelle.be\/fr\/","author_name":"Johanna D'hernoncourt","author_url":"https:\/\/www.renouvelle.be\/fr\/author\/johannadhernoncourt\/","title":"En Wallonie, un projet \u00e9olien participatif in\u00e9dit - Renouvelle","type":"rich","width":600,"height":338,"html":"<blockquote class=\"wp-embedded-content\" data-secret=\"YvZZIFRpOo\"><a href=\"https:\/\/www.renouvelle.be\/fr\/en-wallonie-un-projet-eolien-participatif-inedit\/\">En Wallonie, un projet \u00e9olien participatif in\u00e9dit<\/a><\/blockquote><iframe sandbox=\"allow-scripts\" security=\"restricted\" src=\"https:\/\/www.renouvelle.be\/fr\/en-wallonie-un-projet-eolien-participatif-inedit\/embed\/#?secret=YvZZIFRpOo\" width=\"600\" height=\"338\" title=\"\u00ab\u00a0En Wallonie, un projet \u00e9olien participatif in\u00e9dit\u00a0\u00bb &#8212; Renouvelle\" data-secret=\"YvZZIFRpOo\" frameborder=\"0\" marginwidth=\"0\" marginheight=\"0\" scrolling=\"no\" class=\"wp-embedded-content\"><\/iframe><script type=\"text\/javascript\">\n\/* <![CDATA[ *\/\n\/*! This file is auto-generated *\/\n!function(d,l){\"use strict\";l.querySelector&&d.addEventListener&&\"undefined\"!=typeof URL&&(d.wp=d.wp||{},d.wp.receiveEmbedMessage||(d.wp.receiveEmbedMessage=function(e){var t=e.data;if((t||t.secret||t.message||t.value)&&!\/[^a-zA-Z0-9]\/.test(t.secret)){for(var s,r,n,a=l.querySelectorAll('iframe[data-secret=\"'+t.secret+'\"]'),o=l.querySelectorAll('blockquote[data-secret=\"'+t.secret+'\"]'),c=new RegExp(\"^https?:$\",\"i\"),i=0;i<o.length;i++)o[i].style.display=\"none\";for(i=0;i<a.length;i++)s=a[i],e.source===s.contentWindow&&(s.removeAttribute(\"style\"),\"height\"===t.message?(1e3<(r=parseInt(t.value,10))?r=1e3:~~r<200&&(r=200),s.height=r):\"link\"===t.message&&(r=new URL(s.getAttribute(\"src\")),n=new URL(t.value),c.test(n.protocol))&&n.host===r.host&&l.activeElement===s&&(d.top.location.href=t.value))}},d.addEventListener(\"message\",d.wp.receiveEmbedMessage,!1),l.addEventListener(\"DOMContentLoaded\",function(){for(var e,t,s=l.querySelectorAll(\"iframe.wp-embedded-content\"),r=0;r<s.length;r++)(t=(e=s[r]).getAttribute(\"data-secret\"))||(t=Math.random().toString(36).substring(2,12),e.src+=\"#?secret=\"+t,e.setAttribute(\"data-secret\",t)),e.contentWindow.postMessage({message:\"ready\",secret:t},\"*\")},!1)))}(window,document);\n\/\/# sourceURL=https:\/\/www.renouvelle.be\/wp-includes\/js\/wp-embed.min.js\n\/* ]]> *\/\n<\/script>\n","thumbnail_url":"https:\/\/www.renouvelle.be\/wp-content\/uploads\/2021\/02\/brochure1.jpg","thumbnail_width":580,"thumbnail_height":364,"description":"C\u2019est une premi\u00e8re en Wallonie&nbsp;: deux communes \u2013 Amel et Bullange, dans les cantons germanophones \u2013 se sont associ\u00e9es pour d\u00e9velopper un parc \u00e9olien commun. Elles ont identifi\u00e9 des terrains communaux avec potentiel \u00e9olien, situ\u00e9 sur les deux entit\u00e9s, et initi\u00e9 un cahier des charges commun pour d\u00e9velopper un parc de 6 \u00e9oliennes (3 dans chaque commune) pour une puissance totale install\u00e9e comprise entre 18 et 21,6 MW. Ce n\u2019est pas un d\u00e9veloppeur priv\u00e9 qui a remport\u00e9 le march\u00e9 mais bien deux coop\u00e9ratives&nbsp;: Courant d\u2019Air et Ecopower. L\u2019\u00e9tude d\u2019incidences a \u00e9t\u00e9 r\u00e9alis\u00e9e. La demande de permis a \u00e9t\u00e9 d\u00e9pos\u00e9e. Et si le projet est autoris\u00e9, il s\u2019agira du premier parc 100% public-citoyen en Wallonie. Ce projet participatif serait d\u00e9tenu \u00e0 60% par les deux communes, \u00e0 27% par Courant d\u2019air et 13% par Ecopower. Le projet est d\u00e9sormais \u00e0 l\u2019enqu\u00eate publique, jusqu\u2019au 7 mars. Dans ce cadre, les 4 partenaires ont co-\u00e9dit\u00e9 ensemble une brochure d\u2019information \u00e0 destination des riverains. Cette d\u00e9marche est in\u00e9dite et m\u00e9rite d\u2019\u00eatre \u00e9pingl\u00e9e comme une bonne pratique pour le d\u00e9veloppement \u00e9olien en Wallonie. Une information synth\u00e9tis\u00e9e et accessible En effet, les riverains disposent ici d\u2019une information objective, synth\u00e9tis\u00e9e et vulgaris\u00e9e, qui reprend le contexte du projet \u00e9olien dans la transition \u00e9nerg\u00e9tique locale, son historique, les r\u00e9sultats de l\u2019\u00e9tude d\u2019incidences ainsi que les r\u00e9ponses aux questions pos\u00e9es par les citoyens lors de la r\u00e9union d\u2019information pr\u00e9alable. Cette brochure de 12 pages illustr\u00e9es s\u2019av\u00e8re donc beaucoup plus accessible et lisible pour le grand public. Dans la plupart des projets \u00e9oliens, les riverains n\u2019ont en effet droit qu\u2019au rapport d\u2019\u00e9tude d\u2019incidences, soit environ 300 pages (dont un r\u00e9sum\u00e9 non-technique de 50 pages) dans un jargon parfois difficile d\u2019acc\u00e8s. De plus, cette brochure remet en perspective les \u00e9l\u00e9ments abord\u00e9s&nbsp;\u2013 &hellip; Continue reading \"\""}