{"version":"1.0","provider_name":"Renouvelle","provider_url":"https:\/\/www.renouvelle.be\/fr\/","author_name":"Manon KOLENBERG","author_url":"https:\/\/www.renouvelle.be\/fr\/author\/manon\/","title":"5 questions sur les communaut\u00e9s d\u2019\u00e9nergie \u00e0 Bruxelles - Renouvelle","type":"rich","width":600,"height":338,"html":"<blockquote class=\"wp-embedded-content\" data-secret=\"ULmCeSmglA\"><a href=\"https:\/\/www.renouvelle.be\/fr\/communautes-energie-bruxelles-5-questions\/\">5 questions sur les communaut\u00e9s d\u2019\u00e9nergie \u00e0 Bruxelles<\/a><\/blockquote><iframe sandbox=\"allow-scripts\" security=\"restricted\" src=\"https:\/\/www.renouvelle.be\/fr\/communautes-energie-bruxelles-5-questions\/embed\/#?secret=ULmCeSmglA\" width=\"600\" height=\"338\" title=\"\u00ab\u00a05 questions sur les communaut\u00e9s d\u2019\u00e9nergie \u00e0 Bruxelles\u00a0\u00bb &#8212; Renouvelle\" data-secret=\"ULmCeSmglA\" frameborder=\"0\" marginwidth=\"0\" marginheight=\"0\" scrolling=\"no\" class=\"wp-embedded-content\"><\/iframe><script type=\"text\/javascript\">\n\/* <![CDATA[ *\/\n\/*! This file is auto-generated *\/\n!function(d,l){\"use strict\";l.querySelector&&d.addEventListener&&\"undefined\"!=typeof URL&&(d.wp=d.wp||{},d.wp.receiveEmbedMessage||(d.wp.receiveEmbedMessage=function(e){var t=e.data;if((t||t.secret||t.message||t.value)&&!\/[^a-zA-Z0-9]\/.test(t.secret)){for(var s,r,n,a=l.querySelectorAll('iframe[data-secret=\"'+t.secret+'\"]'),o=l.querySelectorAll('blockquote[data-secret=\"'+t.secret+'\"]'),c=new RegExp(\"^https?:$\",\"i\"),i=0;i<o.length;i++)o[i].style.display=\"none\";for(i=0;i<a.length;i++)s=a[i],e.source===s.contentWindow&&(s.removeAttribute(\"style\"),\"height\"===t.message?(1e3<(r=parseInt(t.value,10))?r=1e3:~~r<200&&(r=200),s.height=r):\"link\"===t.message&&(r=new URL(s.getAttribute(\"src\")),n=new URL(t.value),c.test(n.protocol))&&n.host===r.host&&l.activeElement===s&&(d.top.location.href=t.value))}},d.addEventListener(\"message\",d.wp.receiveEmbedMessage,!1),l.addEventListener(\"DOMContentLoaded\",function(){for(var e,t,s=l.querySelectorAll(\"iframe.wp-embedded-content\"),r=0;r<s.length;r++)(t=(e=s[r]).getAttribute(\"data-secret\"))||(t=Math.random().toString(36).substring(2,12),e.src+=\"#?secret=\"+t,e.setAttribute(\"data-secret\",t)),e.contentWindow.postMessage({message:\"ready\",secret:t},\"*\")},!1)))}(window,document);\n\/\/# sourceURL=https:\/\/www.renouvelle.be\/wp-includes\/js\/wp-embed.min.js\n\/* ]]> *\/\n<\/script>\n","thumbnail_url":"https:\/\/www.renouvelle.be\/wp-content\/uploads\/2022\/06\/FRRHmMAXoAEMVs2-scaled.jpg","thumbnail_width":2560,"thumbnail_height":1920,"description":"Sous l\u2019impulsion europ\u00e9enne, la nouvelle ordonnance bruxelloise vient de voir le jour et permet \u00e0 tout client actif de rejoindre une communaut\u00e9 d\u2019\u00e9nergie et de participer \u00e0 un partage d\u2019\u00e9lectricit\u00e9. Une pratique r\u00e9volutionnaire qui est en pleine \u00e9volution et o\u00f9 plusieurs points doivent encore \u00eatre clarifi\u00e9s. N\u00e9anmoins, Renouvelle tente de vous r\u00e9sumer les grandes lignes du principe du partage et des communaut\u00e9s d\u2019\u00e9nergie en 5 questions."}