{"version":"1.0","provider_name":"Renouvelle","provider_url":"https:\/\/www.renouvelle.be\/fr\/","author_name":"Christophe Haveaux","author_url":"https:\/\/www.renouvelle.be\/fr\/author\/christophe-haveaux\/","title":"Avec GEOTHERMIA, la g\u00e9othermie wallonne refait surface - Renouvelle","type":"rich","width":600,"height":338,"html":"<blockquote class=\"wp-embedded-content\" data-secret=\"nYtO5YnxkK\"><a href=\"https:\/\/www.renouvelle.be\/fr\/avec-geothermia-la-geothermie-wallonne-refait-surface\/\">Avec GEOTHERMIA, la g\u00e9othermie wallonne refait surface<\/a><\/blockquote><iframe sandbox=\"allow-scripts\" security=\"restricted\" src=\"https:\/\/www.renouvelle.be\/fr\/avec-geothermia-la-geothermie-wallonne-refait-surface\/embed\/#?secret=nYtO5YnxkK\" width=\"600\" height=\"338\" title=\"\u00ab\u00a0Avec GEOTHERMIA, la g\u00e9othermie wallonne refait surface\u00a0\u00bb &#8212; Renouvelle\" data-secret=\"nYtO5YnxkK\" frameborder=\"0\" marginwidth=\"0\" marginheight=\"0\" scrolling=\"no\" class=\"wp-embedded-content\"><\/iframe><script type=\"text\/javascript\">\n\/* <![CDATA[ *\/\n\/*! This file is auto-generated *\/\n!function(d,l){\"use strict\";l.querySelector&&d.addEventListener&&\"undefined\"!=typeof URL&&(d.wp=d.wp||{},d.wp.receiveEmbedMessage||(d.wp.receiveEmbedMessage=function(e){var t=e.data;if((t||t.secret||t.message||t.value)&&!\/[^a-zA-Z0-9]\/.test(t.secret)){for(var s,r,n,a=l.querySelectorAll('iframe[data-secret=\"'+t.secret+'\"]'),o=l.querySelectorAll('blockquote[data-secret=\"'+t.secret+'\"]'),c=new RegExp(\"^https?:$\",\"i\"),i=0;i<o.length;i++)o[i].style.display=\"none\";for(i=0;i<a.length;i++)s=a[i],e.source===s.contentWindow&&(s.removeAttribute(\"style\"),\"height\"===t.message?(1e3<(r=parseInt(t.value,10))?r=1e3:~~r<200&&(r=200),s.height=r):\"link\"===t.message&&(r=new URL(s.getAttribute(\"src\")),n=new URL(t.value),c.test(n.protocol))&&n.host===r.host&&l.activeElement===s&&(d.top.location.href=t.value))}},d.addEventListener(\"message\",d.wp.receiveEmbedMessage,!1),l.addEventListener(\"DOMContentLoaded\",function(){for(var e,t,s=l.querySelectorAll(\"iframe.wp-embedded-content\"),r=0;r<s.length;r++)(t=(e=s[r]).getAttribute(\"data-secret\"))||(t=Math.random().toString(36).substring(2,12),e.src+=\"#?secret=\"+t,e.setAttribute(\"data-secret\",t)),e.contentWindow.postMessage({message:\"ready\",secret:t},\"*\")},!1)))}(window,document);\n\/\/# sourceURL=https:\/\/www.renouvelle.be\/wp-includes\/js\/wp-embed.min.js\n\/* ]]> *\/\n<\/script>\n","description":"L&rsquo;intercommunale IDEA a inaugur\u00e9 le 8 f\u00e9vrier dernier une centrale g\u00e9othermique de 7 MW \u00e0 Ghlin pr\u00e8s de Mons. Le puits, for\u00e9 en 1981 mais jamais exploit\u00e9, capte de l&rsquo;eau \u00e0 65\u00b0C \u00e0 un peu plus de 1.500&nbsp;m\u00e8tres de profondeur et permet d&rsquo;alimenter en chauffage et eau chaude sanitaire, via un r\u00e9seau de chaleur, les futures entreprises qui s\u2019installeront dans le zoning baptis\u00e9 GEOTHERMIA. Il s&rsquo;agit ainsi de la premi\u00e8re zone d&rsquo;activit\u00e9 \u00e9conomique aliment\u00e9e en g\u00e9othermie en Belgique. Pour l&rsquo;heure, outre les deux stations de d\u00e9mergement \u00e9galement g\u00e9r\u00e9es par IDEA, une premi\u00e8re entreprise a \u00e9t\u00e9 connect\u00e9e au r\u00e9seau : &nbsp;FACOZINC, qui construit un b\u00e2timent de 12.000 m\u00b2 pour y \u00e9tablir son p\u00f4le \u00ab\u00a0construction durable\u00a0\u00bb. A terme, le zoning de 40&nbsp;hectares devrait accueillir un nombre important d\u2019entreprises, chauff\u00e9es \u00e0 la g\u00e9othermie. IDEA dispose d\u2019une exp\u00e9rience de longue date en mati\u00e8re de g\u00e9othermie puisqu\u2019elle exploite depuis plus de 30 ans deux puits g\u00e9othermiques situ\u00e9s \u00e0 Saint-Ghislain et Douvrain qui alimentent, via des r\u00e9seaux de chaleur, deux h\u00f4pitaux, deux \u00e9coles, une gare, 355 logements sociaux, une piscine, un home, \u2026 et permettent ainsi d\u2019\u00e9viter chaque ann\u00e9e le rejet de 5.500 tonnes de CO2. O\u00f9 en est la g\u00e9othermie en Wallonie ? Avec cette inauguration, la g\u00e9othermie wallonne refait surface, apr\u00e8s une absence d\u2019\u00e9v\u00e8nements majeurs depuis quelques ann\u00e9es. L&rsquo;occasion de faire le point sur une fili\u00e8re qui entend trouver sa place dans la transition \u00e9nerg\u00e9tique en Wallonie. Petit rappel. En 2011, le Gouvernement wallon a adopt\u00e9 une strat\u00e9gie visant \u00e0 mieux conna\u00eetre son potentiel en g\u00e9othermie profonde pour une production de chaleur et d\u2019\u00e9lectricit\u00e9. Il a d\u00e8s lors initi\u00e9 des cadres incitatifs &#8211; financier, l\u00e9gislatif, scientifique et technique &#8211; et soutenu 2&nbsp;projets-pilotes : O\u00f9 en sont ces projets&nbsp;? Une campagne de reconnaissance g\u00e9ophysique commune &hellip; Continue reading \"\"","thumbnail_url":"https:\/\/www.renouvelle.be\/wp-content\/uploads\/2024\/11\/carte-geo.jpg","thumbnail_width":580,"thumbnail_height":400}