{"version":"1.0","provider_name":"Renouvelle","provider_url":"https:\/\/www.renouvelle.be\/fr\/","author_name":"Samuel Alves","author_url":"https:\/\/www.renouvelle.be\/fr\/author\/salves\/","title":"WindEurope - Conf\u00e9rence annuelle sur l'\u00e9olien - Renouvelle","type":"rich","width":600,"height":338,"html":"<blockquote class=\"wp-embedded-content\" data-secret=\"9tZ8O1HQvl\"><a href=\"https:\/\/www.renouvelle.be\/fr\/agenda\/windeurope-conference-annuelle-sur-leolien\/\">WindEurope &#8211; Conf\u00e9rence annuelle sur l&rsquo;\u00e9olien<\/a><\/blockquote><iframe sandbox=\"allow-scripts\" security=\"restricted\" src=\"https:\/\/www.renouvelle.be\/fr\/agenda\/windeurope-conference-annuelle-sur-leolien\/embed\/#?secret=9tZ8O1HQvl\" width=\"600\" height=\"338\" title=\"\u00ab\u00a0WindEurope &#8211; Conf\u00e9rence annuelle sur l&rsquo;\u00e9olien\u00a0\u00bb &#8212; Renouvelle\" data-secret=\"9tZ8O1HQvl\" frameborder=\"0\" marginwidth=\"0\" marginheight=\"0\" scrolling=\"no\" class=\"wp-embedded-content\"><\/iframe><script type=\"text\/javascript\">\n\/* <![CDATA[ *\/\n\/*! This file is auto-generated *\/\n!function(d,l){\"use strict\";l.querySelector&&d.addEventListener&&\"undefined\"!=typeof URL&&(d.wp=d.wp||{},d.wp.receiveEmbedMessage||(d.wp.receiveEmbedMessage=function(e){var t=e.data;if((t||t.secret||t.message||t.value)&&!\/[^a-zA-Z0-9]\/.test(t.secret)){for(var s,r,n,a=l.querySelectorAll('iframe[data-secret=\"'+t.secret+'\"]'),o=l.querySelectorAll('blockquote[data-secret=\"'+t.secret+'\"]'),c=new RegExp(\"^https?:$\",\"i\"),i=0;i<o.length;i++)o[i].style.display=\"none\";for(i=0;i<a.length;i++)s=a[i],e.source===s.contentWindow&&(s.removeAttribute(\"style\"),\"height\"===t.message?(1e3<(r=parseInt(t.value,10))?r=1e3:~~r<200&&(r=200),s.height=r):\"link\"===t.message&&(r=new URL(s.getAttribute(\"src\")),n=new URL(t.value),c.test(n.protocol))&&n.host===r.host&&l.activeElement===s&&(d.top.location.href=t.value))}},d.addEventListener(\"message\",d.wp.receiveEmbedMessage,!1),l.addEventListener(\"DOMContentLoaded\",function(){for(var e,t,s=l.querySelectorAll(\"iframe.wp-embedded-content\"),r=0;r<s.length;r++)(t=(e=s[r]).getAttribute(\"data-secret\"))||(t=Math.random().toString(36).substring(2,12),e.src+=\"#?secret=\"+t,e.setAttribute(\"data-secret\",t)),e.contentWindow.postMessage({message:\"ready\",secret:t},\"*\")},!1)))}(window,document);\n\/\/# sourceURL=https:\/\/www.renouvelle.be\/wp-includes\/js\/wp-embed.min.js\n\/* ]]> *\/\n<\/script>\n","description":"WindEurope organise son grand \u00e9v\u00e8nement annuel \u00e0 Madrid, un \u00e9v\u00e9nement plac\u00e9 sous le signe de l\u2019urgence \u00e9nerg\u00e9tique et de la r\u00e9silience. Au programme : des d\u00e9bats de haut niveau sur l\u2019avenir du syst\u00e8me \u00e9nerg\u00e9tique europ\u00e9en, la s\u00e9curit\u00e9 des infrastructures, l\u2019\u00e9lectrification, les r\u00e9seaux, l\u2019innovation et le r\u00f4le strat\u00e9gique de l\u2019\u00e9olien dans un contexte g\u00e9opolitique instable. Ministres, commissaires europ\u00e9ens, dirigeants d\u2019entreprises et experts se r\u00e9uniront pour d\u00e9finir les actions concr\u00e8tes n\u00e9cessaires afin de renforcer l\u2019autonomie \u00e9nerg\u00e9tique de l\u2019Europe gr\u00e2ce \u00e0 l&rsquo;\u00e9nergie \u00e9olienne. Rendez-vous du 21 au 23 avril \u00e0 Madrid ! Programme et inscription sur ce lien."}