{"version":"1.0","provider_name":"Renouvelle","provider_url":"https:\/\/www.renouvelle.be\/fr\/","author_name":"Samuel Alves","author_url":"https:\/\/www.renouvelle.be\/fr\/author\/salves\/","title":"WhatsUpp in... France, regarding energy communities? - Renouvelle","type":"rich","width":600,"height":338,"html":"<blockquote class=\"wp-embedded-content\" data-secret=\"Jd8hH0mJX4\"><a href=\"https:\/\/www.renouvelle.be\/fr\/agenda\/whatsupp-in-france-regarding-energy-communities\/\">WhatsUpp in&#8230; France, regarding energy communities?<\/a><\/blockquote><iframe sandbox=\"allow-scripts\" security=\"restricted\" src=\"https:\/\/www.renouvelle.be\/fr\/agenda\/whatsupp-in-france-regarding-energy-communities\/embed\/#?secret=Jd8hH0mJX4\" width=\"600\" height=\"338\" title=\"\u00ab\u00a0WhatsUpp in&#8230; France, regarding energy communities?\u00a0\u00bb &#8212; Renouvelle\" data-secret=\"Jd8hH0mJX4\" frameborder=\"0\" marginwidth=\"0\" marginheight=\"0\" scrolling=\"no\" class=\"wp-embedded-content\"><\/iframe><script type=\"text\/javascript\">\n\/* <![CDATA[ *\/\n\/*! This file is auto-generated *\/\n!function(d,l){\"use strict\";l.querySelector&&d.addEventListener&&\"undefined\"!=typeof URL&&(d.wp=d.wp||{},d.wp.receiveEmbedMessage||(d.wp.receiveEmbedMessage=function(e){var t=e.data;if((t||t.secret||t.message||t.value)&&!\/[^a-zA-Z0-9]\/.test(t.secret)){for(var s,r,n,a=l.querySelectorAll('iframe[data-secret=\"'+t.secret+'\"]'),o=l.querySelectorAll('blockquote[data-secret=\"'+t.secret+'\"]'),c=new RegExp(\"^https?:$\",\"i\"),i=0;i<o.length;i++)o[i].style.display=\"none\";for(i=0;i<a.length;i++)s=a[i],e.source===s.contentWindow&&(s.removeAttribute(\"style\"),\"height\"===t.message?(1e3<(r=parseInt(t.value,10))?r=1e3:~~r<200&&(r=200),s.height=r):\"link\"===t.message&&(r=new URL(s.getAttribute(\"src\")),n=new URL(t.value),c.test(n.protocol))&&n.host===r.host&&l.activeElement===s&&(d.top.location.href=t.value))}},d.addEventListener(\"message\",d.wp.receiveEmbedMessage,!1),l.addEventListener(\"DOMContentLoaded\",function(){for(var e,t,s=l.querySelectorAll(\"iframe.wp-embedded-content\"),r=0;r<s.length;r++)(t=(e=s[r]).getAttribute(\"data-secret\"))||(t=Math.random().toString(36).substring(2,12),e.src+=\"#?secret=\"+t,e.setAttribute(\"data-secret\",t)),e.contentWindow.postMessage({message:\"ready\",secret:t},\"*\")},!1)))}(window,document);\n\/\/# sourceURL=https:\/\/www.renouvelle.be\/wp-includes\/js\/wp-embed.min.js\n\/* ]]> *\/\n<\/script>\n","description":"Les communaut\u00e9s d&rsquo;\u00e9nergie citoyennes (CEC) et les communaut\u00e9s d&rsquo;\u00e9nergie renouvelables (CER) offrent aux r\u00e9sidents et aux entreprises une opportunit\u00e9 de contribuer \u00e0 la transition \u00e9nerg\u00e9tique. Leur introduction via les directives \u00ab\u00a0march\u00e9\u00a0\u00bb 2019\/944 et \u00ab\u00a0renouvelable\u00a0\u00bb 2018\/2001 a entra\u00een\u00e9 des adaptations vari\u00e9es selon les pays et les r\u00e9gions. En France, l&rsquo;ordonnance du 21 mars 2021 a concr\u00e9tis\u00e9 cette transition. Cependant, malgr\u00e9 les incitations gouvernementales en faveur d&rsquo;une gestion locale et citoyenne des \u00e9nergies renouvelables, la mise en \u0153uvre des CEC et des CER peine \u00e0 d\u00e9coller. Pour explorer le progr\u00e8s des initiatives de partage d&rsquo;\u00e9nergie en France, le Cluster TWEED vous invite \u00e0 un webinaire sur la l\u00e9gislation et la mise en place des communaut\u00e9s \u00e9nerg\u00e9tiques fran\u00e7aises. Le webinaire aura lieu le 14 mars de 11:00 \u00e0 12:30.Inscription et programme ici."}