{"version":"1.0","provider_name":"Renouvelle","provider_url":"https:\/\/www.renouvelle.be\/fr\/","author_name":"Samuel Alves","author_url":"https:\/\/www.renouvelle.be\/fr\/author\/salves\/","title":"Forum europ\u00e9en des communaut\u00e9s \u00e9nerg\u00e9tiques - Renouvelle","type":"rich","width":600,"height":338,"html":"<blockquote class=\"wp-embedded-content\" data-secret=\"ouHH4rOmt9\"><a href=\"https:\/\/www.renouvelle.be\/fr\/agenda\/forum-europeen-des-communautes-energetiques\/\">Forum europ\u00e9en des communaut\u00e9s \u00e9nerg\u00e9tiques<\/a><\/blockquote><iframe sandbox=\"allow-scripts\" security=\"restricted\" src=\"https:\/\/www.renouvelle.be\/fr\/agenda\/forum-europeen-des-communautes-energetiques\/embed\/#?secret=ouHH4rOmt9\" width=\"600\" height=\"338\" title=\"\u00ab\u00a0Forum europ\u00e9en des communaut\u00e9s \u00e9nerg\u00e9tiques\u00a0\u00bb &#8212; Renouvelle\" data-secret=\"ouHH4rOmt9\" frameborder=\"0\" marginwidth=\"0\" marginheight=\"0\" scrolling=\"no\" class=\"wp-embedded-content\"><\/iframe><script type=\"text\/javascript\">\n\/* <![CDATA[ *\/\n\/*! This file is auto-generated *\/\n!function(d,l){\"use strict\";l.querySelector&&d.addEventListener&&\"undefined\"!=typeof URL&&(d.wp=d.wp||{},d.wp.receiveEmbedMessage||(d.wp.receiveEmbedMessage=function(e){var t=e.data;if((t||t.secret||t.message||t.value)&&!\/[^a-zA-Z0-9]\/.test(t.secret)){for(var s,r,n,a=l.querySelectorAll('iframe[data-secret=\"'+t.secret+'\"]'),o=l.querySelectorAll('blockquote[data-secret=\"'+t.secret+'\"]'),c=new RegExp(\"^https?:$\",\"i\"),i=0;i<o.length;i++)o[i].style.display=\"none\";for(i=0;i<a.length;i++)s=a[i],e.source===s.contentWindow&&(s.removeAttribute(\"style\"),\"height\"===t.message?(1e3<(r=parseInt(t.value,10))?r=1e3:~~r<200&&(r=200),s.height=r):\"link\"===t.message&&(r=new URL(s.getAttribute(\"src\")),n=new URL(t.value),c.test(n.protocol))&&n.host===r.host&&l.activeElement===s&&(d.top.location.href=t.value))}},d.addEventListener(\"message\",d.wp.receiveEmbedMessage,!1),l.addEventListener(\"DOMContentLoaded\",function(){for(var e,t,s=l.querySelectorAll(\"iframe.wp-embedded-content\"),r=0;r<s.length;r++)(t=(e=s[r]).getAttribute(\"data-secret\"))||(t=Math.random().toString(36).substring(2,12),e.src+=\"#?secret=\"+t,e.setAttribute(\"data-secret\",t)),e.contentWindow.postMessage({message:\"ready\",secret:t},\"*\")},!1)))}(window,document);\n\/\/# sourceURL=https:\/\/www.renouvelle.be\/wp-includes\/js\/wp-embed.min.js\n\/* ]]> *\/\n<\/script>\n","description":"Organis\u00e9 par REScoop.eu, le European Energy Communities Forum se tiendra du 5 au 7 mai 2026 \u00e0 J\u016brmala, en Lettonie. Pendant trois jours, citoyens, experts et acteurs locaux se r\u00e9uniront pour \u00e9changer, se former et imaginer ensemble l\u2019avenir de l\u2019\u00e9nergie citoyenne en Europe. Ateliers, sessions strat\u00e9giques et rencontres permettront d\u2019explorer les d\u00e9fis et opportunit\u00e9s du mouvement des communaut\u00e9s \u00e9nerg\u00e9tiques, dans un esprit de collaboration et d\u2019innovation. Plus d&rsquo;infos et programme complet ici."}