{"version":"1.0","provider_name":"Renouvelle","provider_url":"https:\/\/www.renouvelle.be\/fr\/","author_name":"Energie Commune","author_url":"https:\/\/www.renouvelle.be\/fr\/author\/apere\/","title":"Formations-S\u00e9minaires B\u00e2timent durable - Renouvelle","type":"rich","width":600,"height":338,"html":"<blockquote class=\"wp-embedded-content\" data-secret=\"RY2MjuFXnm\"><a href=\"https:\/\/www.renouvelle.be\/fr\/agenda\/formations-seminaires-batiment-durable\/\">Formations-S\u00e9minaires B\u00e2timent durable<\/a><\/blockquote><iframe sandbox=\"allow-scripts\" security=\"restricted\" src=\"https:\/\/www.renouvelle.be\/fr\/agenda\/formations-seminaires-batiment-durable\/embed\/#?secret=RY2MjuFXnm\" width=\"600\" height=\"338\" title=\"\u00ab\u00a0Formations-S\u00e9minaires B\u00e2timent durable\u00a0\u00bb &#8212; Renouvelle\" data-secret=\"RY2MjuFXnm\" frameborder=\"0\" marginwidth=\"0\" marginheight=\"0\" scrolling=\"no\" class=\"wp-embedded-content\"><\/iframe><script type=\"text\/javascript\">\n\/* <![CDATA[ *\/\n\/*! This file is auto-generated *\/\n!function(d,l){\"use strict\";l.querySelector&&d.addEventListener&&\"undefined\"!=typeof URL&&(d.wp=d.wp||{},d.wp.receiveEmbedMessage||(d.wp.receiveEmbedMessage=function(e){var t=e.data;if((t||t.secret||t.message||t.value)&&!\/[^a-zA-Z0-9]\/.test(t.secret)){for(var s,r,n,a=l.querySelectorAll('iframe[data-secret=\"'+t.secret+'\"]'),o=l.querySelectorAll('blockquote[data-secret=\"'+t.secret+'\"]'),c=new RegExp(\"^https?:$\",\"i\"),i=0;i<o.length;i++)o[i].style.display=\"none\";for(i=0;i<a.length;i++)s=a[i],e.source===s.contentWindow&&(s.removeAttribute(\"style\"),\"height\"===t.message?(1e3<(r=parseInt(t.value,10))?r=1e3:~~r<200&&(r=200),s.height=r):\"link\"===t.message&&(r=new URL(s.getAttribute(\"src\")),n=new URL(t.value),c.test(n.protocol))&&n.host===r.host&&l.activeElement===s&&(d.top.location.href=t.value))}},d.addEventListener(\"message\",d.wp.receiveEmbedMessage,!1),l.addEventListener(\"DOMContentLoaded\",function(){for(var e,t,s=l.querySelectorAll(\"iframe.wp-embedded-content\"),r=0;r<s.length;r++)(t=(e=s[r]).getAttribute(\"data-secret\"))||(t=Math.random().toString(36).substring(2,12),e.src+=\"#?secret=\"+t,e.setAttribute(\"data-secret\",t)),e.contentWindow.postMessage({message:\"ready\",secret:t},\"*\")},!1)))}(window,document);\n\/\/# sourceURL=https:\/\/www.renouvelle.be\/wp-includes\/js\/wp-embed.min.js\n\/* ]]> *\/\n<\/script>\n","description":"Pr\u00e9parez-vous pour les march\u00e9s de demain ! Bruxelles Environnement lance son nouveau programme de \u201cFormations et S\u00e9minaires B\u00e2timent Durable\u201d pour le deuxi\u00e8me semestre 2021. Pour qui ?Les pros du b\u00e2timent \u0153uvrant \u00e0 Bruxelles : architecte, bureau d&rsquo;\u00e9tude, ing\u00e9nieur\u2219e, ma\u00eetre d&rsquo;ouvrage professionnel\u2219le, promoteur et promotrice, gestionnaire d&rsquo;immeubles, syndics, entrepreneur\u2219e, etc. B\u00e9n\u00e9ficiez de l\u2019expertise bruxelloise, reconnue internationalementNos s\u00e9minaires et formations sont donn\u00e9s par des sp\u00e9cialistes en construction et r\u00e9novation durables en R\u00e9gion bruxelloise. Participez \u00e0 des visites de terrainVisites s\u00e9lectionn\u00e9es sur mesure et guid\u00e9es par les gestionnaires du projet.D\u00e9couvrez les derni\u00e8res tendances et r\u00e9glementations Un rendez-vous id\u00e9al pour vous informer de l\u2019actualit\u00e9 r\u00e9glementaire et des possibilit\u00e9s techniques applicables \u00e0 vos projets."}