{"version":"1.0","provider_name":"Renouvelle","provider_url":"https:\/\/www.renouvelle.be\/fr\/","author_name":"Samuel Alves","author_url":"https:\/\/www.renouvelle.be\/fr\/author\/salves\/","title":"Formation - \u00c9nergies renouvelables (Bruxelles Environnement) - Renouvelle","type":"rich","width":600,"height":338,"html":"<blockquote class=\"wp-embedded-content\" data-secret=\"cCwKiiBL8O\"><a href=\"https:\/\/www.renouvelle.be\/fr\/agenda\/formation-energies-renouvelables-bruxelles-environnement\/\">Formation &#8211; \u00c9nergies renouvelables (Bruxelles Environnement)<\/a><\/blockquote><iframe sandbox=\"allow-scripts\" security=\"restricted\" src=\"https:\/\/www.renouvelle.be\/fr\/agenda\/formation-energies-renouvelables-bruxelles-environnement\/embed\/#?secret=cCwKiiBL8O\" width=\"600\" height=\"338\" title=\"\u00ab\u00a0Formation &#8211; \u00c9nergies renouvelables (Bruxelles Environnement)\u00a0\u00bb &#8212; Renouvelle\" data-secret=\"cCwKiiBL8O\" frameborder=\"0\" marginwidth=\"0\" marginheight=\"0\" scrolling=\"no\" class=\"wp-embedded-content\"><\/iframe><script type=\"text\/javascript\">\n\/* <![CDATA[ *\/\n\/*! This file is auto-generated *\/\n!function(d,l){\"use strict\";l.querySelector&&d.addEventListener&&\"undefined\"!=typeof URL&&(d.wp=d.wp||{},d.wp.receiveEmbedMessage||(d.wp.receiveEmbedMessage=function(e){var t=e.data;if((t||t.secret||t.message||t.value)&&!\/[^a-zA-Z0-9]\/.test(t.secret)){for(var s,r,n,a=l.querySelectorAll('iframe[data-secret=\"'+t.secret+'\"]'),o=l.querySelectorAll('blockquote[data-secret=\"'+t.secret+'\"]'),c=new RegExp(\"^https?:$\",\"i\"),i=0;i<o.length;i++)o[i].style.display=\"none\";for(i=0;i<a.length;i++)s=a[i],e.source===s.contentWindow&&(s.removeAttribute(\"style\"),\"height\"===t.message?(1e3<(r=parseInt(t.value,10))?r=1e3:~~r<200&&(r=200),s.height=r):\"link\"===t.message&&(r=new URL(s.getAttribute(\"src\")),n=new URL(t.value),c.test(n.protocol))&&n.host===r.host&&l.activeElement===s&&(d.top.location.href=t.value))}},d.addEventListener(\"message\",d.wp.receiveEmbedMessage,!1),l.addEventListener(\"DOMContentLoaded\",function(){for(var e,t,s=l.querySelectorAll(\"iframe.wp-embedded-content\"),r=0;r<s.length;r++)(t=(e=s[r]).getAttribute(\"data-secret\"))||(t=Math.random().toString(36).substring(2,12),e.src+=\"#?secret=\"+t,e.setAttribute(\"data-secret\",t)),e.contentWindow.postMessage({message:\"ready\",secret:t},\"*\")},!1)))}(window,document);\n\/\/# sourceURL=https:\/\/www.renouvelle.be\/wp-includes\/js\/wp-embed.min.js\n\/* ]]> *\/\n<\/script>\n","description":"Vous \u00eates un professionnel du b\u00e2timent ? Vous vous demandez comment int\u00e9grer les \u00e9nergies renouvelables et leurs technologies dans un contexte urbain ? Bruxelles Environnement vous propose de r\u00e9pondre \u00e0 cet enjeux lors de son cycle de formation sur la th\u00e9matique. Vous aurez l&rsquo;occasion d&rsquo;en apprendre plus sur les objectifs en termes d&rsquo;\u00e9nergies renouvelables en R\u00e9gion de Bruxelles-Capitale ainsi que sur les technologies utilisant des sources renouvelables. Un focus se portera sur le photovolta\u00efque, le solaire thermique, la pompe \u00e0 chaleur et la cog\u00e9n\u00e9ration. Dates (toute la journ\u00e9e et multilingue) :13\/02\/2520\/02\/25 Plus d&rsquo;informations et inscription (payante) sur ce lien."}